{"id":59116,"date":"2026-08-07T02:42:18","date_gmt":"2026-08-07T02:42:18","guid":{"rendered":"https:\/\/www.tracea.ch\/nos-activites\/"},"modified":"2026-08-10T02:21:22","modified_gmt":"2026-08-10T02:21:22","slug":"our-activities","status":"publish","type":"page","link":"https:\/\/www.tracea.ch\/en\/nos-activites\/","title":{"rendered":"Our activities"},"content":{"rendered":"<div class=\"ra-plp\">\t\t<header class=\"ra-plp-header\">\n\t\t\t<p class=\"ra-plp-slogan\">Sorties guid\u00e9es \u00e0 v\u00e9lo<\/p>\t\t\t<h1 class=\"ra-plp-h1\">Our activities<\/h1>\t\t\t<nav class=\"ra-plp-fil\" aria-label=\"Fil d&#039;Ariane\"><a href=\"https:\/\/www.tracea.ch\/en\/\">Home<\/a><span class=\"ra-plp-fil-sep\" aria-hidden=\"true\"> \u203a <\/span><span class=\"ra-plp-fil-actuel\">Our activities<\/span><\/nav>\t\t<\/header>\n\t\t\t\t\t<div class=\"ra-plp-intro\"><\/p>\n<p>Welcome to <strong>Tracea<\/strong>, your specialist in cycling trips in the <strong>Vaud Jura<\/strong>. Guided rides, riding lessons, children\u2019s camps and multi-day trips: we offer a comprehensive range of activities on mountain bikes, e-mountain bikes and gravel bikes, for all abilities and all ages.<\/p>\n<p>Each outing is supervised by our <strong>Swiss Cycling-accredited guides<\/strong>, who live in the area and tailor each route to your ability. From family-friendly introductory rides to challenging enduro rides, there\u2019s bound to be a Tracea adventure that\u2019s just right for you.<\/p>\n<p>Use the filters below to find the one that\u2019s right for you: <strong>level, duration, age, type of bike\u2026<\/strong><\/p>\n<p>\n<\/div>\n\t\t\t\t\t\t\t\t\t<div class=\"ra-quick-cats\">\n\t\t\t\t\t\t\t\t\t<button type=\"button\" class=\"ra-quick-cat\" data-cat=\"nordique\">Nordique<\/button>\n\t\t\t\t\t\t\t\t\t<button type=\"button\" class=\"ra-quick-cat\" data-cat=\"trail\">Trail<\/button>\n\t\t\t\t\t\t\t\t\t<button type=\"button\" class=\"ra-quick-cat\" data-cat=\"velo\" data-a-sous-themes=\"1\">Cycling<\/button>\n\t\t\t\t\t\t\t\t<button type=\"button\" class=\"ra-quick-cat ra-quick-cat--evenements\" data-evenement=\"1\">\u00c9v\u00e9nements<\/button>\n\t\t\t<\/div>\n\t\t\t\t\t\t\t<div class=\"ra-sous-themes\" data-parent=\"velo\" hidden>\n\t\t\t\t\t<span class=\"ra-sous-themes-lbl\">Affiner :<\/span>\n\t\t\t\t\t\t\t\t\t\t\t<button type=\"button\" class=\"ra-sous-theme\" data-cat=\"gravel\">Gravel<\/button>\n\t\t\t\t\t\t\t\t\t\t\t<button type=\"button\" class=\"ra-sous-theme\" data-cat=\"vtt\">Mountain biking<\/button>\n\t\t\t\t\t\t\t\t\t\t\t<button type=\"button\" class=\"ra-sous-theme\" data-cat=\"vtt-electrique\">Electric mountain bike<\/button>\n\t\t\t\t\t\t\t\t\t<\/div>\n\t\t\t\t\t\t<div class=\"ra-barre-filtres ra-facettes\">\n\t\t\t\t\t\t\t\t\t<div class=\"ra-facette ra-facette-dd\" data-facette=\"niveau\">\n\t\t\t\t\t\t<button type=\"button\" class=\"ra-facette-btn\"><span class=\"ra-facette-lbl\">Niveau<\/span><span class=\"ra-facette-nb\"><\/span><span class=\"dashicons dashicons-arrow-down-alt2\" aria-hidden=\"true\"><\/span><\/button>\n\t\t\t\t\t\t<div class=\"ra-facette-panel\">\n\t\t\t\t\t\t\t\t\t\t\t\t\t\t\t<label class=\"ra-facette-option\"><input type=\"checkbox\" value=\"vert\" \/> Vert <span class=\"ra-facette-compte\"><\/span><\/label>\n\t\t\t\t\t\t\t\t\t\t\t\t\t\t\t<label class=\"ra-facette-option\"><input type=\"checkbox\" value=\"bleu\" \/> Bleu <span class=\"ra-facette-compte\"><\/span><\/label>\n\t\t\t\t\t\t\t\t\t\t\t\t\t\t\t<label class=\"ra-facette-option\"><input type=\"checkbox\" value=\"rouge\" \/> Rouge <span class=\"ra-facette-compte\"><\/span><\/label>\n\t\t\t\t\t\t\t\t\t\t\t\t\t\t\t<label class=\"ra-facette-option\"><input type=\"checkbox\" value=\"noir\" \/> Noir <span class=\"ra-facette-compte\"><\/span><\/label>\n\t\t\t\t\t\t\t\t\t\t\t\t\t<\/div>\n\t\t\t\t\t<\/div>\n\t\t\t\t\n\t\t\t\t<div class=\"ra-facette ra-facette-dd\" data-facette=\"duree\">\n\t\t\t\t\t<button type=\"button\" class=\"ra-facette-btn\"><span class=\"ra-facette-lbl\">Duration<\/span><span class=\"ra-facette-nb\"><\/span><span class=\"dashicons dashicons-arrow-down-alt2\" aria-hidden=\"true\"><\/span><\/button>\n\t\t\t\t\t<div class=\"ra-facette-panel\">\n\t\t\t\t\t\t\t\t\t\t\t\t\t<label class=\"ra-facette-option\"><input type=\"checkbox\" value=\"courte\" \/> Moins de 3h <span class=\"ra-facette-compte\"><\/span><\/label>\n\t\t\t\t\t\t\t\t\t\t\t\t\t<label class=\"ra-facette-option\"><input type=\"checkbox\" value=\"demi\" \/> 3h \u00e0 5h <span class=\"ra-facette-compte\"><\/span><\/label>\n\t\t\t\t\t\t\t\t\t\t\t\t\t<label class=\"ra-facette-option\"><input type=\"checkbox\" value=\"longue\" \/> Plus de 5h <span class=\"ra-facette-compte\"><\/span><\/label>\n\t\t\t\t\t\t\t\t\t\t\t<\/div>\n\t\t\t\t<\/div>\n\n\t\t\t\t\t\t\t\t\t<div class=\"ra-facette ra-facette-dd\" data-facette=\"age-min\">\n\t\t\t\t\t\t<button type=\"button\" class=\"ra-facette-btn\"><span class=\"ra-facette-lbl\">\u00c2ge minimum<\/span><span class=\"ra-facette-nb\"><\/span><span class=\"dashicons dashicons-arrow-down-alt2\" aria-hidden=\"true\"><\/span><\/button>\n\t\t\t\t\t\t<div class=\"ra-facette-panel\">\n\t\t\t\t\t\t\t\t\t\t\t\t\t\t\t<label class=\"ra-facette-option\"><input type=\"checkbox\" value=\"5\" \/> D\u00e8s 5 ans <span class=\"ra-facette-compte\"><\/span><\/label>\n\t\t\t\t\t\t\t\t\t\t\t\t\t\t\t<label class=\"ra-facette-option\"><input type=\"checkbox\" value=\"7\" \/> D\u00e8s 7 ans <span class=\"ra-facette-compte\"><\/span><\/label>\n\t\t\t\t\t\t\t\t\t\t\t\t\t\t\t<label class=\"ra-facette-option\"><input type=\"checkbox\" value=\"10\" \/> D\u00e8s 10 ans <span class=\"ra-facette-compte\"><\/span><\/label>\n\t\t\t\t\t\t\t\t\t\t\t\t\t\t\t<label class=\"ra-facette-option\"><input type=\"checkbox\" value=\"11\" \/> D\u00e8s 11 ans <span class=\"ra-facette-compte\"><\/span><\/label>\n\t\t\t\t\t\t\t\t\t\t\t\t\t\t\t<label class=\"ra-facette-option\"><input type=\"checkbox\" value=\"12\" \/> D\u00e8s 12 ans <span class=\"ra-facette-compte\"><\/span><\/label>\n\t\t\t\t\t\t\t\t\t\t\t\t\t\t\t<label class=\"ra-facette-option\"><input type=\"checkbox\" value=\"14\" \/> D\u00e8s 14 ans <span class=\"ra-facette-compte\"><\/span><\/label>\n\t\t\t\t\t\t\t\t\t\t\t\t\t\t\t<label class=\"ra-facette-option\"><input type=\"checkbox\" value=\"16\" \/> D\u00e8s 16 ans <span class=\"ra-facette-compte\"><\/span><\/label>\n\t\t\t\t\t\t\t\t\t\t\t\t\t\t\t<label class=\"ra-facette-option\"><input type=\"checkbox\" value=\"18\" \/> D\u00e8s 18 ans <span class=\"ra-facette-compte\"><\/span><\/label>\n\t\t\t\t\t\t\t\t\t\t\t\t\t<\/div>\n\t\t\t\t\t<\/div>\n\t\t\t\t\n\t\t\t\t\t\t\t\t\t<div class=\"ra-facette ra-facette-dd\" data-facette=\"perso-saison\">\n\t\t\t\t\t\t<button type=\"button\" class=\"ra-facette-btn\"><span class=\"ra-facette-lbl\">Season<\/span><span class=\"ra-facette-nb\"><\/span><span class=\"dashicons dashicons-arrow-down-alt2\" aria-hidden=\"true\"><\/span><\/button>\n\t\t\t\t\t\t<div class=\"ra-facette-panel\">\n\t\t\t\t\t\t\t\t\t\t\t\t\t\t\t<label class=\"ra-facette-option\"><input type=\"checkbox\" value=\"automne\" \/> Autumn <span class=\"ra-facette-compte\"><\/span><\/label>\n\t\t\t\t\t\t\t\t\t\t\t\t\t\t\t<label class=\"ra-facette-option\"><input type=\"checkbox\" value=\"ete\" \/> Summer <span class=\"ra-facette-compte\"><\/span><\/label>\n\t\t\t\t\t\t\t\t\t\t\t\t\t\t\t<label class=\"ra-facette-option\"><input type=\"checkbox\" value=\"hiver\" \/> Winter <span class=\"ra-facette-compte\"><\/span><\/label>\n\t\t\t\t\t\t\t\t\t\t\t\t\t\t\t<label class=\"ra-facette-option\"><input type=\"checkbox\" value=\"printemps\" \/> Spring <span class=\"ra-facette-compte\"><\/span><\/label>\n\t\t\t\t\t\t\t\t\t\t\t\t\t<\/div>\n\t\t\t\t\t<\/div>\n\t\t\t\t\t\t\t\t\t<div class=\"ra-facette ra-facette-dd\" data-facette=\"perso-pays\">\n\t\t\t\t\t\t<button type=\"button\" class=\"ra-facette-btn\"><span class=\"ra-facette-lbl\">Country<\/span><span class=\"ra-facette-nb\"><\/span><span class=\"dashicons dashicons-arrow-down-alt2\" aria-hidden=\"true\"><\/span><\/button>\n\t\t\t\t\t\t<div class=\"ra-facette-panel\">\n\t\t\t\t\t\t\t\t\t\t\t\t\t\t\t<label class=\"ra-facette-option\"><input type=\"checkbox\" value=\"france\" \/> France <span class=\"ra-facette-compte\"><\/span><\/label>\n\t\t\t\t\t\t\t\t\t\t\t\t\t\t\t<label class=\"ra-facette-option\"><input type=\"checkbox\" value=\"suisse\" \/> Switzerland <span class=\"ra-facette-compte\"><\/span><\/label>\n\t\t\t\t\t\t\t\t\t\t\t\t\t<\/div>\n\t\t\t\t\t<\/div>\n\t\t\t\t\t\t\t\t\t<div class=\"ra-facette ra-facette-dd\" data-facette=\"perso-typedesortie\">\n\t\t\t\t\t\t<button type=\"button\" class=\"ra-facette-btn\"><span class=\"ra-facette-lbl\">Output type<\/span><span class=\"ra-facette-nb\"><\/span><span class=\"dashicons dashicons-arrow-down-alt2\" aria-hidden=\"true\"><\/span><\/button>\n\t\t\t\t\t\t<div class=\"ra-facette-panel\">\n\t\t\t\t\t\t\t\t\t\t\t\t\t\t\t<label class=\"ra-facette-option\"><input type=\"checkbox\" value=\"camp\" \/> Camp <span class=\"ra-facette-compte\"><\/span><\/label>\n\t\t\t\t\t\t\t\t\t\t\t\t\t\t\t<label class=\"ra-facette-option\"><input type=\"checkbox\" value=\"coaching\" \/> Coaching <span class=\"ra-facette-compte\"><\/span><\/label>\n\t\t\t\t\t\t\t\t\t\t\t\t\t\t\t<label class=\"ra-facette-option\"><input type=\"checkbox\" value=\"sejours\" \/> Holidays <span class=\"ra-facette-compte\"><\/span><\/label>\n\t\t\t\t\t\t\t\t\t\t\t\t\t\t\t<label class=\"ra-facette-option\"><input type=\"checkbox\" value=\"social-ride\" \/> Social Ride <span class=\"ra-facette-compte\"><\/span><\/label>\n\t\t\t\t\t\t\t\t\t\t\t\t\t\t\t<label class=\"ra-facette-option\"><input type=\"checkbox\" value=\"sortie-guidee\" \/> Guided tour <span class=\"ra-facette-compte\"><\/span><\/label>\n\t\t\t\t\t\t\t\t\t\t\t\t\t\t\t<label class=\"ra-facette-option\"><input type=\"checkbox\" value=\"trail\" \/> Trail <span class=\"ra-facette-compte\"><\/span><\/label>\n\t\t\t\t\t\t\t\t\t\t\t\t\t<\/div>\n\t\t\t\t\t<\/div>\n\t\t\t\t\t\t\t<\/div>\n\t\t\n\t\t\t\t<div class=\"ra-liste-activites\" >\n\t\t\t\t\t\t\t\t\t\t\t<div class=\"ra-carte-activite\"\n\t\t\t\t\tdata-qv-type=\"activite\"\n\t\t\t\t\tdata-qv-id=\"60156\"\n\t\t\t\t\tdata-categorie=\"velo vtt-electrique\"\n\t\t\t\t\tdata-niveau=\"\"\n\t\t\t\t\tdata-age-min=\"\"\n\t\t\t\t\tdata-duree=\"\"\n\t\t\t\t\t\t\t\t\t\t\t\t\t\t\t\tdata-perso-saison=\"\"\n\t\t\t\t\t\t\t\t\t\t\tdata-perso-pays=\"\"\n\t\t\t\t\t\t\t\t\t\t\tdata-perso-typedesortie=\"\"\n\t\t\t\t\t\t\t\t\t>\n\t\t\t\t\t\t\t\t\t\t\t\t\t\t\t\t\t\t\t\t<h3><a href=\"https:\/\/www.tracea.ch\/en\/activites\/vtt-electrique-sur-neige\/\">VTT \u00e9lectrique sur neige<\/a><\/h3>\n\t\t\t\t\t\t\t\t\t\t\t\t\t\t\t<p>Rouler en VTT l\u00e0 o\u00f9 l&#039;on marche habituellement en raquettes&nbsp;: c&#039;est l&#039;exp\u00e9rience que propose cette sortie hivernale au d\u00e9part de Saint-Cergue. Des VTT \u00e9lectriques \u00e9quip\u00e9s&hellip;<\/p>\n\t\t\t\t\t\t\t\t\t\t\t\t\t\t\t\t\t\t\t\t\t<p class=\"ra-prix ra-prix--gratuit\">Gratuit<\/p>\n\t\t\t\t\t\t\t\t\t\t<a class=\"ra-bouton\" href=\"https:\/\/www.tracea.ch\/en\/activites\/vtt-electrique-sur-neige\/\"><span class=\"dashicons dashicons-calendar-alt\" aria-hidden=\"true\"><\/span>R\u00e9server<\/a>\n\t\t\t\t<\/div>\n\t\t\t\t\t\t\t\t\t\t\t<div class=\"ra-carte-activite\"\n\t\t\t\t\tdata-qv-type=\"activite\"\n\t\t\t\t\tdata-qv-id=\"60154\"\n\t\t\t\t\tdata-categorie=\"nordique\"\n\t\t\t\t\tdata-niveau=\"\"\n\t\t\t\t\tdata-age-min=\"\"\n\t\t\t\t\tdata-duree=\"\"\n\t\t\t\t\t\t\t\t\t\t\t\t\t\t\t\tdata-perso-saison=\"\"\n\t\t\t\t\t\t\t\t\t\t\tdata-perso-pays=\"\"\n\t\t\t\t\t\t\t\t\t\t\tdata-perso-typedesortie=\"\"\n\t\t\t\t\t\t\t\t\t>\n\t\t\t\t\t\t\t\t\t\t\t\t\t\t\t\t\t\t\t\t<h3><a href=\"https:\/\/www.tracea.ch\/en\/activites\/stage-ski-de-fond-enfants\/\">Stage de ski de fond pour enfants<\/a><\/h3>\n\t\t\t\t\t\t\t\t\t\t\t\t\t\t\t<p>Un stage pour faire d\u00e9couvrir le ski de fond aux 7 \u00e0 12 ans, sur les pistes de Saint-Cergue et de la Givrine, dans une&hellip;<\/p>\n\t\t\t\t\t\t\t\t\t\t\t\t\t\t\t\t\t\t\t\t\t<p class=\"ra-prix ra-prix--gratuit\">Gratuit<\/p>\n\t\t\t\t\t\t\t\t\t\t<a class=\"ra-bouton\" href=\"https:\/\/www.tracea.ch\/en\/activites\/stage-ski-de-fond-enfants\/\"><span class=\"dashicons dashicons-calendar-alt\" aria-hidden=\"true\"><\/span>R\u00e9server<\/a>\n\t\t\t\t<\/div>\n\t\t\t\t\t\t\t\t\t\t\t<div class=\"ra-carte-activite\"\n\t\t\t\t\tdata-qv-type=\"activite\"\n\t\t\t\t\tdata-qv-id=\"60153\"\n\t\t\t\t\tdata-categorie=\"velo vtt vtt-electrique\"\n\t\t\t\t\tdata-niveau=\"\"\n\t\t\t\t\tdata-age-min=\"\"\n\t\t\t\t\tdata-duree=\"\"\n\t\t\t\t\t\t\t\t\t\t\t\t\t\t\t\tdata-perso-saison=\"\"\n\t\t\t\t\t\t\t\t\t\t\tdata-perso-pays=\"\"\n\t\t\t\t\t\t\t\t\t\t\tdata-perso-typedesortie=\"\"\n\t\t\t\t\t\t\t\t\t>\n\t\t\t\t\t\t\t\t\t\t\t\t\t\t\t\t\t\t\t\t<h3><a href=\"https:\/\/www.tracea.ch\/en\/activites\/perfectionnement-vtt-electrique\/\">Perfectionnement VTT \u00e9lectrique<\/a><\/h3>\n\t\t\t\t\t\t\t\t\t\t\t\t\t\t\t<p>Le VTT \u00e9lectrique ne dispense pas de savoir piloter \u2014 il demande m\u00eame quelques r\u00e9flexes qui lui sont propres. Plus lourd, plus rapide en mont\u00e9e,&hellip;<\/p>\n\t\t\t\t\t\t\t\t\t\t\t\t\t\t\t\t\t\t\t\t\t<p class=\"ra-prix ra-prix--gratuit\">Gratuit<\/p>\n\t\t\t\t\t\t\t\t\t\t<a class=\"ra-bouton\" href=\"https:\/\/www.tracea.ch\/en\/activites\/perfectionnement-vtt-electrique\/\"><span class=\"dashicons dashicons-calendar-alt\" aria-hidden=\"true\"><\/span>R\u00e9server<\/a>\n\t\t\t\t<\/div>\n\t\t\t\t\t\t\t\t\t\t\t<div class=\"ra-carte-activite\"\n\t\t\t\t\tdata-qv-type=\"activite\"\n\t\t\t\t\tdata-qv-id=\"60152\"\n\t\t\t\t\tdata-categorie=\"nordique\"\n\t\t\t\t\tdata-niveau=\"\"\n\t\t\t\t\tdata-age-min=\"\"\n\t\t\t\t\tdata-duree=\"\"\n\t\t\t\t\t\t\t\t\t\t\t\t\t\t\t\tdata-perso-saison=\"\"\n\t\t\t\t\t\t\t\t\t\t\tdata-perso-pays=\"\"\n\t\t\t\t\t\t\t\t\t\t\tdata-perso-typedesortie=\"\"\n\t\t\t\t\t\t\t\t\t>\n\t\t\t\t\t\t\t\t\t\t\t\t\t\t\t\t\t\t\t\t<h3><a href=\"https:\/\/www.tracea.ch\/en\/activites\/cours-ski-de-fond\/\">Cours de ski de fond<\/a><\/h3>\n\t\t\t\t\t\t\t\t\t\t\t\t\t\t\t<p>Le plateau de Saint-Cergue et les pistes de la Givrine forment l&#039;un des plus beaux domaines nordiques du Jura vaudois. Nos cours de ski de&hellip;<\/p>\n\t\t\t\t\t\t\t\t\t\t\t\t\t\t\t\t\t\t\t\t\t<p class=\"ra-prix ra-prix--gratuit\">Gratuit<\/p>\n\t\t\t\t\t\t\t\t\t\t<a class=\"ra-bouton\" href=\"https:\/\/www.tracea.ch\/en\/activites\/cours-ski-de-fond\/\"><span class=\"dashicons dashicons-calendar-alt\" aria-hidden=\"true\"><\/span>R\u00e9server<\/a>\n\t\t\t\t<\/div>\n\t\t\t\t\t\t\t\t\t\t\t<div class=\"ra-carte-activite\"\n\t\t\t\t\tdata-qv-type=\"activite\"\n\t\t\t\t\tdata-qv-id=\"60150\"\n\t\t\t\t\tdata-categorie=\"velo vtt\"\n\t\t\t\t\tdata-niveau=\"\"\n\t\t\t\t\tdata-age-min=\"\"\n\t\t\t\t\tdata-duree=\"\"\n\t\t\t\t\t\t\t\t\t\t\t\t\t\t\t\tdata-perso-saison=\"\"\n\t\t\t\t\t\t\t\t\t\t\tdata-perso-pays=\"\"\n\t\t\t\t\t\t\t\t\t\t\tdata-perso-typedesortie=\"\"\n\t\t\t\t\t\t\t\t\t>\n\t\t\t\t\t\t\t\t\t\t\t\t\t\t\t\t\t\t\t\t<h3><a href=\"https:\/\/www.tracea.ch\/en\/activites\/camps-vtt\/\">Camps VTT<\/a><\/h3>\n\t\t\t\t\t\t\t\t\t\t\t\t\t\t\t<p>Un camp VTT, ce n&#039;est pas une succession de sorties. C&#039;est le temps qu&#039;il faut pour qu&#039;une technique s&#039;installe&nbsp;: on travaille un geste le matin,&hellip;<\/p>\n\t\t\t\t\t\t\t\t\t\t\t\t\t\t\t\t\t\t\t\t\t<p class=\"ra-prix ra-prix--gratuit\">Gratuit<\/p>\n\t\t\t\t\t\t\t\t\t\t<a class=\"ra-bouton\" href=\"https:\/\/www.tracea.ch\/en\/activites\/camps-vtt\/\"><span class=\"dashicons dashicons-calendar-alt\" aria-hidden=\"true\"><\/span>R\u00e9server<\/a>\n\t\t\t\t<\/div>\n\t\t\t\t\t\t\t\t\t\t\t<div class=\"ra-carte-activite\"\n\t\t\t\t\tdata-qv-type=\"activite\"\n\t\t\t\t\tdata-qv-id=\"60151\"\n\t\t\t\t\tdata-categorie=\"velo vtt\"\n\t\t\t\t\tdata-niveau=\"\"\n\t\t\t\t\tdata-age-min=\"\"\n\t\t\t\t\tdata-duree=\"\"\n\t\t\t\t\t\t\t\t\t\t\t\t\t\t\t\tdata-perso-saison=\"\"\n\t\t\t\t\t\t\t\t\t\t\tdata-perso-pays=\"\"\n\t\t\t\t\t\t\t\t\t\t\tdata-perso-typedesortie=\"\"\n\t\t\t\t\t\t\t\t\t>\n\t\t\t\t\t\t\t\t\t\t\t\t\t\t\t\t\t\t\t\t<h3><a href=\"https:\/\/www.tracea.ch\/en\/activites\/camps-vtt-enfants\/\">Camps VTT pour enfants<\/a><\/h3>\n\t\t\t\t\t\t\t\t\t\t\t\t\t\t\t<p>Nos camps VTT pour enfants font d\u00e9couvrir le v\u00e9lo de montagne aux 7 \u00e0 15 ans, dans le Jura vaudois, avec un encadrement adapt\u00e9 \u00e0&hellip;<\/p>\n\t\t\t\t\t\t\t\t\t\t\t\t\t\t\t\t\t\t\t\t\t<p class=\"ra-prix ra-prix--gratuit\">Gratuit<\/p>\n\t\t\t\t\t\t\t\t\t\t<a class=\"ra-bouton\" href=\"https:\/\/www.tracea.ch\/en\/activites\/camps-vtt-enfants\/\"><span class=\"dashicons dashicons-calendar-alt\" aria-hidden=\"true\"><\/span>R\u00e9server<\/a>\n\t\t\t\t<\/div>\n\t\t\t\t\t\t\t\t\t\t\t<div class=\"ra-carte-activite\"\n\t\t\t\t\tdata-qv-type=\"activite\"\n\t\t\t\t\tdata-qv-id=\"60073\"\n\t\t\t\t\tdata-categorie=\"gravel velo\"\n\t\t\t\t\tdata-niveau=\"bleu rouge\"\n\t\t\t\t\tdata-age-min=\"16\"\n\t\t\t\t\tdata-duree=\"courte\"\n\t\t\t\t\tdata-evenement=\"1\" data-event-date=\"2026-09-18\"\t\t\t\t\t\t\t\t\t\t\tdata-perso-saison=\"automne ete printemps\"\n\t\t\t\t\t\t\t\t\t\t\tdata-perso-pays=\"france\"\n\t\t\t\t\t\t\t\t\t\t\tdata-perso-typedesortie=\"social-ride\"\n\t\t\t\t\t\t\t\t\t>\n\t\t\t\t\t\t\t\t\t\t\t<a href=\"https:\/\/www.tracea.ch\/en\/activites\/social-ride-gravel\/\"><img fetchpriority=\"high\" decoding=\"async\" width=\"800\" height=\"534\" src=\"https:\/\/www.tracea.ch\/wp-content\/uploads\/2026\/08\/DSC02412-1024x683.jpg\" class=\"attachment-large size-large wp-post-image\" alt=\"\" sizes=\"(max-width: 420px) 92vw, (max-width: 820px) 46vw, (max-width: 1100px) 31vw, 300px\" srcset=\"https:\/\/www.tracea.ch\/wp-content\/uploads\/2026\/08\/DSC02412-1024x683.jpg 1024w, https:\/\/www.tracea.ch\/wp-content\/uploads\/2026\/08\/DSC02412-300x200.jpg 300w, https:\/\/www.tracea.ch\/wp-content\/uploads\/2026\/08\/DSC02412-768x512.jpg 768w, https:\/\/www.tracea.ch\/wp-content\/uploads\/2026\/08\/DSC02412-1536x1024.jpg 1536w, https:\/\/www.tracea.ch\/wp-content\/uploads\/2026\/08\/DSC02412-2048x1365.jpg 2048w, https:\/\/www.tracea.ch\/wp-content\/uploads\/2026\/08\/DSC02412-18x12.jpg 18w, https:\/\/www.tracea.ch\/wp-content\/uploads\/2026\/08\/DSC02412-600x400.jpg 600w\" \/><\/a>\n\t\t\t\t\t\t\t\t\t\t\t\t\t\t\t\t\t\t\t\t\t<div class=\"ra-carte-niveaux\">\n\t\t\t\t\t\t\t\t\t\t\t\t\t\t\t<span class=\"ra-badge-niveau ra-badge-multi\" style=\"background-color: #f7c948;\">\u00c0 plusieurs niveaux<\/span>\n\t\t\t\t\t\t\t\t\t\t\t\t\t<\/div>\n\t\t\t\t\t\t\t\t\t\t<h3><a href=\"https:\/\/www.tracea.ch\/en\/activites\/social-ride-gravel\/\">Social Ride \u2013 Gravel<\/a><\/h3>\n\t\t\t\t\t\t\t\t\t\t\t\t\t\t\t\t<p class=\"ra-slogan\">Just gravel, fun and mates!<\/p>\n\t\t\t\t\t\t\t\t\t\t<p>To kick off the gravel season, Tracea is organising its very first Gravel Social Ride! Gravel Social Ride \u2013 Saint-Cergue Whether you\u2019re a beginner or\u2026<\/p>\n\t\t\t\t\t\t\t\t\t\t\t<p class=\"ra-age-minimum\">D\u00e8s 16 ans<\/p>\n\t\t\t\t\t\t\t\t\t\t\t\t\t\t\t\t\t\t\t\t\t<p class=\"ra-prix ra-prix--gratuit\">Gratuit<\/p>\n\t\t\t\t\t\t\t\t\t\t<a class=\"ra-bouton\" href=\"https:\/\/www.tracea.ch\/en\/activites\/social-ride-gravel\/\"><span class=\"dashicons dashicons-calendar-alt\" aria-hidden=\"true\"><\/span>R\u00e9server<\/a>\n\t\t\t\t<\/div>\n\t\t\t\t\t\t\t\t\t\t\t<div class=\"ra-carte-activite\"\n\t\t\t\t\tdata-qv-type=\"activite\"\n\t\t\t\t\tdata-qv-id=\"59989\"\n\t\t\t\t\tdata-categorie=\"trail\"\n\t\t\t\t\tdata-niveau=\"vert bleu rouge\"\n\t\t\t\t\tdata-age-min=\"18\"\n\t\t\t\t\tdata-duree=\"courte\"\n\t\t\t\t\tdata-evenement=\"1\" data-event-date=\"2026-09-10\"\t\t\t\t\t\t\t\t\t\t\tdata-perso-saison=\"automne\"\n\t\t\t\t\t\t\t\t\t\t\tdata-perso-pays=\"suisse\"\n\t\t\t\t\t\t\t\t\t\t\tdata-perso-typedesortie=\"trail\"\n\t\t\t\t\t\t\t\t\t>\n\t\t\t\t\t\t\t\t\t\t\t<a href=\"https:\/\/www.tracea.ch\/en\/activites\/stage-trail-preparation-racetafari\/\"><img decoding=\"async\" width=\"699\" height=\"504\" src=\"https:\/\/www.tracea.ch\/wp-content\/uploads\/2026\/08\/Lorick-LG-Trail.jpg\" class=\"attachment-large size-large wp-post-image\" alt=\"\" sizes=\"(max-width: 420px) 92vw, (max-width: 820px) 46vw, (max-width: 1100px) 31vw, 300px\" srcset=\"https:\/\/www.tracea.ch\/wp-content\/uploads\/2026\/08\/Lorick-LG-Trail.jpg 699w, https:\/\/www.tracea.ch\/wp-content\/uploads\/2026\/08\/Lorick-LG-Trail-300x216.jpg 300w, https:\/\/www.tracea.ch\/wp-content\/uploads\/2026\/08\/Lorick-LG-Trail-18x12.jpg 18w, https:\/\/www.tracea.ch\/wp-content\/uploads\/2026\/08\/Lorick-LG-Trail-600x433.jpg 600w\" \/><\/a>\n\t\t\t\t\t\t\t\t\t\t\t\t\t\t\t\t\t\t\t\t\t<div class=\"ra-carte-niveaux\">\n\t\t\t\t\t\t\t\t\t\t\t\t\t\t\t<span class=\"ra-badge-niveau ra-badge-multi\" style=\"background-color: #f7c948;\">\u00c0 plusieurs niveaux<\/span>\n\t\t\t\t\t\t\t\t\t\t\t\t\t<\/div>\n\t\t\t\t\t\t\t\t\t\t<h3><a href=\"https:\/\/www.tracea.ch\/en\/activites\/stage-trail-preparation-racetafari\/\">Trail running course \u2013 Racetafari preparation<\/a><\/h3>\n\t\t\t\t\t\t\t\t\t\t\t\t\t\t\t\t<p class=\"ra-slogan\">Your preparation for the RACETAFARI<\/p>\n\t\t\t\t\t\t\t\t\t\t<p>Immerse yourself in engaging \u00abafter-work\u00bb trail running sessions in the heart of the Swiss Jura, led by Lorick Buclin, a young trail runner and medallist in short-distance trail running. Over the course of three free sessions\u2026<\/p>\n\t\t\t\t\t\t\t\t\t\t\t<p class=\"ra-age-minimum\">D\u00e8s 18 ans<\/p>\n\t\t\t\t\t\t\t\t\t\t\t\t\t\t\t\t\t\t\t\t\t<p class=\"ra-prix ra-prix--gratuit\">Gratuit<\/p>\n\t\t\t\t\t\t\t\t\t\t<a class=\"ra-bouton\" href=\"https:\/\/www.tracea.ch\/en\/activites\/stage-trail-preparation-racetafari\/\"><span class=\"dashicons dashicons-calendar-alt\" aria-hidden=\"true\"><\/span>R\u00e9server<\/a>\n\t\t\t\t<\/div>\n\t\t\t\t\t\t\t\t\t\t\t<div class=\"ra-carte-activite\"\n\t\t\t\t\tdata-qv-type=\"activite\"\n\t\t\t\t\tdata-qv-id=\"1012\"\n\t\t\t\t\tdata-categorie=\"velo\"\n\t\t\t\t\tdata-niveau=\"vert bleu rouge\"\n\t\t\t\t\tdata-age-min=\"11\"\n\t\t\t\t\tdata-duree=\"\"\n\t\t\t\t\t\t\t\t\t\t\t\t\t\t\t\tdata-perso-saison=\"\"\n\t\t\t\t\t\t\t\t\t\t\tdata-perso-pays=\"\"\n\t\t\t\t\t\t\t\t\t\t\tdata-perso-typedesortie=\"\"\n\t\t\t\t\t\t\t\t\t>\n\t\t\t\t\t\t\t\t\t\t\t<a href=\"https:\/\/www.tracea.ch\/en\/activites\/camp-vtt-juillet-2027-11-a-15-ans-saint-cergue\/\"><img decoding=\"async\" width=\"800\" height=\"420\" src=\"https:\/\/www.tracea.ch\/wp-content\/uploads\/2026\/08\/1-1-1-1024x537.jpg\" class=\"attachment-large size-large wp-post-image\" alt=\"Mountain Bike Camp, July 2026 \u2013 Ages 11 to 15 \u2013 Saint-Cergue\" sizes=\"(max-width: 420px) 92vw, (max-width: 820px) 46vw, (max-width: 1100px) 31vw, 300px\" srcset=\"https:\/\/www.tracea.ch\/wp-content\/uploads\/2026\/08\/1-1-1-1024x537.jpg 1024w, https:\/\/www.tracea.ch\/wp-content\/uploads\/2026\/08\/1-1-1-300x157.jpg 300w, https:\/\/www.tracea.ch\/wp-content\/uploads\/2026\/08\/1-1-1-768x402.jpg 768w, https:\/\/www.tracea.ch\/wp-content\/uploads\/2026\/08\/1-1-1-600x314.jpg 600w, https:\/\/www.tracea.ch\/wp-content\/uploads\/2026\/08\/1-1-1-760x398.jpg 760w, https:\/\/www.tracea.ch\/wp-content\/uploads\/2026\/08\/1-1-1-370x194.jpg 370w, https:\/\/www.tracea.ch\/wp-content\/uploads\/2026\/08\/1-1-1.jpg 1080w\" \/><\/a>\n\t\t\t\t\t\t\t\t\t\t\t\t\t\t\t\t\t\t\t\t\t<div class=\"ra-carte-niveaux\">\n\t\t\t\t\t\t\t\t\t\t\t\t\t\t\t<span class=\"ra-badge-niveau ra-badge-multi\" style=\"background-color: #f7c948;\">\u00c0 plusieurs niveaux<\/span>\n\t\t\t\t\t\t\t\t\t\t\t\t\t<\/div>\n\t\t\t\t\t\t\t\t\t\t<h3><a href=\"https:\/\/www.tracea.ch\/en\/activites\/camp-vtt-juillet-2027-11-a-15-ans-saint-cergue\/\">Mountain Bike Camp, July 2027 \u2013 Ages 11 to 15 \u2013 Saint-Cergue<\/a><\/h3>\n\t\t\t\t\t\t\t\t\t\t\t\t\t\t\t\t<p class=\"ra-slogan\">5-day mountain biking camps in the heart of the Vaud Jura<\/p>\n\t\t\t\t\t\t\t\t\t\t<p>A week of mountain biking for 11- to 15-year-olds in Saint-Cergue, in the heart of the Vaud Jura. Five days to improve your skills, have fun and ride\u2026<\/p>\n\t\t\t\t\t\t\t\t\t\t\t<p class=\"ra-age-minimum\">D\u00e8s 11 ans<\/p>\n\t\t\t\t\t\t\t\t\t\t\t\t\t\t\t\t\t\t\t\t\t<p class=\"ra-prix\">450.00 CHF \/ personne<\/p>\n\t\t\t\t\t\t\t\t\t\t<a class=\"ra-bouton\" href=\"https:\/\/www.tracea.ch\/en\/activites\/camp-vtt-juillet-2027-11-a-15-ans-saint-cergue\/\"><span class=\"dashicons dashicons-calendar-alt\" aria-hidden=\"true\"><\/span>R\u00e9server<\/a>\n\t\t\t\t<\/div>\n\t\t\t\t\t\t\t\t\t\t\t<div class=\"ra-carte-activite\"\n\t\t\t\t\tdata-qv-type=\"activite\"\n\t\t\t\t\tdata-qv-id=\"1011\"\n\t\t\t\t\tdata-categorie=\"velo\"\n\t\t\t\t\tdata-niveau=\"vert bleu rouge\"\n\t\t\t\t\tdata-age-min=\"7\"\n\t\t\t\t\tdata-duree=\"\"\n\t\t\t\t\t\t\t\t\t\t\t\t\t\t\t\tdata-perso-saison=\"ete\"\n\t\t\t\t\t\t\t\t\t\t\tdata-perso-pays=\"\"\n\t\t\t\t\t\t\t\t\t\t\tdata-perso-typedesortie=\"\"\n\t\t\t\t\t\t\t\t\t>\n\t\t\t\t\t\t\t\t\t\t\t<a href=\"https:\/\/www.tracea.ch\/en\/activites\/camps-vtt-juillet-2027-7-a-10-ans\/\"><img loading=\"lazy\" decoding=\"async\" width=\"800\" height=\"451\" src=\"https:\/\/www.tracea.ch\/wp-content\/uploads\/2026\/08\/Camp-VTT-enfants-18-1-1024x577.jpg\" class=\"attachment-large size-large wp-post-image\" alt=\"Mountain Bike Camps, July 2026 \u2013 Ages 7 to 10\" sizes=\"(max-width: 420px) 92vw, (max-width: 820px) 46vw, (max-width: 1100px) 31vw, 300px\" srcset=\"https:\/\/www.tracea.ch\/wp-content\/uploads\/2026\/08\/Camp-VTT-enfants-18-1-1024x577.jpg 1024w, https:\/\/www.tracea.ch\/wp-content\/uploads\/2026\/08\/Camp-VTT-enfants-18-1-300x169.jpg 300w, https:\/\/www.tracea.ch\/wp-content\/uploads\/2026\/08\/Camp-VTT-enfants-18-1-768x432.jpg 768w, https:\/\/www.tracea.ch\/wp-content\/uploads\/2026\/08\/Camp-VTT-enfants-18-1-1536x865.jpg 1536w, https:\/\/www.tracea.ch\/wp-content\/uploads\/2026\/08\/Camp-VTT-enfants-18-1-600x338.jpg 600w, https:\/\/www.tracea.ch\/wp-content\/uploads\/2026\/08\/Camp-VTT-enfants-18-1-1170x658.jpg 1170w, https:\/\/www.tracea.ch\/wp-content\/uploads\/2026\/08\/Camp-VTT-enfants-18-1-760x428.jpg 760w, https:\/\/www.tracea.ch\/wp-content\/uploads\/2026\/08\/Camp-VTT-enfants-18-1-370x208.jpg 370w, https:\/\/www.tracea.ch\/wp-content\/uploads\/2026\/08\/Camp-VTT-enfants-18-1-270x152.jpg 270w, https:\/\/www.tracea.ch\/wp-content\/uploads\/2026\/08\/Camp-VTT-enfants-18-1.jpg 1920w\" \/><\/a>\n\t\t\t\t\t\t\t\t\t\t\t\t\t\t\t\t\t\t\t\t\t<div class=\"ra-carte-niveaux\">\n\t\t\t\t\t\t\t\t\t\t\t\t\t\t\t<span class=\"ra-badge-niveau ra-badge-multi\" style=\"background-color: #f7c948;\">\u00c0 plusieurs niveaux<\/span>\n\t\t\t\t\t\t\t\t\t\t\t\t\t<\/div>\n\t\t\t\t\t\t\t\t\t\t<h3><a href=\"https:\/\/www.tracea.ch\/en\/activites\/camps-vtt-juillet-2027-7-a-10-ans\/\">Mountain Bike Camps, July 2027 \u2013 Ages 7 to 10<\/a><\/h3>\n\t\t\t\t\t\t\t\t\t\t\t\t\t\t\t\t<p class=\"ra-slogan\">5-day mountain biking camps in the heart of the Vaud Jura<\/p>\n\t\t\t\t\t\t\t\t\t\t<p>Five days of mountain biking adventure for 7- to 10-year-olds, in the heart of the Vaud Jura! Over the course of a week, the children develop their cycling skills\u2026<\/p>\n\t\t\t\t\t\t\t\t\t\t\t<p class=\"ra-age-minimum\">D\u00e8s 7 ans<\/p>\n\t\t\t\t\t\t\t\t\t\t\t\t\t\t\t\t\t\t\t\t\t<p class=\"ra-prix\">550.00 CHF \/ personne<\/p>\n\t\t\t\t\t\t\t\t\t\t<a class=\"ra-bouton\" href=\"https:\/\/www.tracea.ch\/en\/activites\/camps-vtt-juillet-2027-7-a-10-ans\/\"><span class=\"dashicons dashicons-calendar-alt\" aria-hidden=\"true\"><\/span>R\u00e9server<\/a>\n\t\t\t\t<\/div>\n\t\t\t\t\t\t\t\t\t\t\t<div class=\"ra-carte-activite\"\n\t\t\t\t\tdata-qv-type=\"activite\"\n\t\t\t\t\tdata-qv-id=\"1010\"\n\t\t\t\t\tdata-categorie=\"velo vtt\"\n\t\t\t\t\tdata-niveau=\"vert\"\n\t\t\t\t\tdata-age-min=\"5\"\n\t\t\t\t\tdata-duree=\"courte\"\n\t\t\t\t\tdata-evenement=\"1\" data-event-date=\"2026-09-02\"\t\t\t\t\t\t\t\t\t\t\tdata-perso-saison=\"\"\n\t\t\t\t\t\t\t\t\t\t\tdata-perso-pays=\"\"\n\t\t\t\t\t\t\t\t\t\t\tdata-perso-typedesortie=\"\"\n\t\t\t\t\t\t\t\t\t>\n\t\t\t\t\t\t\t\t\t\t\t<a href=\"https:\/\/www.tracea.ch\/en\/activites\/ecole-de-vtt-5-a-15-ans\/\"><img loading=\"lazy\" decoding=\"async\" width=\"800\" height=\"451\" src=\"https:\/\/www.tracea.ch\/wp-content\/uploads\/2026\/08\/Camp-VTT-enfants-46-1-1024x577.jpg\" class=\"attachment-large size-large wp-post-image\" alt=\"Mountain Bike School \u2013 Ages 5 to 15\" sizes=\"(max-width: 420px) 92vw, (max-width: 820px) 46vw, (max-width: 1100px) 31vw, 300px\" srcset=\"https:\/\/www.tracea.ch\/wp-content\/uploads\/2026\/08\/Camp-VTT-enfants-46-1-1024x577.jpg 1024w, https:\/\/www.tracea.ch\/wp-content\/uploads\/2026\/08\/Camp-VTT-enfants-46-1-300x169.jpg 300w, https:\/\/www.tracea.ch\/wp-content\/uploads\/2026\/08\/Camp-VTT-enfants-46-1-768x432.jpg 768w, https:\/\/www.tracea.ch\/wp-content\/uploads\/2026\/08\/Camp-VTT-enfants-46-1-1536x865.jpg 1536w, https:\/\/www.tracea.ch\/wp-content\/uploads\/2026\/08\/Camp-VTT-enfants-46-1-600x338.jpg 600w, https:\/\/www.tracea.ch\/wp-content\/uploads\/2026\/08\/Camp-VTT-enfants-46-1-1170x658.jpg 1170w, https:\/\/www.tracea.ch\/wp-content\/uploads\/2026\/08\/Camp-VTT-enfants-46-1-760x428.jpg 760w, https:\/\/www.tracea.ch\/wp-content\/uploads\/2026\/08\/Camp-VTT-enfants-46-1-370x208.jpg 370w, https:\/\/www.tracea.ch\/wp-content\/uploads\/2026\/08\/Camp-VTT-enfants-46-1-270x152.jpg 270w, https:\/\/www.tracea.ch\/wp-content\/uploads\/2026\/08\/Camp-VTT-enfants-46-1.jpg 1920w\" \/><\/a>\n\t\t\t\t\t\t\t\t\t\t\t\t\t\t\t\t\t\t\t\t\t<div class=\"ra-carte-niveaux\">\n\t\t\t\t\t\t\t\t\t\t\t\t\t\t\t<span class=\"ra-badge-niveau\" style=\"background-color: #2ecc71;\">Vert<\/span>\n\t\t\t\t\t\t\t\t\t\t\t\t\t<\/div>\n\t\t\t\t\t\t\t\t\t\t<h3><a href=\"https:\/\/www.tracea.ch\/en\/activites\/ecole-de-vtt-5-a-15-ans\/\">Mountain Bike School \u2013 Ages 5 to 15<\/a><\/h3>\n\t\t\t\t\t\t\t\t\t\t\t\t\t\t\t\t<p class=\"ra-slogan\">Mountain biking school for children aged 5 to 15<\/p>\n\t\t\t\t\t\t\t\t\t\t<p>Are you looking for mountain biking lessons for children in the canton of Vaud? In Saint-Cergue, the Tracea mountain biking school welcomes children aged 5\u2026<\/p>\n\t\t\t\t\t\t\t\t\t\t\t<p class=\"ra-age-minimum\">D\u00e8s 5 ans<\/p>\n\t\t\t\t\t\t\t\t\t\t\t\t\t\t\t\t\t\t\t\t\t<p class=\"ra-prix ra-prix--gratuit\">Gratuit<\/p>\n\t\t\t\t\t\t\t\t\t\t<a class=\"ra-bouton\" href=\"https:\/\/www.tracea.ch\/en\/activites\/ecole-de-vtt-5-a-15-ans\/\"><span class=\"dashicons dashicons-calendar-alt\" aria-hidden=\"true\"><\/span>R\u00e9server<\/a>\n\t\t\t\t<\/div>\n\t\t\t\t\t\t\t\t\t\t\t<div class=\"ra-carte-activite\"\n\t\t\t\t\tdata-qv-type=\"activite\"\n\t\t\t\t\tdata-qv-id=\"1009\"\n\t\t\t\t\tdata-categorie=\"velo vtt vtt-electrique\"\n\t\t\t\t\tdata-niveau=\"vert bleu rouge\"\n\t\t\t\t\tdata-age-min=\"16\"\n\t\t\t\t\tdata-duree=\"longue\"\n\t\t\t\t\tdata-evenement=\"1\" data-event-date=\"2026-10-10\"\t\t\t\t\t\t\t\t\t\t\tdata-perso-saison=\"automne\"\n\t\t\t\t\t\t\t\t\t\t\tdata-perso-pays=\"suisse\"\n\t\t\t\t\t\t\t\t\t\t\tdata-perso-typedesortie=\"coaching sortie-guidee\"\n\t\t\t\t\t\t\t\t\t>\n\t\t\t\t\t\t\t\t\t\t\t<a href=\"https:\/\/www.tracea.ch\/en\/activites\/journee-vtt-electrique-tcs-vaud\/\"><img loading=\"lazy\" decoding=\"async\" width=\"800\" height=\"800\" src=\"https:\/\/www.tracea.ch\/wp-content\/uploads\/2026\/08\/Perfectionnement-VTT-Electrique-1024x1024.webp\" class=\"attachment-large size-large wp-post-image\" alt=\"Electric Mountain Bike Day \u2013 TCS Vaud\" sizes=\"(max-width: 420px) 92vw, (max-width: 820px) 46vw, (max-width: 1100px) 31vw, 300px\" srcset=\"https:\/\/www.tracea.ch\/wp-content\/uploads\/2026\/08\/Perfectionnement-VTT-Electrique-1024x1024.webp 1024w, https:\/\/www.tracea.ch\/wp-content\/uploads\/2026\/08\/Perfectionnement-VTT-Electrique-300x300.webp 300w, https:\/\/www.tracea.ch\/wp-content\/uploads\/2026\/08\/Perfectionnement-VTT-Electrique-150x150.webp 150w, https:\/\/www.tracea.ch\/wp-content\/uploads\/2026\/08\/Perfectionnement-VTT-Electrique-768x768.webp 768w, https:\/\/www.tracea.ch\/wp-content\/uploads\/2026\/08\/Perfectionnement-VTT-Electrique-600x600.webp 600w, https:\/\/www.tracea.ch\/wp-content\/uploads\/2026\/08\/Perfectionnement-VTT-Electrique-100x100.webp 100w, https:\/\/www.tracea.ch\/wp-content\/uploads\/2026\/08\/Perfectionnement-VTT-Electrique-460x460.webp 460w, https:\/\/www.tracea.ch\/wp-content\/uploads\/2026\/08\/Perfectionnement-VTT-Electrique-370x370.webp 370w, https:\/\/www.tracea.ch\/wp-content\/uploads\/2026\/08\/Perfectionnement-VTT-Electrique-75x75.webp 75w, https:\/\/www.tracea.ch\/wp-content\/uploads\/2026\/08\/Perfectionnement-VTT-Electrique-760x760.webp 760w, https:\/\/www.tracea.ch\/wp-content\/uploads\/2026\/08\/Perfectionnement-VTT-Electrique.webp 1440w\" \/><\/a>\n\t\t\t\t\t\t\t\t\t\t\t\t\t\t\t\t\t\t\t\t\t<div class=\"ra-carte-niveaux\">\n\t\t\t\t\t\t\t\t\t\t\t\t\t\t\t<span class=\"ra-badge-niveau ra-badge-multi\" style=\"background-color: #f7c948;\">\u00c0 plusieurs niveaux<\/span>\n\t\t\t\t\t\t\t\t\t\t\t\t\t<\/div>\n\t\t\t\t\t\t\t\t\t\t<h3><a href=\"https:\/\/www.tracea.ch\/en\/activites\/journee-vtt-electrique-tcs-vaud\/\">Electric Mountain Bike Day \u2013 TCS Vaud<\/a><\/h3>\n\t\t\t\t\t\t\t\t\t\t\t\t\t\t\t\t<p class=\"ra-slogan\">Electric Mountain Bike Discovery and Advanced Skills Day<\/p>\n\t\t\t\t\t\t\t\t\t\t<p>A whole day dedicated to electric mountain biking, in partnership with TCS Vaud, open to everyone \u2014 from beginners to experienced riders. In the heart of\u2026<\/p>\n\t\t\t\t\t\t\t\t\t\t\t<p class=\"ra-age-minimum\">D\u00e8s 16 ans<\/p>\n\t\t\t\t\t\t\t\t\t\t\t\t\t\t\t\t\t\t\t\t\t<p class=\"ra-prix\">100.00 CHF \/ personne<\/p>\n\t\t\t\t\t\t\t\t\t\t<a class=\"ra-bouton\" href=\"https:\/\/www.tracea.ch\/en\/activites\/journee-vtt-electrique-tcs-vaud\/\"><span class=\"dashicons dashicons-calendar-alt\" aria-hidden=\"true\"><\/span>R\u00e9server<\/a>\n\t\t\t\t<\/div>\n\t\t\t\t\t\t\t\t\t\t\t<div class=\"ra-carte-activite\"\n\t\t\t\t\tdata-qv-type=\"activite\"\n\t\t\t\t\tdata-qv-id=\"1008\"\n\t\t\t\t\tdata-categorie=\"velo vtt\"\n\t\t\t\t\tdata-niveau=\"vert\"\n\t\t\t\t\tdata-age-min=\"7\"\n\t\t\t\t\tdata-duree=\"courte\"\n\t\t\t\t\t\t\t\t\t\t\t\t\t\t\t\tdata-perso-saison=\"\"\n\t\t\t\t\t\t\t\t\t\t\tdata-perso-pays=\"\"\n\t\t\t\t\t\t\t\t\t\t\tdata-perso-typedesortie=\"\"\n\t\t\t\t\t\t\t\t\t>\n\t\t\t\t\t\t\t\t\t\t\t<a href=\"https:\/\/www.tracea.ch\/en\/activites\/biathlon-vtt-et-course-a-pieds\/\"><img loading=\"lazy\" decoding=\"async\" width=\"473\" height=\"1024\" src=\"https:\/\/www.tracea.ch\/wp-content\/uploads\/2026\/08\/Biathlon-VTT-1-473x1024.jpg\" class=\"attachment-large size-large wp-post-image\" alt=\"Mountain Bike Biathlon and Running\" sizes=\"(max-width: 420px) 92vw, (max-width: 820px) 46vw, (max-width: 1100px) 31vw, 300px\" srcset=\"https:\/\/www.tracea.ch\/wp-content\/uploads\/2026\/08\/Biathlon-VTT-1-473x1024.jpg 473w, https:\/\/www.tracea.ch\/wp-content\/uploads\/2026\/08\/Biathlon-VTT-1-139x300.jpg 139w, https:\/\/www.tracea.ch\/wp-content\/uploads\/2026\/08\/Biathlon-VTT-1-709x1536.jpg 709w, https:\/\/www.tracea.ch\/wp-content\/uploads\/2026\/08\/Biathlon-VTT-1-600x1299.jpg 600w, https:\/\/www.tracea.ch\/wp-content\/uploads\/2026\/08\/Biathlon-VTT-1-370x801.jpg 370w, https:\/\/www.tracea.ch\/wp-content\/uploads\/2026\/08\/Biathlon-VTT-1.jpg 739w\" \/><\/a>\n\t\t\t\t\t\t\t\t\t\t\t\t\t\t\t\t\t\t\t\t\t<div class=\"ra-carte-niveaux\">\n\t\t\t\t\t\t\t\t\t\t\t\t\t\t\t<span class=\"ra-badge-niveau\" style=\"background-color: #2ecc71;\">Vert<\/span>\n\t\t\t\t\t\t\t\t\t\t\t\t\t<\/div>\n\t\t\t\t\t\t\t\t\t\t<h3><a href=\"https:\/\/www.tracea.ch\/en\/activites\/biathlon-vtt-et-course-a-pieds\/\">Mountain Bike Biathlon and Running<\/a><\/h3>\n\t\t\t\t\t\t\t\t\t\t\t\t\t\t\t\t<p class=\"ra-slogan\">An Introduction to Summer Biathlon in Saint-Cergue<\/p>\n\t\t\t\t\t\t\t\t\t\t<p>Discover summer biathlon in a unique natural setting, in the heart of the Vaud Jura! Suitable for children aged 7 and over, our taster session combines the physical challenge of mountain biking\u2026<\/p>\n\t\t\t\t\t\t\t\t\t\t\t<p class=\"ra-age-minimum\">D\u00e8s 7 ans<\/p>\n\t\t\t\t\t\t\t\t\t\t\t\t\t\t\t\t\t\t\t\t\t<p class=\"ra-prix\">90.00 CHF \/ personne<\/p>\n\t\t\t\t\t\t\t\t\t\t<a class=\"ra-bouton\" href=\"https:\/\/www.tracea.ch\/en\/activites\/biathlon-vtt-et-course-a-pieds\/\"><span class=\"dashicons dashicons-calendar-alt\" aria-hidden=\"true\"><\/span>R\u00e9server<\/a>\n\t\t\t\t<\/div>\n\t\t\t\t\t\t\t\t\t\t\t<div class=\"ra-carte-activite\"\n\t\t\t\t\tdata-qv-type=\"activite\"\n\t\t\t\t\tdata-qv-id=\"1007\"\n\t\t\t\t\tdata-categorie=\"velo vtt vtt-electrique\"\n\t\t\t\t\tdata-niveau=\"vert\"\n\t\t\t\t\tdata-age-min=\"14\"\n\t\t\t\t\tdata-duree=\"courte\"\n\t\t\t\t\t\t\t\t\t\t\t\t\t\t\t\tdata-perso-saison=\"\"\n\t\t\t\t\t\t\t\t\t\t\tdata-perso-pays=\"\"\n\t\t\t\t\t\t\t\t\t\t\tdata-perso-typedesortie=\"\"\n\t\t\t\t\t\t\t\t\t>\n\t\t\t\t\t\t\t\t\t\t\t<a href=\"https:\/\/www.tracea.ch\/en\/activites\/sortie-pleine-lune-en-vtt-electrique\/\"><img loading=\"lazy\" decoding=\"async\" width=\"800\" height=\"420\" src=\"https:\/\/www.tracea.ch\/wp-content\/uploads\/2026\/08\/Sortie-VTT-Nocturne-Saint-Cergue-4-1024x537.jpg\" class=\"attachment-large size-large wp-post-image\" alt=\"Full Moon Electric Mountain Bike Ride\" sizes=\"(max-width: 420px) 92vw, (max-width: 820px) 46vw, (max-width: 1100px) 31vw, 300px\" srcset=\"https:\/\/www.tracea.ch\/wp-content\/uploads\/2026\/08\/Sortie-VTT-Nocturne-Saint-Cergue-4-1024x537.jpg 1024w, https:\/\/www.tracea.ch\/wp-content\/uploads\/2026\/08\/Sortie-VTT-Nocturne-Saint-Cergue-4-300x157.jpg 300w, https:\/\/www.tracea.ch\/wp-content\/uploads\/2026\/08\/Sortie-VTT-Nocturne-Saint-Cergue-4-768x402.jpg 768w, https:\/\/www.tracea.ch\/wp-content\/uploads\/2026\/08\/Sortie-VTT-Nocturne-Saint-Cergue-4-600x314.jpg 600w, https:\/\/www.tracea.ch\/wp-content\/uploads\/2026\/08\/Sortie-VTT-Nocturne-Saint-Cergue-4-760x398.jpg 760w, https:\/\/www.tracea.ch\/wp-content\/uploads\/2026\/08\/Sortie-VTT-Nocturne-Saint-Cergue-4-370x194.jpg 370w, https:\/\/www.tracea.ch\/wp-content\/uploads\/2026\/08\/Sortie-VTT-Nocturne-Saint-Cergue-4.jpg 1080w\" \/><\/a>\n\t\t\t\t\t\t\t\t\t\t\t\t\t\t\t\t\t\t\t\t\t<div class=\"ra-carte-niveaux\">\n\t\t\t\t\t\t\t\t\t\t\t\t\t\t\t<span class=\"ra-badge-niveau\" style=\"background-color: #2ecc71;\">Vert<\/span>\n\t\t\t\t\t\t\t\t\t\t\t\t\t<\/div>\n\t\t\t\t\t\t\t\t\t\t<h3><a href=\"https:\/\/www.tracea.ch\/en\/activites\/sortie-pleine-lune-en-vtt-electrique\/\">Full Moon Electric Mountain Bike Ride<\/a><\/h3>\n\t\t\t\t\t\t\t\t\t\t\t\t\t\t\t\t<p class=\"ra-slogan\">Discover the magic of a night-time electric mountain bike ride under the full moon in Saint-Cergue<\/p>\n\t\t\t\t\t\t\t\t\t\t<p>Experience the Vaud Jura as you\u2019ve never seen it before: at night, under the glow of the full moon. This guided e-MTB tour\u2026<\/p>\n\t\t\t\t\t\t\t\t\t\t\t<p class=\"ra-age-minimum\">D\u00e8s 14 ans<\/p>\n\t\t\t\t\t\t\t\t\t\t\t\t\t\t\t\t\t\t\t\t\t<p class=\"ra-prix\">100.00 CHF \/ personne<\/p>\n\t\t\t\t\t\t\t\t\t\t<a class=\"ra-bouton\" href=\"https:\/\/www.tracea.ch\/en\/activites\/sortie-pleine-lune-en-vtt-electrique\/\"><span class=\"dashicons dashicons-calendar-alt\" aria-hidden=\"true\"><\/span>R\u00e9server<\/a>\n\t\t\t\t<\/div>\n\t\t\t\t\t\t\t\t\t\t\t<div class=\"ra-carte-activite\"\n\t\t\t\t\tdata-qv-type=\"activite\"\n\t\t\t\t\tdata-qv-id=\"1006\"\n\t\t\t\t\tdata-categorie=\"velo\"\n\t\t\t\t\tdata-niveau=\"\"\n\t\t\t\t\tdata-age-min=\"16\"\n\t\t\t\t\tdata-duree=\"longue\"\n\t\t\t\t\t\t\t\t\t\t\t\t\t\t\t\tdata-perso-saison=\"\"\n\t\t\t\t\t\t\t\t\t\t\tdata-perso-pays=\"\"\n\t\t\t\t\t\t\t\t\t\t\tdata-perso-typedesortie=\"\"\n\t\t\t\t\t\t\t\t\t>\n\t\t\t\t\t\t\t\t\t\t\t<a href=\"https:\/\/www.tracea.ch\/en\/activites\/journee-guidee-groupes-et-entreprises\/\"><img loading=\"lazy\" decoding=\"async\" width=\"800\" height=\"420\" src=\"https:\/\/www.tracea.ch\/wp-content\/uploads\/2026\/08\/Sortie-guidee-VTT-Electrique-2-1024x537.jpg\" class=\"attachment-large size-large wp-post-image\" alt=\"Guided day out \u2013 Groups and organisations\" sizes=\"(max-width: 420px) 92vw, (max-width: 820px) 46vw, (max-width: 1100px) 31vw, 300px\" srcset=\"https:\/\/www.tracea.ch\/wp-content\/uploads\/2026\/08\/Sortie-guidee-VTT-Electrique-2-1024x537.jpg 1024w, https:\/\/www.tracea.ch\/wp-content\/uploads\/2026\/08\/Sortie-guidee-VTT-Electrique-2-300x157.jpg 300w, https:\/\/www.tracea.ch\/wp-content\/uploads\/2026\/08\/Sortie-guidee-VTT-Electrique-2-768x402.jpg 768w, https:\/\/www.tracea.ch\/wp-content\/uploads\/2026\/08\/Sortie-guidee-VTT-Electrique-2-600x314.jpg 600w, https:\/\/www.tracea.ch\/wp-content\/uploads\/2026\/08\/Sortie-guidee-VTT-Electrique-2-760x398.jpg 760w, https:\/\/www.tracea.ch\/wp-content\/uploads\/2026\/08\/Sortie-guidee-VTT-Electrique-2-370x194.jpg 370w, https:\/\/www.tracea.ch\/wp-content\/uploads\/2026\/08\/Sortie-guidee-VTT-Electrique-2.jpg 1080w\" \/><\/a>\n\t\t\t\t\t\t\t\t\t\t\t\t\t\t\t\t\t\t\t\t<h3><a href=\"https:\/\/www.tracea.ch\/en\/activites\/journee-guidee-groupes-et-entreprises\/\">Guided day out \u2013 Groups and organisations<\/a><\/h3>\n\t\t\t\t\t\t\t\t\t\t\t\t\t\t\t\t<p class=\"ra-slogan\">Guided Electric Mountain Bike Tour \u2013 Groups and Companies<\/p>\n\t\t\t\t\t\t\t\t\t\t<p>Whether it\u2019s for a corporate event, a team-building exercise or simply a day out with friends, book a guided electric mountain bike tour in the Vaud Jura. Pre-booked groups\u2026<\/p>\n\t\t\t\t\t\t\t\t\t\t\t<p class=\"ra-age-minimum\">D\u00e8s 16 ans<\/p>\n\t\t\t\t\t\t\t\t\t\t\t\t\t\t\t\t\t\t\t\t\t<p class=\"ra-prix ra-prix--devis\">Sur devis<\/p>\n\t\t\t\t\t\t\t\t\t\t<a class=\"ra-bouton\" href=\"https:\/\/www.tracea.ch\/en\/activites\/journee-guidee-groupes-et-entreprises\/\"><span class=\"dashicons dashicons-calendar-alt\" aria-hidden=\"true\"><\/span>R\u00e9server<\/a>\n\t\t\t\t<\/div>\n\t\t\t\t\t\t\t\t\t\t\t<div class=\"ra-carte-activite\"\n\t\t\t\t\tdata-qv-type=\"activite\"\n\t\t\t\t\tdata-qv-id=\"1005\"\n\t\t\t\t\tdata-categorie=\"velo vtt\"\n\t\t\t\t\tdata-niveau=\"\"\n\t\t\t\t\tdata-age-min=\"10\"\n\t\t\t\t\tdata-duree=\"courte\"\n\t\t\t\t\t\t\t\t\t\t\t\t\t\t\t\tdata-perso-saison=\"\"\n\t\t\t\t\t\t\t\t\t\t\tdata-perso-pays=\"\"\n\t\t\t\t\t\t\t\t\t\t\tdata-perso-typedesortie=\"\"\n\t\t\t\t\t\t\t\t\t>\n\t\t\t\t\t\t\t\t\t\t\t<a href=\"https:\/\/www.tracea.ch\/en\/activites\/cours-coaching-pilotage-vtt\/\"><img loading=\"lazy\" decoding=\"async\" width=\"800\" height=\"534\" src=\"https:\/\/www.tracea.ch\/wp-content\/uploads\/2026\/08\/MonVTT-55-1024x683.jpg\" class=\"attachment-large size-large wp-post-image\" alt=\"Mountain Bike Riding Lessons &amp; Coaching\" sizes=\"(max-width: 420px) 92vw, (max-width: 820px) 46vw, (max-width: 1100px) 31vw, 300px\" srcset=\"https:\/\/www.tracea.ch\/wp-content\/uploads\/2026\/08\/MonVTT-55-1024x683.jpg 1024w, https:\/\/www.tracea.ch\/wp-content\/uploads\/2026\/08\/MonVTT-55-300x200.jpg 300w, https:\/\/www.tracea.ch\/wp-content\/uploads\/2026\/08\/MonVTT-55-768x512.jpg 768w, https:\/\/www.tracea.ch\/wp-content\/uploads\/2026\/08\/MonVTT-55-1536x1024.jpg 1536w, https:\/\/www.tracea.ch\/wp-content\/uploads\/2026\/08\/MonVTT-55-600x400.jpg 600w, https:\/\/www.tracea.ch\/wp-content\/uploads\/2026\/08\/MonVTT-55-760x507.jpg 760w, https:\/\/www.tracea.ch\/wp-content\/uploads\/2026\/08\/MonVTT-55-370x247.jpg 370w, https:\/\/www.tracea.ch\/wp-content\/uploads\/2026\/08\/MonVTT-55.jpg 1920w\" \/><\/a>\n\t\t\t\t\t\t\t\t\t\t\t\t\t\t\t\t\t\t\t\t<h3><a href=\"https:\/\/www.tracea.ch\/en\/activites\/cours-coaching-pilotage-vtt\/\">Mountain Bike Riding Lessons &amp; Coaching<\/a><\/h3>\n\t\t\t\t\t\t\t\t\t\t\t\t\t\t\t\t<p class=\"ra-slogan\">A mountain biking guide to help you improve \u2013 Lessons &amp; Coaching<\/p>\n\t\t\t\t\t\t\t\t\t\t<p>Have you just bought a new mountain bike, or are you getting back into cycling with a brand-new electric mountain bike? Treat yourself to a private riding lesson in\u2026<\/p>\n\t\t\t\t\t\t\t\t\t\t\t<p class=\"ra-age-minimum\">D\u00e8s 10 ans<\/p>\n\t\t\t\t\t\t\t\t\t\t\t\t\t\t\t\t\t\t\t\t\t<p class=\"ra-prix\">160.00 CHF \/ personne<\/p>\n\t\t\t\t\t\t\t\t\t\t<a class=\"ra-bouton\" href=\"https:\/\/www.tracea.ch\/en\/activites\/cours-coaching-pilotage-vtt\/\"><span class=\"dashicons dashicons-calendar-alt\" aria-hidden=\"true\"><\/span>R\u00e9server<\/a>\n\t\t\t\t<\/div>\n\t\t\t\t\t\t\t\t\t\t\t<div class=\"ra-carte-activite\"\n\t\t\t\t\tdata-qv-type=\"activite\"\n\t\t\t\t\tdata-qv-id=\"1004\"\n\t\t\t\t\tdata-categorie=\"velo vtt\"\n\t\t\t\t\tdata-niveau=\"\"\n\t\t\t\t\tdata-age-min=\"12\"\n\t\t\t\t\tdata-duree=\"courte\"\n\t\t\t\t\t\t\t\t\t\t\t\t\t\t\t\tdata-perso-saison=\"\"\n\t\t\t\t\t\t\t\t\t\t\tdata-perso-pays=\"\"\n\t\t\t\t\t\t\t\t\t\t\tdata-perso-typedesortie=\"\"\n\t\t\t\t\t\t\t\t\t>\n\t\t\t\t\t\t\t\t\t\t\t<a href=\"https:\/\/www.tracea.ch\/en\/activites\/sortie-guidee-vtt-enduro-jura-vaudois\/\"><img loading=\"lazy\" decoding=\"async\" width=\"800\" height=\"420\" src=\"https:\/\/www.tracea.ch\/wp-content\/uploads\/2026\/08\/Tour-guidee-VTT-Enduro-1024x537.jpg\" class=\"attachment-large size-large wp-post-image\" alt=\"Guided Enduro Mountain Bike Tour \u2013 Jura Vaudois\" sizes=\"(max-width: 420px) 92vw, (max-width: 820px) 46vw, (max-width: 1100px) 31vw, 300px\" srcset=\"https:\/\/www.tracea.ch\/wp-content\/uploads\/2026\/08\/Tour-guidee-VTT-Enduro-1024x537.jpg 1024w, https:\/\/www.tracea.ch\/wp-content\/uploads\/2026\/08\/Tour-guidee-VTT-Enduro-300x157.jpg 300w, https:\/\/www.tracea.ch\/wp-content\/uploads\/2026\/08\/Tour-guidee-VTT-Enduro-768x402.jpg 768w, https:\/\/www.tracea.ch\/wp-content\/uploads\/2026\/08\/Tour-guidee-VTT-Enduro-600x314.jpg 600w, https:\/\/www.tracea.ch\/wp-content\/uploads\/2026\/08\/Tour-guidee-VTT-Enduro-760x398.jpg 760w, https:\/\/www.tracea.ch\/wp-content\/uploads\/2026\/08\/Tour-guidee-VTT-Enduro-370x194.jpg 370w, https:\/\/www.tracea.ch\/wp-content\/uploads\/2026\/08\/Tour-guidee-VTT-Enduro.jpg 1080w\" \/><\/a>\n\t\t\t\t\t\t\t\t\t\t\t\t\t\t\t\t\t\t\t\t<h3><a href=\"https:\/\/www.tracea.ch\/en\/activites\/sortie-guidee-vtt-enduro-jura-vaudois\/\">Guided Enduro Mountain Bike Tour \u2013 Jura Vaudois<\/a><\/h3>\n\t\t\t\t\t\t\t\t\t\t\t\t\t\t\t\t<p class=\"ra-slogan\">Book an Enduro mountain biking trip with your guide in the Vaudois Jura<\/p>\n\t\t\t\t\t\t\t\t\t\t<p>Fancy a bit of adrenaline and a thrill on your mountain bike? Our guided enduro rides in the Vaud Jura are just the thing for you:\u2026<\/p>\n\t\t\t\t\t\t\t\t\t\t\t<p class=\"ra-age-minimum\">D\u00e8s 12 ans<\/p>\n\t\t\t\t\t\t\t\t\t\t\t\t\t\t\t\t\t\t\t\t\t<p class=\"ra-prix\">120.00 CHF \/ personne<\/p>\n\t\t\t\t\t\t\t\t\t\t<a class=\"ra-bouton\" href=\"https:\/\/www.tracea.ch\/en\/activites\/sortie-guidee-vtt-enduro-jura-vaudois\/\"><span class=\"dashicons dashicons-calendar-alt\" aria-hidden=\"true\"><\/span>R\u00e9server<\/a>\n\t\t\t\t<\/div>\n\t\t\t\t\t\t\t\t\t\t\t<div class=\"ra-carte-activite\"\n\t\t\t\t\tdata-qv-type=\"activite\"\n\t\t\t\t\tdata-qv-id=\"1003\"\n\t\t\t\t\tdata-categorie=\"gravel velo\"\n\t\t\t\t\tdata-niveau=\"rouge noir\"\n\t\t\t\t\tdata-age-min=\"14\"\n\t\t\t\t\tdata-duree=\"longue\"\n\t\t\t\t\t\t\t\t\t\t\t\t\t\t\t\tdata-perso-saison=\"automne ete printemps\"\n\t\t\t\t\t\t\t\t\t\t\tdata-perso-pays=\"france suisse\"\n\t\t\t\t\t\t\t\t\t\t\tdata-perso-typedesortie=\"sortie-guidee\"\n\t\t\t\t\t\t\t\t\t>\n\t\t\t\t\t\t\t\t\t\t\t<a href=\"https:\/\/www.tracea.ch\/en\/activites\/sortie-guidee-en-velo-gravel\/\"><img loading=\"lazy\" decoding=\"async\" width=\"800\" height=\"420\" src=\"https:\/\/www.tracea.ch\/wp-content\/uploads\/2026\/08\/Sortie-guidee-gravel-Monvtt-4-1024x537.jpg\" class=\"attachment-large size-large wp-post-image\" alt=\"Guided gravel bike ride\" sizes=\"(max-width: 420px) 92vw, (max-width: 820px) 46vw, (max-width: 1100px) 31vw, 300px\" srcset=\"https:\/\/www.tracea.ch\/wp-content\/uploads\/2026\/08\/Sortie-guidee-gravel-Monvtt-4-1024x537.jpg 1024w, https:\/\/www.tracea.ch\/wp-content\/uploads\/2026\/08\/Sortie-guidee-gravel-Monvtt-4-300x157.jpg 300w, https:\/\/www.tracea.ch\/wp-content\/uploads\/2026\/08\/Sortie-guidee-gravel-Monvtt-4-768x402.jpg 768w, https:\/\/www.tracea.ch\/wp-content\/uploads\/2026\/08\/Sortie-guidee-gravel-Monvtt-4-600x314.jpg 600w, https:\/\/www.tracea.ch\/wp-content\/uploads\/2026\/08\/Sortie-guidee-gravel-Monvtt-4-760x398.jpg 760w, https:\/\/www.tracea.ch\/wp-content\/uploads\/2026\/08\/Sortie-guidee-gravel-Monvtt-4-370x194.jpg 370w, https:\/\/www.tracea.ch\/wp-content\/uploads\/2026\/08\/Sortie-guidee-gravel-Monvtt-4.jpg 1080w\" \/><\/a>\n\t\t\t\t\t\t\t\t\t\t\t\t\t\t\t\t\t\t\t\t\t<div class=\"ra-carte-niveaux\">\n\t\t\t\t\t\t\t\t\t\t\t\t\t\t\t<span class=\"ra-badge-niveau ra-badge-multi\" style=\"background-color: #f7c948;\">\u00c0 plusieurs niveaux<\/span>\n\t\t\t\t\t\t\t\t\t\t\t\t\t<\/div>\n\t\t\t\t\t\t\t\t\t\t<h3><a href=\"https:\/\/www.tracea.ch\/en\/activites\/sortie-guidee-en-velo-gravel\/\">Guided gravel bike tour \u2013 3 hours<\/a><\/h3>\n\t\t\t\t\t\t\t\t\t\t\t\t\t\t\t\t<p class=\"ra-slogan\">A gravel ride to explore the Jura.<\/p>\n\t\t\t\t\t\t\t\t\t\t<p>Fancy giving gravel cycling a go \u2013 that bike that\u2019s a cross between a road bike and a mountain bike? Tracea invites you to join a half-day guided taster session around\u2026<\/p>\n\t\t\t\t\t\t\t\t\t\t\t<p class=\"ra-age-minimum\">D\u00e8s 14 ans<\/p>\n\t\t\t\t\t\t\t\t\t\t\t\t\t\t\t\t\t\t\t\t\t<p class=\"ra-prix\">120.00 CHF \/ personne<\/p>\n\t\t\t\t\t\t\t\t\t\t<a class=\"ra-bouton\" href=\"https:\/\/www.tracea.ch\/en\/activites\/sortie-guidee-en-velo-gravel\/\"><span class=\"dashicons dashicons-calendar-alt\" aria-hidden=\"true\"><\/span>R\u00e9server<\/a>\n\t\t\t\t<\/div>\n\t\t\t\t\t\t\t\t\t\t\t<div class=\"ra-carte-activite\"\n\t\t\t\t\tdata-qv-type=\"activite\"\n\t\t\t\t\tdata-qv-id=\"1002\"\n\t\t\t\t\tdata-categorie=\"velo vtt vtt-electrique\"\n\t\t\t\t\tdata-niveau=\"vert bleu rouge noir\"\n\t\t\t\t\tdata-age-min=\"14\"\n\t\t\t\t\tdata-duree=\"longue\"\n\t\t\t\t\t\t\t\t\t\t\t\t\t\t\t\tdata-perso-saison=\"automne ete printemps\"\n\t\t\t\t\t\t\t\t\t\t\tdata-perso-pays=\"suisse\"\n\t\t\t\t\t\t\t\t\t\t\tdata-perso-typedesortie=\"sortie-guidee\"\n\t\t\t\t\t\t\t\t\t>\n\t\t\t\t\t\t\t\t\t\t\t<a href=\"https:\/\/www.tracea.ch\/en\/activites\/tour-guide-vtt-ou-vtt-electrique-journee\/\"><img loading=\"lazy\" decoding=\"async\" width=\"800\" height=\"534\" src=\"https:\/\/www.tracea.ch\/wp-content\/uploads\/2026\/08\/MonVTT-43-1024x683.jpg\" class=\"attachment-large size-large wp-post-image\" alt=\"Guided mountain bike or electric mountain bike tour (full day)\" sizes=\"(max-width: 420px) 92vw, (max-width: 820px) 46vw, (max-width: 1100px) 31vw, 300px\" srcset=\"https:\/\/www.tracea.ch\/wp-content\/uploads\/2026\/08\/MonVTT-43-1024x683.jpg 1024w, https:\/\/www.tracea.ch\/wp-content\/uploads\/2026\/08\/MonVTT-43-300x200.jpg 300w, https:\/\/www.tracea.ch\/wp-content\/uploads\/2026\/08\/MonVTT-43-768x512.jpg 768w, https:\/\/www.tracea.ch\/wp-content\/uploads\/2026\/08\/MonVTT-43-1536x1024.jpg 1536w, https:\/\/www.tracea.ch\/wp-content\/uploads\/2026\/08\/MonVTT-43-600x400.jpg 600w, https:\/\/www.tracea.ch\/wp-content\/uploads\/2026\/08\/MonVTT-43-760x507.jpg 760w, https:\/\/www.tracea.ch\/wp-content\/uploads\/2026\/08\/MonVTT-43-370x247.jpg 370w, https:\/\/www.tracea.ch\/wp-content\/uploads\/2026\/08\/MonVTT-43.jpg 1920w\" \/><\/a>\n\t\t\t\t\t\t\t\t\t\t\t\t\t\t\t\t\t\t\t\t\t<div class=\"ra-carte-niveaux\">\n\t\t\t\t\t\t\t\t\t\t\t\t\t\t\t<span class=\"ra-badge-niveau ra-badge-multi\" style=\"background-color: #f7c948;\">\u00c0 plusieurs niveaux<\/span>\n\t\t\t\t\t\t\t\t\t\t\t\t\t<\/div>\n\t\t\t\t\t\t\t\t\t\t<h3><a href=\"https:\/\/www.tracea.ch\/en\/activites\/tour-guide-vtt-ou-vtt-electrique-journee\/\">Guided mountain bike or electric mountain bike tour (full day)<\/a><\/h3>\n\t\t\t\t\t\t\t\t\t\t\t\t\t\t\t\t<p class=\"ra-slogan\">A guided mountain bike or e-bike tour along the Jura ridges.<\/p>\n\t\t\t\t\t\t\t\t\t\t<p>A full day exploring the Vaud Jura on a mountain bike or e-bike, from morning until sunset. Led by an instructor who knows\u2026<\/p>\n\t\t\t\t\t\t\t\t\t\t\t<p class=\"ra-age-minimum\">D\u00e8s 14 ans<\/p>\n\t\t\t\t\t\t\t\t\t\t\t\t\t\t\t\t\t\t\t\t\t<p class=\"ra-prix\">300.00 CHF \/ personne<\/p>\n\t\t\t\t\t\t\t\t\t\t<a class=\"ra-bouton\" href=\"https:\/\/www.tracea.ch\/en\/activites\/tour-guide-vtt-ou-vtt-electrique-journee\/\"><span class=\"dashicons dashicons-calendar-alt\" aria-hidden=\"true\"><\/span>R\u00e9server<\/a>\n\t\t\t\t<\/div>\n\t\t\t\t\t\t\t\t\t\t\t<div class=\"ra-carte-activite\"\n\t\t\t\t\tdata-qv-type=\"activite\"\n\t\t\t\t\tdata-qv-id=\"1001\"\n\t\t\t\t\tdata-categorie=\"velo vtt vtt-electrique\"\n\t\t\t\t\tdata-niveau=\"vert bleu rouge\"\n\t\t\t\t\tdata-age-min=\"14\"\n\t\t\t\t\tdata-duree=\"courte\"\n\t\t\t\t\t\t\t\t\t\t\t\t\t\t\t\tdata-perso-saison=\"automne ete printemps\"\n\t\t\t\t\t\t\t\t\t\t\tdata-perso-pays=\"suisse\"\n\t\t\t\t\t\t\t\t\t\t\tdata-perso-typedesortie=\"sortie-guidee\"\n\t\t\t\t\t\t\t\t\t>\n\t\t\t\t\t\t\t\t\t\t\t<a href=\"https:\/\/www.tracea.ch\/en\/activites\/tour-guide-vtt-ou-vtt-electrique-3-heures\/\"><img loading=\"lazy\" decoding=\"async\" width=\"800\" height=\"534\" src=\"https:\/\/www.tracea.ch\/wp-content\/uploads\/2026\/08\/MonVTT-30-1024x683.jpg\" class=\"attachment-large size-large wp-post-image\" alt=\"Guided mountain bike or electric mountain bike tour \u2013 3 hours\" sizes=\"(max-width: 420px) 92vw, (max-width: 820px) 46vw, (max-width: 1100px) 31vw, 300px\" srcset=\"https:\/\/www.tracea.ch\/wp-content\/uploads\/2026\/08\/MonVTT-30-1024x683.jpg 1024w, https:\/\/www.tracea.ch\/wp-content\/uploads\/2026\/08\/MonVTT-30-300x200.jpg 300w, https:\/\/www.tracea.ch\/wp-content\/uploads\/2026\/08\/MonVTT-30-768x512.jpg 768w, https:\/\/www.tracea.ch\/wp-content\/uploads\/2026\/08\/MonVTT-30-1536x1024.jpg 1536w, https:\/\/www.tracea.ch\/wp-content\/uploads\/2026\/08\/MonVTT-30-600x400.jpg 600w, https:\/\/www.tracea.ch\/wp-content\/uploads\/2026\/08\/MonVTT-30-760x507.jpg 760w, https:\/\/www.tracea.ch\/wp-content\/uploads\/2026\/08\/MonVTT-30-370x247.jpg 370w, https:\/\/www.tracea.ch\/wp-content\/uploads\/2026\/08\/MonVTT-30.jpg 1920w\" \/><\/a>\n\t\t\t\t\t\t\t\t\t\t\t\t\t\t\t\t\t\t\t\t\t<div class=\"ra-carte-niveaux\">\n\t\t\t\t\t\t\t\t\t\t\t\t\t\t\t<span class=\"ra-badge-niveau ra-badge-multi\" style=\"background-color: #f7c948;\">\u00c0 plusieurs niveaux<\/span>\n\t\t\t\t\t\t\t\t\t\t\t\t\t<\/div>\n\t\t\t\t\t\t\t\t\t\t<h3><a href=\"https:\/\/www.tracea.ch\/en\/activites\/tour-guide-vtt-ou-vtt-electrique-3-heures\/\">Guided mountain bike or electric mountain bike tour \u2013 3 hours<\/a><\/h3>\n\t\t\t\t\t\t\t\t\t\t\t\t\t\t\t\t<p class=\"ra-slogan\">Book a guided mountain bike or electric mountain bike ride with your guide in the Vaud Jura<\/p>\n\t\t\t\t\t\t\t\t\t\t<p>In just three hours, treat yourself to an introductory taste of the Vaud Jura on a mountain bike or electric mountain bike. Accompanied by a local guide, you\u2019ll\u2026<\/p>\n\t\t\t\t\t\t\t\t\t\t\t<p class=\"ra-age-minimum\">D\u00e8s 14 ans<\/p>\n\t\t\t\t\t\t\t\t\t\t\t\t\t\t\t\t\t\t\t\t\t<p class=\"ra-prix\">120.00 CHF \/ personne<\/p>\n\t\t\t\t\t\t\t\t\t\t<a class=\"ra-bouton\" href=\"https:\/\/www.tracea.ch\/en\/activites\/tour-guide-vtt-ou-vtt-electrique-3-heures\/\"><span class=\"dashicons dashicons-calendar-alt\" aria-hidden=\"true\"><\/span>R\u00e9server<\/a>\n\t\t\t\t<\/div>\n\t\t\t\t\t<\/div>\n\t\t<p class=\"ra-aucun-resultat\" style=\"display:none;\">Aucune activit\u00e9 ne correspond \u00e0 ces crit\u00e8res.<\/p>\n\t\t<\/div>","protected":false},"excerpt":{"rendered":"<p>All mountain bike, e-bike and gravel cycling activities led by Tracea in the Vaud Jura: rides, lessons, children\u2019s camps and holidays. Book online.<\/p>","protected":false},"author":1,"featured_media":0,"parent":0,"menu_order":0,"comment_status":"closed","ping_status":"closed","template":"","meta":{"footnotes":""},"class_list":["post-59116","page","type-page","status-publish","hentry"],"_links":{"self":[{"href":"https:\/\/www.tracea.ch\/en\/wp-json\/wp\/v2\/pages\/59116","targetHints":{"allow":["GET"]}}],"collection":[{"href":"https:\/\/www.tracea.ch\/en\/wp-json\/wp\/v2\/pages"}],"about":[{"href":"https:\/\/www.tracea.ch\/en\/wp-json\/wp\/v2\/types\/page"}],"author":[{"embeddable":true,"href":"https:\/\/www.tracea.ch\/en\/wp-json\/wp\/v2\/users\/1"}],"replies":[{"embeddable":true,"href":"https:\/\/www.tracea.ch\/en\/wp-json\/wp\/v2\/comments?post=59116"}],"version-history":[{"count":3,"href":"https:\/\/www.tracea.ch\/en\/wp-json\/wp\/v2\/pages\/59116\/revisions"}],"predecessor-version":[{"id":59192,"href":"https:\/\/www.tracea.ch\/en\/wp-json\/wp\/v2\/pages\/59116\/revisions\/59192"}],"wp:attachment":[{"href":"https:\/\/www.tracea.ch\/en\/wp-json\/wp\/v2\/media?parent=59116"}],"curies":[{"name":"wp","href":"https:\/\/api.w.org\/{rel}","templated":true}]}}