{"id":10443,"date":"2026-06-30T19:53:50","date_gmt":"2026-06-30T19:53:50","guid":{"rendered":"https:\/\/www.tracea.ch\/boutique\/non%20class\u00e9\/womens-mineo-3in1-jacket\/"},"modified":"2026-07-07T17:24:41","modified_gmt":"2026-07-07T17:24:41","slug":"womens-mineo-3in1-jacket","status":"publish","type":"product","link":"https:\/\/www.tracea.ch\/en\/boutique\/womens-mineo-3in1-jacket\/","title":{"rendered":"Women&rsquo;s Mineo 3in1 Jacket"},"content":{"rendered":"<p>Deux vestes pour quatre saisons: la veste urbaine et \u00e9cologique Women&rsquo;s Mineo 3in1 Jacket est un compagnon tendance pour la ville et toute l&rsquo;ann\u00e9e avec sa veste int\u00e9rieure amovible et rembourr\u00e9e. La veste ext\u00e9rieure de la veste 3 en 1 pour femme est fabriqu\u00e9e \u00e0 100% \u00e0 partir de bouteilles PET recycl\u00e9es et pr\u00e9serve ainsi des ressources pr\u00e9cieuses. Elle est dot\u00e9e de deux poches en biais zipp\u00e9es, d&rsquo;un r\u00e9glage de capuche \u00e0 une main, et d&rsquo;un dos \u00e0 la coupe allong\u00e9e pour bien prot\u00e9ger le bas du dos sur la selle. Elle affronte en outre le mauvais temps comme personne avec ses propri\u00e9t\u00e9s imperm\u00e9able, \u00e9tanche au vent et respirante. La veste int\u00e9rieure rembourr\u00e9e 3 en 1 tient le corps bien au chaud sous les temp\u00e9ratures glaciales en hiver et se porte aussi en solo pour attirer tous les regards avec son l\u00e9ger matelassage. Les deux vestes femme, int\u00e9rieure et ext\u00e9rieure, sont compos\u00e9es de mat\u00e9riau \u00e9cologique certifi\u00e9 bluesign\u00ae, et procurent \u00e0 leurs propri\u00e9taires un grand bonheur pendant de longues ann\u00e9es. En tant que membre \u00e9lev\u00e9 au rang de Leader de l&rsquo;organisme ind\u00e9pendant Fair Wear, VAUDE s&rsquo;engage en faveur de conditions de travail et de salaires \u00e9quitables. Le label Green Shape de VAUDE garantit un produit \u00e9cologique, fonctionnel et fabriqu\u00e9 dans des mat\u00e9riaux durables.<\/p>\n<p><em>Veste ext\u00e9rieure:, mati\u00e8re double \u00e9paisseur, zip hydrophobe \u00e0 l&rsquo;avant, zip frontal avec rabat int\u00e9rieur, 2 poches frontales avec fermeture \u00e9clair, poignets partiellement \u00e9lastiquesVeste int\u00e9rieure:, zip \u00e0 l&rsquo;avant, 2 poches sur le devant, ceinture en partie \u00e9lastique, empi\u00e8cements \u00e9lastiques aux poignets<\/em><\/p>","protected":false},"excerpt":{"rendered":"<p>Veste 3-en-1 pour femme #\u00e9tanche au vent et imperm\u00e9able #veste int\u00e9rieure pouvant se porter s\u00e9par\u00e9ment #sans impact sur le climat; fabrication en mat\u00e9riau principalement recycl\u00e9<\/p>","protected":false},"featured_media":16602,"comment_status":"closed","ping_status":"open","template":"","meta":[],"product_brand":[375],"product_cat":[213,420,216],"product_tag":[365,368,422,421],"class_list":["post-10443","product","type-product","status-publish","has-post-thumbnail","product_brand-vaude","product_cat-boutique","product_cat-veste-3-en-1","product_cat-vetements","product_tag-boutique","product_tag-vente","product_tag-vente-vetement","product_tag-vetement","pa_couleur-black","pa_couleur-dark-oak-uni","pa_couleur-deep-pond","pa_taille-436","pa_taille-437","pa_taille-438","pa_taille-439","pa_taille-440","pa_taille-441","first","instock","purchasable","product-type-variable"],"_links":{"self":[{"href":"https:\/\/www.tracea.ch\/en\/wp-json\/wp\/v2\/product\/10443","targetHints":{"allow":["GET"]}}],"collection":[{"href":"https:\/\/www.tracea.ch\/en\/wp-json\/wp\/v2\/product"}],"about":[{"href":"https:\/\/www.tracea.ch\/en\/wp-json\/wp\/v2\/types\/product"}],"replies":[{"embeddable":true,"href":"https:\/\/www.tracea.ch\/en\/wp-json\/wp\/v2\/comments?post=10443"}],"version-history":[{"count":1,"href":"https:\/\/www.tracea.ch\/en\/wp-json\/wp\/v2\/product\/10443\/revisions"}],"predecessor-version":[{"id":28186,"href":"https:\/\/www.tracea.ch\/en\/wp-json\/wp\/v2\/product\/10443\/revisions\/28186"}],"wp:featuredmedia":[{"embeddable":true,"href":"https:\/\/www.tracea.ch\/en\/wp-json\/wp\/v2\/media\/16602"}],"wp:attachment":[{"href":"https:\/\/www.tracea.ch\/en\/wp-json\/wp\/v2\/media?parent=10443"}],"wp:term":[{"taxonomy":"product_brand","embeddable":true,"href":"https:\/\/www.tracea.ch\/en\/wp-json\/wp\/v2\/product_brand?post=10443"},{"taxonomy":"product_cat","embeddable":true,"href":"https:\/\/www.tracea.ch\/en\/wp-json\/wp\/v2\/product_cat?post=10443"},{"taxonomy":"product_tag","embeddable":true,"href":"https:\/\/www.tracea.ch\/en\/wp-json\/wp\/v2\/product_tag?post=10443"}],"curies":[{"name":"wp","href":"https:\/\/api.w.org\/{rel}","templated":true}]}}