{"id":10904,"date":"2026-06-30T20:01:35","date_gmt":"2026-06-30T20:01:35","guid":{"rendered":"https:\/\/www.tracea.ch\/boutique\/non%20class\u00e9\/shoecap-metis-ii\/"},"modified":"2026-07-07T17:38:01","modified_gmt":"2026-07-07T17:38:01","slug":"shoecap-metis-ii","status":"publish","type":"product","link":"https:\/\/www.tracea.ch\/en\/boutique\/shoecap-metis-ii\/","title":{"rendered":"Shoecap Metis II"},"content":{"rendered":"<p>Aussi petits que possible, aussi grands que n\u00e9cessaire. Ces prot\u00e8ge-orteils l\u00e9gers et coupe-vent en softshell 100% recycl\u00e9 se concentrent sur les bouts des orteils, particuli\u00e8rement sensibles. Ce produit est imperm\u00e9abilis\u00e9 gr\u00e2ce \u00e0 la finition Eco Finish, \u00e9cologique et sans perfluorocarbures (PFC). Le label Green Shape de VAUDE garantit des produits fonctionnels et \u00e9cologiques en mati\u00e8res durables.<\/p>\n<p><em>ext\u00e9rieur en 100% windproof, int\u00e9rieur en stretch, int\u00e9rieur gratt\u00e9, \u00e9quipement hydrophobe, \u00e9l\u00e9ments r\u00e9fl\u00e9chissants<\/em><\/p>","protected":false},"excerpt":{"rendered":"<p>Chaufferette pieds pour le cyclisme #Coupe-vent et respirante l\u00e0 o\u00f9 il faut gr\u00e2ce \u00e0 des mati\u00e8res diff\u00e9rentes dispos\u00e9es en zones #isolante, \u00e9lastique #fabrication \u00e9cologique et fabriqu\u00e9 \u00e0 partir de mat\u00e9riaux principalement recycl\u00e9s<\/p>","protected":false},"featured_media":15713,"comment_status":"closed","ping_status":"open","template":"","meta":[],"product_brand":[375],"product_cat":[480,213,216],"product_tag":[365,368,422,421],"class_list":["post-10904","product","type-product","status-publish","has-post-thumbnail","product_brand-vaude","product_cat-accessoires-vetements","product_cat-boutique","product_cat-vetements","product_tag-boutique","product_tag-vente","product_tag-vente-vetement","product_tag-vetement","pa_couleur-black","pa_taille-36-39","pa_taille-40-43","pa_taille-44-46","pa_taille-47-49","first","instock","purchasable","product-type-variable"],"_links":{"self":[{"href":"https:\/\/www.tracea.ch\/en\/wp-json\/wp\/v2\/product\/10904","targetHints":{"allow":["GET"]}}],"collection":[{"href":"https:\/\/www.tracea.ch\/en\/wp-json\/wp\/v2\/product"}],"about":[{"href":"https:\/\/www.tracea.ch\/en\/wp-json\/wp\/v2\/types\/product"}],"replies":[{"embeddable":true,"href":"https:\/\/www.tracea.ch\/en\/wp-json\/wp\/v2\/comments?post=10904"}],"version-history":[{"count":1,"href":"https:\/\/www.tracea.ch\/en\/wp-json\/wp\/v2\/product\/10904\/revisions"}],"predecessor-version":[{"id":28321,"href":"https:\/\/www.tracea.ch\/en\/wp-json\/wp\/v2\/product\/10904\/revisions\/28321"}],"wp:featuredmedia":[{"embeddable":true,"href":"https:\/\/www.tracea.ch\/en\/wp-json\/wp\/v2\/media\/15713"}],"wp:attachment":[{"href":"https:\/\/www.tracea.ch\/en\/wp-json\/wp\/v2\/media?parent=10904"}],"wp:term":[{"taxonomy":"product_brand","embeddable":true,"href":"https:\/\/www.tracea.ch\/en\/wp-json\/wp\/v2\/product_brand?post=10904"},{"taxonomy":"product_cat","embeddable":true,"href":"https:\/\/www.tracea.ch\/en\/wp-json\/wp\/v2\/product_cat?post=10904"},{"taxonomy":"product_tag","embeddable":true,"href":"https:\/\/www.tracea.ch\/en\/wp-json\/wp\/v2\/product_tag?post=10904"}],"curies":[{"name":"wp","href":"https:\/\/api.w.org\/{rel}","templated":true}]}}