{"id":10942,"date":"2026-06-30T20:02:03","date_gmt":"2026-06-30T20:02:03","guid":{"rendered":"https:\/\/www.tracea.ch\/boutique\/non%20class\u00e9\/tura-gloves-ii\/"},"modified":"2026-07-07T17:38:48","modified_gmt":"2026-07-07T17:38:48","slug":"tura-gloves-ii","status":"publish","type":"product","link":"https:\/\/www.tracea.ch\/en\/boutique\/tura-gloves-ii\/","title":{"rendered":"Tura Gloves II"},"content":{"rendered":"<p>Par tous les temps. Avec ces gants cyclistes \u00e9tanches \u00e0 l&rsquo;eau, vous garderez la ma\u00eetrise de votre guidon, en d\u00e9pit du froid et du vent. La doublure en PrimaLoft\u00ae avec technologie Grip Control assure une parfaite isolation de la paume de la main et en combinaison avec des imprim\u00e9s silicon\u00e9s, le tout assure une parfaite tenue sur le guidon. Le bout du majeur est \u00e9quip\u00e9 d&rsquo;un insert permettant le maniement des \u00e9crans tacites de votre Smartphone ou tachym\u00e8tre. Autres d\u00e9tails: \u00e9l\u00e9ments r\u00e9fl\u00e9chissants, mati\u00e8re absorbante sur le pouce et poignet ajustable en largeur.<\/p>\n<p><em>doigts pr\u00e9form\u00e9s, bout de l\u2019index compatible avec l\u2019utilisation d\u2019un \u00e9cran tactile, mati\u00e8re douce au niveau du pouce, PrimaLoft\u00ae Gold Insulation Eco with Grip Control, cordon avec syst\u00e8me qui se d\u00e9fait rapidement au poignet, int\u00e9rieur avec doublure , imprim\u00e9s silicon\u00e9s aux bouts des doigts, imprim\u00e9s silicon\u00e9s dans la paume de la main, \u00e9l\u00e9ments r\u00e9fl\u00e9chissants<\/em><\/p>","protected":false},"excerpt":{"rendered":"<p>Gants pour les sports cyclistes #\u00e9tanches \u00e0 l&rsquo;eau et au vent, respirants #tr\u00e8s chauds #avec fonction e-touch<\/p>","protected":false},"featured_media":15979,"comment_status":"closed","ping_status":"open","template":"","meta":[],"product_brand":[375],"product_cat":[480,213,216],"product_tag":[365,368,422,421],"class_list":["post-10942","product","type-product","status-publish","has-post-thumbnail","product_brand-vaude","product_cat-accessoires-vetements","product_cat-boutique","product_cat-vetements","product_tag-boutique","product_tag-vente","product_tag-vente-vetement","product_tag-vetement","pa_couleur-black","pa_taille-490","pa_taille-491","pa_taille-492","pa_taille-500","pa_taille-486","pa_taille-488","pa_taille-489","first","instock","purchasable","product-type-variable"],"_links":{"self":[{"href":"https:\/\/www.tracea.ch\/en\/wp-json\/wp\/v2\/product\/10942","targetHints":{"allow":["GET"]}}],"collection":[{"href":"https:\/\/www.tracea.ch\/en\/wp-json\/wp\/v2\/product"}],"about":[{"href":"https:\/\/www.tracea.ch\/en\/wp-json\/wp\/v2\/types\/product"}],"replies":[{"embeddable":true,"href":"https:\/\/www.tracea.ch\/en\/wp-json\/wp\/v2\/comments?post=10942"}],"version-history":[{"count":1,"href":"https:\/\/www.tracea.ch\/en\/wp-json\/wp\/v2\/product\/10942\/revisions"}],"predecessor-version":[{"id":28332,"href":"https:\/\/www.tracea.ch\/en\/wp-json\/wp\/v2\/product\/10942\/revisions\/28332"}],"wp:featuredmedia":[{"embeddable":true,"href":"https:\/\/www.tracea.ch\/en\/wp-json\/wp\/v2\/media\/15979"}],"wp:attachment":[{"href":"https:\/\/www.tracea.ch\/en\/wp-json\/wp\/v2\/media?parent=10942"}],"wp:term":[{"taxonomy":"product_brand","embeddable":true,"href":"https:\/\/www.tracea.ch\/en\/wp-json\/wp\/v2\/product_brand?post=10942"},{"taxonomy":"product_cat","embeddable":true,"href":"https:\/\/www.tracea.ch\/en\/wp-json\/wp\/v2\/product_cat?post=10942"},{"taxonomy":"product_tag","embeddable":true,"href":"https:\/\/www.tracea.ch\/en\/wp-json\/wp\/v2\/product_tag?post=10942"}],"curies":[{"name":"wp","href":"https:\/\/api.w.org\/{rel}","templated":true}]}}