{"id":11117,"date":"2026-06-30T20:04:03","date_gmt":"2026-06-30T20:04:03","guid":{"rendered":"https:\/\/www.tracea.ch\/boutique\/non%20class\u00e9\/strone-gloves\/"},"modified":"2026-07-07T17:42:47","modified_gmt":"2026-07-07T17:42:47","slug":"strone-gloves","status":"publish","type":"product","link":"https:\/\/www.tracea.ch\/en\/boutique\/strone-gloves\/","title":{"rendered":"Strone Gloves"},"content":{"rendered":"<p>Les gants Strone Gloves seront tes nouveaux meilleurs amis en selle! Confectionn\u00e9s dans une mati\u00e8re softshell particuli\u00e8rement agr\u00e9able et l\u00e9g\u00e8rement \u00e9lastique, ils s\u00e9duisent aussi par une s\u00e9rie de d\u00e9tails pratiques comme des \u00e9l\u00e9ments r\u00e9fl\u00e9chissants et l&#8217;empreinte silicone, qui garantissent une s\u00e9curit\u00e9 optimum sur la route et par tous les temps. Avec sa cat\u00e9gorie de prix attractive, les gants Strone Gloves sont les parfaits compagnons des cyclistes chevronn\u00e9s en qu\u00eate de gants pour tous les jours. En outre, les gants b\u00e9n\u00e9ficient de la finition sans PFC Eco Finish qui forme une barri\u00e8re efficace contre l&rsquo;humidit\u00e9. Le label Green Shape de VAUDE garantit un produit \u00e9cologique, fonctionnel et fabriqu\u00e9 dans des mat\u00e9riaux durables.<\/p>\n<p><em>mati\u00e8re \u00e9lastique, avec impression en silicone pour une meilleure tenue, \u00e9l\u00e9ments r\u00e9fl\u00e9chissants<\/em><\/p>","protected":false},"excerpt":{"rendered":"<p>Gants softshell sportifs pour le cyclisme #coupe-vent et respirants #\u00e9l\u00e9ments r\u00e9fl\u00e9chissants et empreintes en silicone #fabrication \u00e9cologique<\/p>","protected":false},"featured_media":20279,"comment_status":"closed","ping_status":"open","template":"","meta":[],"product_brand":[375],"product_cat":[480,213,216],"product_tag":[365,368,422,421],"class_list":["post-11117","product","type-product","status-publish","has-post-thumbnail","product_brand-vaude","product_cat-accessoires-vetements","product_cat-boutique","product_cat-vetements","product_tag-boutique","product_tag-vente","product_tag-vente-vetement","product_tag-vetement","pa_couleur-black","pa_taille-490","pa_taille-491","pa_taille-492","pa_taille-500","pa_taille-486","pa_taille-488","pa_taille-489","first","instock","purchasable","product-type-variable"],"_links":{"self":[{"href":"https:\/\/www.tracea.ch\/en\/wp-json\/wp\/v2\/product\/11117","targetHints":{"allow":["GET"]}}],"collection":[{"href":"https:\/\/www.tracea.ch\/en\/wp-json\/wp\/v2\/product"}],"about":[{"href":"https:\/\/www.tracea.ch\/en\/wp-json\/wp\/v2\/types\/product"}],"replies":[{"embeddable":true,"href":"https:\/\/www.tracea.ch\/en\/wp-json\/wp\/v2\/comments?post=11117"}],"version-history":[{"count":1,"href":"https:\/\/www.tracea.ch\/en\/wp-json\/wp\/v2\/product\/11117\/revisions"}],"predecessor-version":[{"id":28386,"href":"https:\/\/www.tracea.ch\/en\/wp-json\/wp\/v2\/product\/11117\/revisions\/28386"}],"wp:featuredmedia":[{"embeddable":true,"href":"https:\/\/www.tracea.ch\/en\/wp-json\/wp\/v2\/media\/20279"}],"wp:attachment":[{"href":"https:\/\/www.tracea.ch\/en\/wp-json\/wp\/v2\/media?parent=11117"}],"wp:term":[{"taxonomy":"product_brand","embeddable":true,"href":"https:\/\/www.tracea.ch\/en\/wp-json\/wp\/v2\/product_brand?post=11117"},{"taxonomy":"product_cat","embeddable":true,"href":"https:\/\/www.tracea.ch\/en\/wp-json\/wp\/v2\/product_cat?post=11117"},{"taxonomy":"product_tag","embeddable":true,"href":"https:\/\/www.tracea.ch\/en\/wp-json\/wp\/v2\/product_tag?post=11117"}],"curies":[{"name":"wp","href":"https:\/\/api.w.org\/{rel}","templated":true}]}}