{"id":11196,"date":"2026-06-30T20:04:52","date_gmt":"2026-06-30T20:04:52","guid":{"rendered":"https:\/\/www.tracea.ch\/boutique\/non%20class\u00e9\/wool-socks-short\/"},"modified":"2026-07-07T17:44:13","modified_gmt":"2026-07-07T17:44:13","slug":"wool-socks-short","status":"publish","type":"product","link":"https:\/\/www.tracea.ch\/en\/boutique\/wool-socks-short\/","title":{"rendered":"Wool Socks Short"},"content":{"rendered":"<p>Cette chaussette montante convient \u00e0 la randonn\u00e9e ou au v\u00e9lo, et d&rsquo;une mani\u00e8re g\u00e9n\u00e9rale sur les quatre chemins. Chaude gr\u00e2ce \u00e0 sa haute teneur en laine, la chaussette sport s\u00e8che rapidement et procure un effet anti-odeurs. Des renforts en tissu \u00e9ponge et des zones de tricot diff\u00e9rent assurent un confort optimal et permettent d&rsquo;\u00e9viter les ampoules m\u00eame dans des parcours longs de rando ou de cyclisme. Le mat\u00e9riau est un m\u00e9lange de laine m\u00e9rinos certifi\u00e9e et de polyamide Econyl\u00ae \u00e9labor\u00e9 \u00e0 partir d&rsquo;anciens filets de p\u00eacheur. Le label Green Shape de VAUDE garantit un produit \u00e9cologique, fonctionnel et fabriqu\u00e9 dans des mat\u00e9riaux durables certifi\u00e9s bluesign\u00ae. En tant que membre \u00e9lev\u00e9 au rang de Leader de l&rsquo;organisme ind\u00e9pendant Fair Wear, VAUDE s&rsquo;engage en faveur de conditions de travail et de salaires \u00e9quitables.<\/p>\n<p><em>thick padding in the heel and sole<\/em><\/p>","protected":false},"excerpt":{"rendered":"<p>Chaussettes courtes en m\u00e9lange de laine pour le sport outdoor et le cyclisme #anti-odeurs et chauffantes #diff\u00e9rentes zones tricot\u00e9es et renforc\u00e9es #sans impact sur le climat; fabrication \u00e9cologique en laine m\u00e9rinos certifi\u00e9e et filets de p\u00eache recycl\u00e9s<\/p>","protected":false},"featured_media":22357,"comment_status":"closed","ping_status":"open","template":"","meta":[],"product_brand":[375],"product_cat":[480,213,216],"product_tag":[365,368,422,421],"class_list":["post-11196","product","type-product","status-publish","has-post-thumbnail","product_brand-vaude","product_cat-accessoires-vetements","product_cat-boutique","product_cat-vetements","product_tag-boutique","product_tag-vente","product_tag-vente-vetement","product_tag-vetement","pa_couleur-dark-sea","pa_couleur-grey-melange","pa_taille-36-38","pa_taille-39-41","pa_taille-42-44","pa_taille-45-47","first","instock","purchasable","product-type-variable"],"_links":{"self":[{"href":"https:\/\/www.tracea.ch\/en\/wp-json\/wp\/v2\/product\/11196","targetHints":{"allow":["GET"]}}],"collection":[{"href":"https:\/\/www.tracea.ch\/en\/wp-json\/wp\/v2\/product"}],"about":[{"href":"https:\/\/www.tracea.ch\/en\/wp-json\/wp\/v2\/types\/product"}],"replies":[{"embeddable":true,"href":"https:\/\/www.tracea.ch\/en\/wp-json\/wp\/v2\/comments?post=11196"}],"version-history":[{"count":1,"href":"https:\/\/www.tracea.ch\/en\/wp-json\/wp\/v2\/product\/11196\/revisions"}],"predecessor-version":[{"id":28412,"href":"https:\/\/www.tracea.ch\/en\/wp-json\/wp\/v2\/product\/11196\/revisions\/28412"}],"wp:featuredmedia":[{"embeddable":true,"href":"https:\/\/www.tracea.ch\/en\/wp-json\/wp\/v2\/media\/22357"}],"wp:attachment":[{"href":"https:\/\/www.tracea.ch\/en\/wp-json\/wp\/v2\/media?parent=11196"}],"wp:term":[{"taxonomy":"product_brand","embeddable":true,"href":"https:\/\/www.tracea.ch\/en\/wp-json\/wp\/v2\/product_brand?post=11196"},{"taxonomy":"product_cat","embeddable":true,"href":"https:\/\/www.tracea.ch\/en\/wp-json\/wp\/v2\/product_cat?post=11196"},{"taxonomy":"product_tag","embeddable":true,"href":"https:\/\/www.tracea.ch\/en\/wp-json\/wp\/v2\/product_tag?post=11196"}],"curies":[{"name":"wp","href":"https:\/\/api.w.org\/{rel}","templated":true}]}}