{"id":11205,"date":"2026-06-30T20:04:58","date_gmt":"2026-06-30T20:04:58","guid":{"rendered":"https:\/\/www.tracea.ch\/boutique\/non%20class\u00e9\/bike-facemask-warm-ii\/"},"modified":"2026-07-07T17:44:17","modified_gmt":"2026-07-07T17:44:17","slug":"bike-facemask-warm-ii","status":"publish","type":"product","link":"https:\/\/www.tracea.ch\/en\/boutique\/bike-facemask-warm-ii\/","title":{"rendered":"Bike Facemask Warm II"},"content":{"rendered":"<p>Masque facile de construction hybride pour le v\u00e9lo au quotidien \u00e0 l&rsquo;\u00e9preuve du froid et le cyclotourisme. Un mat\u00e9riau softshell recycl\u00e9 en majeure partie est utilis\u00e9 dans la zone avant de la bouche, du nez et de la calotte. La zone de la bouche est perfor\u00e9e pour assurer une respiration sans peine et \u00e9vacuer l&rsquo;humidit\u00e9. L&rsquo;ensemble du cou est r\u00e9chauff\u00e9 en cas de grand froid par une polaire souple \u00e0 s\u00e9chage rapide en polyester recycl\u00e9. Le masque facial Bike Facemask Warm est l&rsquo;accessoire id\u00e9al pour le v\u00e9lo, la course et d&rsquo;autres activit\u00e9s les jours froids en hiver. Le label Green Shape de VAUDE garantit un produit \u00e9cologique, fonctionnel et fabriqu\u00e9 dans des mat\u00e9riaux durables. En tant que membre \u00e9lev\u00e9 au rang de Leader de l&rsquo;organisme ind\u00e9pendant Fair Wear, VAUDE s&rsquo;engage en faveur de conditions de travail et de salaires \u00e9quitables.<\/p>\n<p><em>tour du cou en fleece 100, parties windproof \u00e0 l&rsquo;avant, milieu avec trous poin\u00e7onn\u00e9s<\/em><\/p>","protected":false},"excerpt":{"rendered":"<p>Masque facial chaud pour le sport cycliste #respirant et \u00e0 s\u00e9chage rapide #construction hybride pour fonction optimis\u00e9e#en mat\u00e9riaux recycl\u00e9s<\/p>","protected":false},"featured_media":22389,"comment_status":"closed","ping_status":"open","template":"","meta":[],"product_brand":[375],"product_cat":[480,213,216],"product_tag":[365,368,422,421],"class_list":["post-11205","product","type-product","status-publish","has-post-thumbnail","product_brand-vaude","product_cat-accessoires-vetements","product_cat-boutique","product_cat-vetements","product_tag-boutique","product_tag-vente","product_tag-vente-vetement","product_tag-vetement","pa_couleur-black","pa_taille-l","pa_taille-s","first","instock","purchasable","product-type-variable"],"_links":{"self":[{"href":"https:\/\/www.tracea.ch\/en\/wp-json\/wp\/v2\/product\/11205","targetHints":{"allow":["GET"]}}],"collection":[{"href":"https:\/\/www.tracea.ch\/en\/wp-json\/wp\/v2\/product"}],"about":[{"href":"https:\/\/www.tracea.ch\/en\/wp-json\/wp\/v2\/types\/product"}],"replies":[{"embeddable":true,"href":"https:\/\/www.tracea.ch\/en\/wp-json\/wp\/v2\/comments?post=11205"}],"version-history":[{"count":1,"href":"https:\/\/www.tracea.ch\/en\/wp-json\/wp\/v2\/product\/11205\/revisions"}],"predecessor-version":[{"id":28414,"href":"https:\/\/www.tracea.ch\/en\/wp-json\/wp\/v2\/product\/11205\/revisions\/28414"}],"wp:featuredmedia":[{"embeddable":true,"href":"https:\/\/www.tracea.ch\/en\/wp-json\/wp\/v2\/media\/22389"}],"wp:attachment":[{"href":"https:\/\/www.tracea.ch\/en\/wp-json\/wp\/v2\/media?parent=11205"}],"wp:term":[{"taxonomy":"product_brand","embeddable":true,"href":"https:\/\/www.tracea.ch\/en\/wp-json\/wp\/v2\/product_brand?post=11205"},{"taxonomy":"product_cat","embeddable":true,"href":"https:\/\/www.tracea.ch\/en\/wp-json\/wp\/v2\/product_cat?post=11205"},{"taxonomy":"product_tag","embeddable":true,"href":"https:\/\/www.tracea.ch\/en\/wp-json\/wp\/v2\/product_tag?post=11205"}],"curies":[{"name":"wp","href":"https:\/\/api.w.org\/{rel}","templated":true}]}}