{"id":11230,"date":"2026-06-30T20:05:12","date_gmt":"2026-06-30T20:05:12","guid":{"rendered":"https:\/\/www.tracea.ch\/boutique\/non%20class\u00e9\/moena-beanie-ii\/"},"modified":"2026-07-07T17:44:52","modified_gmt":"2026-07-07T17:44:52","slug":"moena-beanie-ii","status":"publish","type":"product","link":"https:\/\/www.tracea.ch\/en\/boutique\/moena-beanie-ii\/","title":{"rendered":"Moena Beanie II"},"content":{"rendered":"<p>Chaud et doux: bonnet beanie classique \u00e0 rebords c\u00f4tel\u00e9s. Il tient les oreilles bien au chaud et constitue un accessoire sympa en montagne, en ville ou atour du feu de camp. Le m\u00e9lange de laine et de polyester recycl\u00e9 du bonnet Moena Beanie II assure confort et s\u00e9chage rapide. Le label Green Shape de VAUDE garantit un produit \u00e9cologique, fonctionnel et fabriqu\u00e9 dans des mat\u00e9riaux durables certifi\u00e9s bluesign\u00ae. En tant que membre \u00e9lev\u00e9 au rang de Leader de l&rsquo;organisme ind\u00e9pendant Fair Wear, VAUDE s&rsquo;engage en faveur de conditions de travail et de salaires \u00e9quitables.<\/p>\n<p><em>avec bord \u00e0 rabattre, large tricot c\u00f4tes 1&#215;1<\/em><\/p>","protected":false},"excerpt":{"rendered":"<p>Bonnet en m\u00e9lange de laine fa\u00e7on beanie pour toute la famille #respirant, \u00e9lastique et chaud #doux et agr\u00e9able \u00e0 porter#fabrication \u00e9cologique en fils biosourc\u00e9s et recycl\u00e9s<\/p>","protected":false},"featured_media":22678,"comment_status":"closed","ping_status":"open","template":"","meta":[],"product_brand":[375],"product_cat":[480,213,216],"product_tag":[365,368,422,421],"class_list":["post-11230","product","type-product","status-publish","has-post-thumbnail","product_brand-vaude","product_cat-accessoires-vetements","product_cat-boutique","product_cat-vetements","product_tag-boutique","product_tag-vente","product_tag-vente-vetement","product_tag-vetement","pa_couleur-agave","pa_couleur-black-black","pa_couleur-dark-iris","pa_couleur-dark-oak","pa_couleur-dark-sea-uni","pa_couleur-ecru-uni","pa_couleur-savanna","pa_taille-490","first","instock","purchasable","product-type-variable"],"_links":{"self":[{"href":"https:\/\/www.tracea.ch\/en\/wp-json\/wp\/v2\/product\/11230","targetHints":{"allow":["GET"]}}],"collection":[{"href":"https:\/\/www.tracea.ch\/en\/wp-json\/wp\/v2\/product"}],"about":[{"href":"https:\/\/www.tracea.ch\/en\/wp-json\/wp\/v2\/types\/product"}],"replies":[{"embeddable":true,"href":"https:\/\/www.tracea.ch\/en\/wp-json\/wp\/v2\/comments?post=11230"}],"version-history":[{"count":1,"href":"https:\/\/www.tracea.ch\/en\/wp-json\/wp\/v2\/product\/11230\/revisions"}],"predecessor-version":[{"id":28422,"href":"https:\/\/www.tracea.ch\/en\/wp-json\/wp\/v2\/product\/11230\/revisions\/28422"}],"wp:featuredmedia":[{"embeddable":true,"href":"https:\/\/www.tracea.ch\/en\/wp-json\/wp\/v2\/media\/22678"}],"wp:attachment":[{"href":"https:\/\/www.tracea.ch\/en\/wp-json\/wp\/v2\/media?parent=11230"}],"wp:term":[{"taxonomy":"product_brand","embeddable":true,"href":"https:\/\/www.tracea.ch\/en\/wp-json\/wp\/v2\/product_brand?post=11230"},{"taxonomy":"product_cat","embeddable":true,"href":"https:\/\/www.tracea.ch\/en\/wp-json\/wp\/v2\/product_cat?post=11230"},{"taxonomy":"product_tag","embeddable":true,"href":"https:\/\/www.tracea.ch\/en\/wp-json\/wp\/v2\/product_tag?post=11230"}],"curies":[{"name":"wp","href":"https:\/\/api.w.org\/{rel}","templated":true}]}}