{"id":11333,"date":"2026-06-30T20:06:24","date_gmt":"2026-06-30T20:06:24","guid":{"rendered":"https:\/\/www.tracea.ch\/boutique\/non%20class\u00e9\/escape-rain-hat-ii\/"},"modified":"2026-07-07T17:46:48","modified_gmt":"2026-07-07T17:46:48","slug":"escape-rain-hat-ii","status":"publish","type":"product","link":"https:\/\/www.tracea.ch\/en\/boutique\/escape-rain-hat-ii\/","title":{"rendered":"Escape Rain Hat II"},"content":{"rendered":"<p>Le chapeau de pluie Escape est indispensable dans tout \u00e9quipement de base pour se prot\u00e9ger correctement contre la pluie. \u00c9tanche au vent et imperm\u00e9able, la mati\u00e8re bicouche offre une protection impeccable contre l&rsquo;humidit\u00e9. Son bord large \u00e9carte la pluie du visage. Il est \u00e9largi \u00e0 l&rsquo;arri\u00e8re pour \u00e9loigner la pluie comme le soleil de la nuque. Le chapeau de pluie est \u00e9galement bien \u00e9quip\u00e9 pour contrer les rafales de vent. Son cordon r\u00e9glable et \u00e9lastique permet de le tenir serr\u00e9 sur la t\u00eate. La membrane respirante \u00e9vacue l&rsquo;humidit\u00e9 vers l&rsquo;ext\u00e9rieur pour garder la t\u00eate froide. \u00c0 ceci s&rsquo;ajoutent les propri\u00e9t\u00e9s de facilit\u00e9 d&rsquo;entretien, de s\u00e9chage rapide et de protection anti-UV LSF 50+ du chapeau de pluie Escape. Compress\u00e9 dans sa poche int\u00e9rieure int\u00e9gr\u00e9e, il se fait tout petit dans chaque sac \u00e0 dos et se rend imm\u00e9diatement utile quand la pluie se met \u00e0 tomber.<\/p>\n<p><em>mati\u00e8re double \u00e9paisseur, large bord, possibilit\u00e9 de rangement \u00e0 l&rsquo;int\u00e9rieur, largeur ajustable \u00e0 l&rsquo;aide d&rsquo;un \u00e9lastique, avec doublure en filet l\u00e9g\u00e8re<\/em><\/p>","protected":false},"excerpt":{"rendered":"<p>Chapeau de pluie pour la randonn\u00e9e et le voyage #imperm\u00e9able et \u00e9tanche au vent #compressible #fabrication en mat\u00e9riaux recycl\u00e9s<\/p>","protected":false},"featured_media":24066,"comment_status":"closed","ping_status":"open","template":"","meta":[],"product_brand":[375],"product_cat":[480,213,216],"product_tag":[365,368,422,421],"class_list":["post-11333","product","type-product","status-publish","has-post-thumbnail","product_brand-vaude","product_cat-accessoires-vetements","product_cat-boutique","product_cat-vetements","product_tag-boutique","product_tag-vente","product_tag-vente-vetement","product_tag-vetement","pa_couleur-black","pa_couleur-dark-sea","pa_taille-l","pa_taille-m","first","instock","purchasable","product-type-variable"],"_links":{"self":[{"href":"https:\/\/www.tracea.ch\/en\/wp-json\/wp\/v2\/product\/11333","targetHints":{"allow":["GET"]}}],"collection":[{"href":"https:\/\/www.tracea.ch\/en\/wp-json\/wp\/v2\/product"}],"about":[{"href":"https:\/\/www.tracea.ch\/en\/wp-json\/wp\/v2\/types\/product"}],"replies":[{"embeddable":true,"href":"https:\/\/www.tracea.ch\/en\/wp-json\/wp\/v2\/comments?post=11333"}],"version-history":[{"count":1,"href":"https:\/\/www.tracea.ch\/en\/wp-json\/wp\/v2\/product\/11333\/revisions"}],"predecessor-version":[{"id":28447,"href":"https:\/\/www.tracea.ch\/en\/wp-json\/wp\/v2\/product\/11333\/revisions\/28447"}],"wp:featuredmedia":[{"embeddable":true,"href":"https:\/\/www.tracea.ch\/en\/wp-json\/wp\/v2\/media\/24066"}],"wp:attachment":[{"href":"https:\/\/www.tracea.ch\/en\/wp-json\/wp\/v2\/media?parent=11333"}],"wp:term":[{"taxonomy":"product_brand","embeddable":true,"href":"https:\/\/www.tracea.ch\/en\/wp-json\/wp\/v2\/product_brand?post=11333"},{"taxonomy":"product_cat","embeddable":true,"href":"https:\/\/www.tracea.ch\/en\/wp-json\/wp\/v2\/product_cat?post=11333"},{"taxonomy":"product_tag","embeddable":true,"href":"https:\/\/www.tracea.ch\/en\/wp-json\/wp\/v2\/product_tag?post=11333"}],"curies":[{"name":"wp","href":"https:\/\/api.w.org\/{rel}","templated":true}]}}