{"id":11433,"date":"2026-06-30T20:07:26","date_gmt":"2026-06-30T20:07:26","guid":{"rendered":"https:\/\/www.tracea.ch\/boutique\/non%20class\u00e9\/moena-headband\/"},"modified":"2026-07-07T17:48:42","modified_gmt":"2026-07-07T17:48:42","slug":"moena-headband","status":"publish","type":"product","link":"https:\/\/www.tracea.ch\/en\/boutique\/moena-headband\/","title":{"rendered":"Moena Headband"},"content":{"rendered":"<p>Le bandeau Moena est l&rsquo;accessoire id\u00e9al en automne et en hiver. Ce bandeau \u00e9l\u00e9gant fait toujours sensation au quotidien comme dans les sports de plein air. Il tient les oreilles bien au chaud tout en ma\u00eetrisant les m\u00e8ches folles et en prot\u00e9geant les yeux des gouttes de sueur. \u00c0 ceci s&rsquo;ajoute son tricot sans coutures pour assurer une tenue agr\u00e9able et confortable.<\/p>\n<p><em>tricot\u00e9 sans coutures<\/em><\/p>","protected":false},"excerpt":{"rendered":"<p>Bandeau confortable pour sports d&rsquo;hiver et quotidien #tricot ajust\u00e9 sans coutures #look moderne et minimaliste #mati\u00e8re principale partiellement fabriqu\u00e9e en polyester recycl\u00e9<\/p>","protected":false},"featured_media":25178,"comment_status":"closed","ping_status":"open","template":"","meta":[],"product_brand":[375],"product_cat":[480,213,216],"product_tag":[365,368,422,421],"class_list":["post-11433","product","type-product","status-publish","has-post-thumbnail","product_brand-vaude","product_cat-accessoires-vetements","product_cat-boutique","product_cat-vetements","product_tag-boutique","product_tag-vente","product_tag-vente-vetement","product_tag-vetement","pa_couleur-deep-pond","pa_couleur-ecru","pa_couleur-phantom-black","pa_couleur-savanna","pa_taille-490","first","instock","purchasable","product-type-variable"],"_links":{"self":[{"href":"https:\/\/www.tracea.ch\/en\/wp-json\/wp\/v2\/product\/11433","targetHints":{"allow":["GET"]}}],"collection":[{"href":"https:\/\/www.tracea.ch\/en\/wp-json\/wp\/v2\/product"}],"about":[{"href":"https:\/\/www.tracea.ch\/en\/wp-json\/wp\/v2\/types\/product"}],"replies":[{"embeddable":true,"href":"https:\/\/www.tracea.ch\/en\/wp-json\/wp\/v2\/comments?post=11433"}],"version-history":[{"count":1,"href":"https:\/\/www.tracea.ch\/en\/wp-json\/wp\/v2\/product\/11433\/revisions"}],"predecessor-version":[{"id":28459,"href":"https:\/\/www.tracea.ch\/en\/wp-json\/wp\/v2\/product\/11433\/revisions\/28459"}],"wp:featuredmedia":[{"embeddable":true,"href":"https:\/\/www.tracea.ch\/en\/wp-json\/wp\/v2\/media\/25178"}],"wp:attachment":[{"href":"https:\/\/www.tracea.ch\/en\/wp-json\/wp\/v2\/media?parent=11433"}],"wp:term":[{"taxonomy":"product_brand","embeddable":true,"href":"https:\/\/www.tracea.ch\/en\/wp-json\/wp\/v2\/product_brand?post=11433"},{"taxonomy":"product_cat","embeddable":true,"href":"https:\/\/www.tracea.ch\/en\/wp-json\/wp\/v2\/product_cat?post=11433"},{"taxonomy":"product_tag","embeddable":true,"href":"https:\/\/www.tracea.ch\/en\/wp-json\/wp\/v2\/product_tag?post=11433"}],"curies":[{"name":"wp","href":"https:\/\/api.w.org\/{rel}","templated":true}]}}