{"id":11588,"date":"2026-06-30T20:09:15","date_gmt":"2026-06-30T20:09:15","guid":{"rendered":"https:\/\/www.tracea.ch\/boutique\/non%20class\u00e9\/uv-cap-ii\/"},"modified":"2026-07-07T17:52:04","modified_gmt":"2026-07-07T17:52:04","slug":"uv-cap-ii","status":"publish","type":"product","link":"https:\/\/www.tracea.ch\/en\/boutique\/uv-cap-ii\/","title":{"rendered":"UV Cap II"},"content":{"rendered":"<p>Cette casquette l\u00e9g\u00e8re se porte simplement sous le casque de v\u00e9lo et prot\u00e8ge efficacement la t\u00eate contre les rayons nocifs du soleil (UPF 50). Le tissu \u00e9lastique s&rsquo;adapte parfaitement et assure un bon maintien. En t\u00e9moigne le label VAUDE Green Shape, qui distingue les produits \u00e9cologiques et fonctionnels fabriqu\u00e9s \u00e0 partir de mat\u00e9riaux durables. Le label Green Shape de VAUDE garantit un produit \u00e9cologique, fonctionnel et fabriqu\u00e9 dans des mat\u00e9riaux durables.<\/p>\n<p><em>coupe pr\u00e8s de la t\u00eate, protection UV, coutures flatlock<\/em><\/p>","protected":false},"excerpt":{"rendered":"<p>Bonnet fin pour surcroit de chaleur et protection solaire sous le casque #l\u00e9ger, respirant et \u00e0 s\u00e9chage rapide #mati\u00e8re \u00e9lastique, haute protection anti-UV #enti\u00e8rement fabriqu\u00e9 en polyester recycl\u00e9 et \u00e9lasthanne<\/p>","protected":false},"featured_media":0,"comment_status":"closed","ping_status":"open","template":"","meta":[],"product_brand":[375],"product_cat":[480,213,216],"product_tag":[365,368,422,421],"class_list":["post-11588","product","type-product","status-publish","product_brand-vaude","product_cat-accessoires-vetements","product_cat-boutique","product_cat-vetements","product_tag-boutique","product_tag-vente","product_tag-vente-vetement","product_tag-vetement","pa_couleur-black-uni","pa_taille-l","pa_taille-m","pa_taille-s","first","instock","purchasable","product-type-variable"],"_links":{"self":[{"href":"https:\/\/www.tracea.ch\/en\/wp-json\/wp\/v2\/product\/11588","targetHints":{"allow":["GET"]}}],"collection":[{"href":"https:\/\/www.tracea.ch\/en\/wp-json\/wp\/v2\/product"}],"about":[{"href":"https:\/\/www.tracea.ch\/en\/wp-json\/wp\/v2\/types\/product"}],"replies":[{"embeddable":true,"href":"https:\/\/www.tracea.ch\/en\/wp-json\/wp\/v2\/comments?post=11588"}],"version-history":[{"count":1,"href":"https:\/\/www.tracea.ch\/en\/wp-json\/wp\/v2\/product\/11588\/revisions"}],"predecessor-version":[{"id":28503,"href":"https:\/\/www.tracea.ch\/en\/wp-json\/wp\/v2\/product\/11588\/revisions\/28503"}],"wp:attachment":[{"href":"https:\/\/www.tracea.ch\/en\/wp-json\/wp\/v2\/media?parent=11588"}],"wp:term":[{"taxonomy":"product_brand","embeddable":true,"href":"https:\/\/www.tracea.ch\/en\/wp-json\/wp\/v2\/product_brand?post=11588"},{"taxonomy":"product_cat","embeddable":true,"href":"https:\/\/www.tracea.ch\/en\/wp-json\/wp\/v2\/product_cat?post=11588"},{"taxonomy":"product_tag","embeddable":true,"href":"https:\/\/www.tracea.ch\/en\/wp-json\/wp\/v2\/product_tag?post=11588"}],"curies":[{"name":"wp","href":"https:\/\/api.w.org\/{rel}","templated":true}]}}