{"id":11871,"date":"2026-06-30T20:15:20","date_gmt":"2026-06-30T20:15:20","guid":{"rendered":"https:\/\/www.tracea.ch\/boutique\/non%20class\u00e9\/womens-yaras-sl-shirt-ii\/"},"modified":"2026-07-07T18:03:10","modified_gmt":"2026-07-07T18:03:10","slug":"womens-yaras-sl-shirt-ii","status":"publish","type":"product","link":"https:\/\/www.tracea.ch\/en\/boutique\/womens-yaras-sl-shirt-ii\/","title":{"rendered":"Women&rsquo;s Yaras SL Shirt II"},"content":{"rendered":"<p>En route avec \u00e9l\u00e9gance sur le v\u00e9lo. Ce maillot f\u00e9minin \u00e0 la coupe d\u00e9contract\u00e9e fait toujours bonne figure pendant et lors de la randonn\u00e9e d&rsquo;un jour et \u00e0 chaque arr\u00eat. Le joli col montant, la courte patte de boutonnage et les manches courtes raffin\u00e9es apportent une touche visuelle. Les fronces dans le dos au-dessus des empi\u00e8cements en mesh et la finition d\u00e9contract\u00e9e qui entoure les hanches assurent une bonne a\u00e9ration et un ajustement confortable. Le tissu l\u00e9ger et tr\u00e8s \u00e9lastique, certifi\u00e9 bluesign\u00ae, est doux sur la peau et s\u00e8che particuli\u00e8rement vite. Le short Yaras est le compagnon id\u00e9al de ce maillot de cyclisme f\u00e9minin. Le label VAUDE Green Shape est synonyme de produit \u00e9cologique et fonctionnel fabriqu\u00e9 \u00e0 partir de mat\u00e9riaux durables.<\/p>\n<p><em>pli au dos, mati\u00e8re \u00e9lastique, passant avant avec boutons, col montant, \u00e9l\u00e9ments r\u00e9fl\u00e9chissants<\/em><\/p>","protected":false},"excerpt":{"rendered":"<p>Chemisier femme estival pour la randonn\u00e9e cycliste # l\u00e9ger, respirant et \u00e0 s\u00e9chage rapide # tr\u00e8s \u00e9lastique, avec empi\u00e8cements en mesh dans le dos #mat\u00e9riaux partiellement recycl\u00e9s, certifi\u00e9s bluesign\u00ae<\/p>","protected":false},"featured_media":23716,"comment_status":"closed","ping_status":"open","template":"","meta":[],"product_brand":[375],"product_cat":[213,559,216],"product_tag":[365,368,422,421],"class_list":["post-11871","product","type-product","status-publish","has-post-thumbnail","product_brand-vaude","product_cat-boutique","product_cat-chemisier","product_cat-vetements","product_tag-boutique","product_tag-vente","product_tag-vente-vetement","product_tag-vetement","pa_couleur-dark-sea-uni","pa_couleur-dusty-fern","pa_couleur-ete-blue","pa_couleur-offwhite","pa_couleur-raspberry","pa_taille-436","pa_taille-437","pa_taille-438","pa_taille-439","pa_taille-440","pa_taille-441","first","instock","purchasable","product-type-variable"],"_links":{"self":[{"href":"https:\/\/www.tracea.ch\/en\/wp-json\/wp\/v2\/product\/11871","targetHints":{"allow":["GET"]}}],"collection":[{"href":"https:\/\/www.tracea.ch\/en\/wp-json\/wp\/v2\/product"}],"about":[{"href":"https:\/\/www.tracea.ch\/en\/wp-json\/wp\/v2\/types\/product"}],"replies":[{"embeddable":true,"href":"https:\/\/www.tracea.ch\/en\/wp-json\/wp\/v2\/comments?post=11871"}],"version-history":[{"count":1,"href":"https:\/\/www.tracea.ch\/en\/wp-json\/wp\/v2\/product\/11871\/revisions"}],"predecessor-version":[{"id":28601,"href":"https:\/\/www.tracea.ch\/en\/wp-json\/wp\/v2\/product\/11871\/revisions\/28601"}],"wp:featuredmedia":[{"embeddable":true,"href":"https:\/\/www.tracea.ch\/en\/wp-json\/wp\/v2\/media\/23716"}],"wp:attachment":[{"href":"https:\/\/www.tracea.ch\/en\/wp-json\/wp\/v2\/media?parent=11871"}],"wp:term":[{"taxonomy":"product_brand","embeddable":true,"href":"https:\/\/www.tracea.ch\/en\/wp-json\/wp\/v2\/product_brand?post=11871"},{"taxonomy":"product_cat","embeddable":true,"href":"https:\/\/www.tracea.ch\/en\/wp-json\/wp\/v2\/product_cat?post=11871"},{"taxonomy":"product_tag","embeddable":true,"href":"https:\/\/www.tracea.ch\/en\/wp-json\/wp\/v2\/product_tag?post=11871"}],"curies":[{"name":"wp","href":"https:\/\/api.w.org\/{rel}","templated":true}]}}