{"id":12153,"date":"2026-06-30T20:21:28","date_gmt":"2026-06-30T20:21:28","guid":{"rendered":"https:\/\/www.tracea.ch\/boutique\/non%20class\u00e9\/kids-snow-cup-overall-ii\/"},"modified":"2026-07-07T18:44:44","modified_gmt":"2026-07-07T18:44:44","slug":"kids-snow-cup-overall-ii","status":"publish","type":"product","link":"https:\/\/www.tracea.ch\/en\/boutique\/kids-snow-cup-overall-ii\/","title":{"rendered":"Kids Snow Cup Overall II"},"content":{"rendered":"<p>Cette combinaison enfant chaude n&rsquo;a qu&rsquo;une seule envie\u00a0: sortir dans la nature\u00a0! Gr\u00e2ce \u00e0 sa membrane int\u00e9gr\u00e9e, elle est efficacement imperm\u00e9able, \u00e9tanche au vent et respirante. Le matelassage \u00e0 \u00e9paisseur variable tient le corps de l&rsquo;enfant efficacement chaud. Des empi\u00e8cements r\u00e9sistent \u00e0 l&rsquo;usure aux endroits fortement sollicit\u00e9s et garantissent un raccord parfait entre le bas des jambes et les bottes d&rsquo;hiver. Il est possible de remplacer ais\u00e9ment le sous-pied. Et quand il s&rsquo;agit de se restaurer dans un g\u00eete bien au chaud, il suffit de retirer le haut de la combinaison enfant et de la laisser pendre jusqu&rsquo;\u00e0 reprendre la sortie. Les bretelles confortables maintiennent tout en place, et peuvent \u00eatre allong\u00e9es ou retir\u00e9es si n\u00e9cessaire. La coupe adapt\u00e9e aux enfants offre une large libert\u00e9 de mouvement et la possibilit\u00e9 d&rsquo;enfiler des couches de v\u00eatement suppl\u00e9mentaires en fonction de la m\u00e9t\u00e9o. Deux poches en biais permettent de transporter tout le n\u00e9cessaire. Des \u00e9l\u00e9ments r\u00e9fl\u00e9chissants et une \u00e9tiquette inscriptible pour le nom agr\u00e9mentent les prestations de cette combinaison enfant polyvalente. Nos v\u00eatements pour enfants fonctionnels VAUDE ont plus d&rsquo;un atout\u00a0: mat\u00e9riaux de qualit\u00e9, formes et couleurs adapt\u00e9es aux enfants et fabrication \u00e9cologique. Nous concevons des \u00e9quipements outdoor pour enfants hautement r\u00e9sistants qui peuvent ainsi \u00eatre pass\u00e9s d&rsquo;un enfant \u00e0 un autre. Le label Green Shape de VAUDE garantit un produit \u00e9cologique, fonctionnel et fabriqu\u00e9 dans des mat\u00e9riaux durables certifi\u00e9s bluesign\u00ae.<\/p>\n<p><em>mati\u00e8re double \u00e9paisseur, garnissage 120g\/m\u00b2 aux manches et au col, rembourrage de 140g\/m\u00b2 sur le corps, 2 poches frontales avec fermeture \u00e9clair, zip frontal avec double rabat, ceinture en partie \u00e9lastique, bretelles amovibles, bord avec \u00e9lastique, poignets avec \u00e9lastique et velcro pour adapter la largeur, sous-pied amovible au bas des jambes, capuche mont\u00e9e et r\u00e9glable en largeur avec parties \u00e9lastiques, imprim\u00e9 r\u00e9fl\u00e9chissant, passepoil r\u00e9fl\u00e9chissante, avec petite plaque pour y inscrire le nom, partie r\u00e9sistant au frottement aux genoux et au fessier, parties r\u00e9sistant au frottement aux coudes<\/em><\/p>","protected":false},"excerpt":{"rendered":"<p>Combinaison enfant r\u00e9sistant aux intemp\u00e9ries pour l&rsquo;hiver #imperm\u00e9able, \u00e9tanche \u00e0 l&rsquo;eau et au vent et respirante #\u00e9quipement bien pens\u00e9 adapt\u00e9 aux enfants #mat\u00e9riau principal fabriqu\u00e9 principalement \u00e0 partir de polyester recycl\u00e9<\/p>","protected":false},"featured_media":25064,"comment_status":"closed","ping_status":"open","template":"","meta":[],"product_brand":[375],"product_cat":[213,573,216],"product_tag":[365,368,422,421],"class_list":["post-12153","product","type-product","status-publish","has-post-thumbnail","product_brand-vaude","product_cat-boutique","product_cat-combinaison-enfant","product_cat-vetements","product_tag-boutique","product_tag-vente","product_tag-vente-vetement","product_tag-vetement","pa_couleur-dark-sea","pa_couleur-deep-pond","pa_couleur-hotchili","pa_couleur-redeva","pa_couleur-shore-blue","pa_taille-424","pa_taille-110-116","pa_taille-122-128","pa_taille-134-140","pa_taille-418","pa_taille-423","first","instock","purchasable","product-type-variable"],"_links":{"self":[{"href":"https:\/\/www.tracea.ch\/en\/wp-json\/wp\/v2\/product\/12153","targetHints":{"allow":["GET"]}}],"collection":[{"href":"https:\/\/www.tracea.ch\/en\/wp-json\/wp\/v2\/product"}],"about":[{"href":"https:\/\/www.tracea.ch\/en\/wp-json\/wp\/v2\/types\/product"}],"replies":[{"embeddable":true,"href":"https:\/\/www.tracea.ch\/en\/wp-json\/wp\/v2\/comments?post=12153"}],"version-history":[{"count":1,"href":"https:\/\/www.tracea.ch\/en\/wp-json\/wp\/v2\/product\/12153\/revisions"}],"predecessor-version":[{"id":28731,"href":"https:\/\/www.tracea.ch\/en\/wp-json\/wp\/v2\/product\/12153\/revisions\/28731"}],"wp:featuredmedia":[{"embeddable":true,"href":"https:\/\/www.tracea.ch\/en\/wp-json\/wp\/v2\/media\/25064"}],"wp:attachment":[{"href":"https:\/\/www.tracea.ch\/en\/wp-json\/wp\/v2\/media?parent=12153"}],"wp:term":[{"taxonomy":"product_brand","embeddable":true,"href":"https:\/\/www.tracea.ch\/en\/wp-json\/wp\/v2\/product_brand?post=12153"},{"taxonomy":"product_cat","embeddable":true,"href":"https:\/\/www.tracea.ch\/en\/wp-json\/wp\/v2\/product_cat?post=12153"},{"taxonomy":"product_tag","embeddable":true,"href":"https:\/\/www.tracea.ch\/en\/wp-json\/wp\/v2\/product_tag?post=12153"}],"curies":[{"name":"wp","href":"https:\/\/api.w.org\/{rel}","templated":true}]}}