{"id":12503,"date":"2026-06-30T20:28:31","date_gmt":"2026-06-30T20:28:31","guid":{"rendered":"https:\/\/www.tracea.ch\/boutique\/non%20class\u00e9\/mens-fluid-full-zip-pants-ii-s-s\/"},"modified":"2026-07-07T18:55:04","modified_gmt":"2026-07-07T18:55:04","slug":"mens-fluid-full-zip-pants-ii-s-s","status":"publish","type":"product","link":"https:\/\/www.tracea.ch\/en\/boutique\/mens-fluid-full-zip-pants-ii-s-s\/","title":{"rendered":"Men&rsquo;s Fluid Full-zip Pants II S\/S"},"content":{"rendered":"<p>Notre valeur s\u00fbre contre la pluie. Ce pantalon de pluie double \u00e9paisseur avec doublure maille s&rsquo;enfile rapidement et te prot\u00e8ge efficacement contre la pluie et la salet\u00e9. R\u00e9glage de la longueur de jambe avec fermeture velcro. Avec fermeture \u00e9clair toute hauteur lat\u00e9rale. Ce produit est imperm\u00e9abilis\u00e9 avec la finition Eco Finish, \u00e9cologique et sans fluorocarbures (PFC). Le label Green Shape de VAUDE garantit un produit \u00e9cologique, fonctionnel et fabriqu\u00e9 dans des mat\u00e9riaux durables.<\/p>\n<p><em>Pantalon double \u00e9paisseur, genoux pr\u00e9form\u00e9s, zip lat\u00e9ral continu, s\u00e9parable avec rabat, ceinture \u00e9lastique, bas des jambes avec velcro pour l&rsquo;ajustage de la largeur, doublure en deux parties, partie sup\u00e9rieure en mesh, partie inf\u00e9rieure en taffetas, \u00e9l\u00e9ments r\u00e9fl\u00e9chissants<\/em><\/p>","protected":false},"excerpt":{"rendered":"<p>Pantalon multifonction imperm\u00e9able #\u00e9tanche, coupe-vent et respirant #bonne adaptation aux activit\u00e9s compl\u00e9mentaires #fabrication \u00e9cologique<\/p>","protected":false},"featured_media":16047,"comment_status":"closed","ping_status":"open","template":"","meta":[],"product_brand":[375],"product_cat":[213,574,216],"product_tag":[365,368,422,421],"class_list":["post-12503","product","type-product","status-publish","has-post-thumbnail","product_brand-vaude","product_cat-boutique","product_cat-pantalons","product_cat-vetements","product_tag-boutique","product_tag-vente","product_tag-vente-vetement","product_tag-vetement","pa_couleur-black","pa_taille-l-short","pa_taille-m-short","pa_taille-s-short","pa_taille-xl-short","pa_taille-xxl-short","pa_taille-xxxl-short","first","instock","purchasable","product-type-variable"],"_links":{"self":[{"href":"https:\/\/www.tracea.ch\/en\/wp-json\/wp\/v2\/product\/12503","targetHints":{"allow":["GET"]}}],"collection":[{"href":"https:\/\/www.tracea.ch\/en\/wp-json\/wp\/v2\/product"}],"about":[{"href":"https:\/\/www.tracea.ch\/en\/wp-json\/wp\/v2\/types\/product"}],"replies":[{"embeddable":true,"href":"https:\/\/www.tracea.ch\/en\/wp-json\/wp\/v2\/comments?post=12503"}],"version-history":[{"count":1,"href":"https:\/\/www.tracea.ch\/en\/wp-json\/wp\/v2\/product\/12503\/revisions"}],"predecessor-version":[{"id":28823,"href":"https:\/\/www.tracea.ch\/en\/wp-json\/wp\/v2\/product\/12503\/revisions\/28823"}],"wp:featuredmedia":[{"embeddable":true,"href":"https:\/\/www.tracea.ch\/en\/wp-json\/wp\/v2\/media\/16047"}],"wp:attachment":[{"href":"https:\/\/www.tracea.ch\/en\/wp-json\/wp\/v2\/media?parent=12503"}],"wp:term":[{"taxonomy":"product_brand","embeddable":true,"href":"https:\/\/www.tracea.ch\/en\/wp-json\/wp\/v2\/product_brand?post=12503"},{"taxonomy":"product_cat","embeddable":true,"href":"https:\/\/www.tracea.ch\/en\/wp-json\/wp\/v2\/product_cat?post=12503"},{"taxonomy":"product_tag","embeddable":true,"href":"https:\/\/www.tracea.ch\/en\/wp-json\/wp\/v2\/product_tag?post=12503"}],"curies":[{"name":"wp","href":"https:\/\/api.w.org\/{rel}","templated":true}]}}