{"id":12773,"date":"2026-06-30T21:29:07","date_gmt":"2026-06-30T21:29:07","guid":{"rendered":"https:\/\/www.tracea.ch\/boutique\/non%20class\u00e9\/escape-2-5l-pants\/"},"modified":"2026-07-07T19:03:03","modified_gmt":"2026-07-07T19:03:03","slug":"escape-2-5l-pants","status":"publish","type":"product","link":"https:\/\/www.tracea.ch\/en\/boutique\/escape-2-5l-pants\/","title":{"rendered":"Escape 2.5L Trousers"},"content":{"rendered":"<p>Id\u00e9al pour les randonn\u00e9es et le trekking sous une pluie battante ! Ce pantalon de pluie 2,5 couches prot\u00e8ge efficacement de la pluie et de la salet\u00e9. Les zips au niveau du bas des jambes permettent d&rsquo;enfiler le pantalon rapidement avec des chaussures. L&rsquo;ourlet ajustable permet d&rsquo;adapter la largeur de jambe. Ce pantalon de pluie se range de mani\u00e8re compacte dans le sac fourni et se glisse facilement dans le sac \u00e0 dos. Ce produit est imperm\u00e9abilis\u00e9 avec la finition Eco Finish, \u00e9cologique et sans fluorocarbures (PFC). Le label Green Shape de VAUDE garantit un produit \u00e9cologique, fonctionnel et fabriqu\u00e9 dans des mat\u00e9riaux durables.<\/p>\n<p><em>mati\u00e8re 2,5 \u00e9paisseurs, ceinture avec \u00e9lastique et cordon, genoux pr\u00e9form\u00e9s, bas des jambes r\u00e9glables en largeur, avec sac de rangement<\/em><\/p>","protected":false},"excerpt":{"rendered":"<p>Sur-pantalon de pluie #imperm\u00e9able, coupe-vent et respirant #compact #fabrication \u00e9cologique<\/p>","protected":false},"featured_media":19985,"comment_status":"closed","ping_status":"open","template":"","meta":[],"product_brand":[375],"product_cat":[213,574,216],"product_tag":[365,368,422,421],"class_list":["post-12773","product","type-product","status-publish","has-post-thumbnail","product_brand-vaude","product_cat-boutique","product_cat-pantalons","product_cat-vetements","product_tag-boutique","product_tag-vente","product_tag-vente-vetement","product_tag-vetement","pa_couleur-black-uni","pa_taille-l","pa_taille-l-short","pa_taille-m","pa_taille-m-short","pa_taille-s","pa_taille-s-short","pa_taille-xl","pa_taille-xl-short","pa_taille-xs","pa_taille-xs-short","pa_taille-xxl","pa_taille-xxl-short","first","instock","purchasable","product-type-variable"],"_links":{"self":[{"href":"https:\/\/www.tracea.ch\/en\/wp-json\/wp\/v2\/product\/12773","targetHints":{"allow":["GET"]}}],"collection":[{"href":"https:\/\/www.tracea.ch\/en\/wp-json\/wp\/v2\/product"}],"about":[{"href":"https:\/\/www.tracea.ch\/en\/wp-json\/wp\/v2\/types\/product"}],"replies":[{"embeddable":true,"href":"https:\/\/www.tracea.ch\/en\/wp-json\/wp\/v2\/comments?post=12773"}],"version-history":[{"count":1,"href":"https:\/\/www.tracea.ch\/en\/wp-json\/wp\/v2\/product\/12773\/revisions"}],"predecessor-version":[{"id":28900,"href":"https:\/\/www.tracea.ch\/en\/wp-json\/wp\/v2\/product\/12773\/revisions\/28900"}],"wp:featuredmedia":[{"embeddable":true,"href":"https:\/\/www.tracea.ch\/en\/wp-json\/wp\/v2\/media\/19985"}],"wp:attachment":[{"href":"https:\/\/www.tracea.ch\/en\/wp-json\/wp\/v2\/media?parent=12773"}],"wp:term":[{"taxonomy":"product_brand","embeddable":true,"href":"https:\/\/www.tracea.ch\/en\/wp-json\/wp\/v2\/product_brand?post=12773"},{"taxonomy":"product_cat","embeddable":true,"href":"https:\/\/www.tracea.ch\/en\/wp-json\/wp\/v2\/product_cat?post=12773"},{"taxonomy":"product_tag","embeddable":true,"href":"https:\/\/www.tracea.ch\/en\/wp-json\/wp\/v2\/product_tag?post=12773"}],"curies":[{"name":"wp","href":"https:\/\/api.w.org\/{rel}","templated":true}]}}