{"id":12805,"date":"2026-06-30T21:30:00","date_gmt":"2026-06-30T21:30:00","guid":{"rendered":"https:\/\/www.tracea.ch\/boutique\/non%20class\u00e9\/womens-ledro-shorts\/"},"modified":"2026-07-07T19:04:19","modified_gmt":"2026-07-07T19:04:19","slug":"womens-ledro-shorts","status":"publish","type":"product","link":"https:\/\/www.tracea.ch\/en\/boutique\/womens-ledro-shorts\/","title":{"rendered":"Women&rsquo;s Ledro Shorts"},"content":{"rendered":"<p>Pr\u00eat pour un tour \u2013 Le confortable pantalon de cyclisme est le choix id\u00e9al pour les petites et les grandes sorties \u00e0 VTT.Ultra-confortable, le Ledro Bike Shorts t&rsquo;offre une tr\u00e8s grande libert\u00e9 de mouvement. Le mat\u00e9riau fonctionnel \u00e9lastique, l\u00e9ger et agr\u00e9able \u00e0 porter est fabriqu\u00e9 dans le plus grand respect de l&rsquo;environnement conform\u00e9ment \u00e0 la tr\u00e8s stricte norme bluesign\u00ae. Les coutures contrast\u00e9es lui conf\u00e8rent un look original. Cuissard avec rembourrage de fessier haute qualit\u00e9 inclus. Le label Green Shape de VAUDE garantit un produit \u00e9cologique, fonctionnel et fabriqu\u00e9 dans des mat\u00e9riaux durables.<\/p>\n<p><em>ceinture \u00e0 la coupe montante \u00e0 l&rsquo;arri\u00e8re, 1 poche lat\u00e9rale avec zip, 2 poches dans la d\u00e9coupe \u00e0 l&rsquo;avant, ceinture ajustable en largeur, coutures d\u00e9coratives, avec pantalon int\u00e9rieur avec matelassage du fessier<\/em><\/p>","protected":false},"excerpt":{"rendered":"<p>Short confortable pour le cyclisme #\u00e9lastique, respirant et \u00e0 s\u00e9chage rapide #cuissard avec VAUDE T-Pad inclus #fabrication \u00e9cologique<\/p>","protected":false},"featured_media":20169,"comment_status":"closed","ping_status":"open","template":"","meta":[],"product_brand":[375],"product_cat":[213,574,216],"product_tag":[365,368,422,421],"class_list":["post-12805","product","type-product","status-publish","has-post-thumbnail","product_brand-vaude","product_cat-boutique","product_cat-pantalons","product_cat-vetements","product_tag-boutique","product_tag-vente","product_tag-vente-vetement","product_tag-vetement","pa_couleur-agave","pa_couleur-black","pa_couleur-cassis","pa_couleur-dark-sea","pa_taille-466","pa_taille-436","pa_taille-437","pa_taille-438","pa_taille-439","pa_taille-440","pa_taille-441","first","instock","purchasable","product-type-variable"],"_links":{"self":[{"href":"https:\/\/www.tracea.ch\/en\/wp-json\/wp\/v2\/product\/12805","targetHints":{"allow":["GET"]}}],"collection":[{"href":"https:\/\/www.tracea.ch\/en\/wp-json\/wp\/v2\/product"}],"about":[{"href":"https:\/\/www.tracea.ch\/en\/wp-json\/wp\/v2\/types\/product"}],"replies":[{"embeddable":true,"href":"https:\/\/www.tracea.ch\/en\/wp-json\/wp\/v2\/comments?post=12805"}],"version-history":[{"count":1,"href":"https:\/\/www.tracea.ch\/en\/wp-json\/wp\/v2\/product\/12805\/revisions"}],"predecessor-version":[{"id":28903,"href":"https:\/\/www.tracea.ch\/en\/wp-json\/wp\/v2\/product\/12805\/revisions\/28903"}],"wp:featuredmedia":[{"embeddable":true,"href":"https:\/\/www.tracea.ch\/en\/wp-json\/wp\/v2\/media\/20169"}],"wp:attachment":[{"href":"https:\/\/www.tracea.ch\/en\/wp-json\/wp\/v2\/media?parent=12805"}],"wp:term":[{"taxonomy":"product_brand","embeddable":true,"href":"https:\/\/www.tracea.ch\/en\/wp-json\/wp\/v2\/product_brand?post=12805"},{"taxonomy":"product_cat","embeddable":true,"href":"https:\/\/www.tracea.ch\/en\/wp-json\/wp\/v2\/product_cat?post=12805"},{"taxonomy":"product_tag","embeddable":true,"href":"https:\/\/www.tracea.ch\/en\/wp-json\/wp\/v2\/product_tag?post=12805"}],"curies":[{"name":"wp","href":"https:\/\/api.w.org\/{rel}","templated":true}]}}