{"id":12920,"date":"2026-06-30T21:33:13","date_gmt":"2026-06-30T21:33:13","guid":{"rendered":"https:\/\/www.tracea.ch\/boutique\/non%20class\u00e9\/mens-farley-zo-pants-v\/"},"modified":"2026-07-07T19:09:16","modified_gmt":"2026-07-07T19:09:16","slug":"mens-farley-zo-pants-v","status":"publish","type":"product","link":"https:\/\/www.tracea.ch\/en\/boutique\/mens-farley-zo-pants-v\/","title":{"rendered":"Men&rsquo;s Farley ZO Pants V"},"content":{"rendered":"<p>La coupe du pantalon Men&rsquo;s Farley ZO Pants V d&rsquo;usage universel s&rsquo;est un peu resserr\u00e9e dans sa nouvelle mouture. L&rsquo;entr\u00e9e du g\u00e9raniol naturel dans sa composition conf\u00e8re au pantalon des propri\u00e9t\u00e9 anti-moustiques, et sa protection UV de 50+ (UPF) pr\u00e9serve l&rsquo;\u00e9piderme des coups de soleil. Le genou pr\u00e9form\u00e9 et les empi\u00e8cements \u00e9lastiques \u00e0 la ceinture renforcent la libert\u00e9 de mouvement. Une organisation pratique des poches permet de conserver toute chose utile. Pantalon zipp\u00e9 confortable et compressible, id\u00e9al pour les trekkings et randonn\u00e9es dans les r\u00e9gions chaudes et humides ou pour les zones infect\u00e9es de moustiques au nord au d\u00e9but de l&rsquo;\u00e9t\u00e9. Le label Green Shape de VAUDE garantit un produit \u00e9cologique et fonctionnel fabriqu\u00e9 dans des mat\u00e9riaux durables certifi\u00e9s bluesign\u00ae.<\/p>\n<p><em>genoux pr\u00e9form\u00e9s, transformable en short gr\u00e2ce \u00e0 un zip, finition en tissu de m\u00e8che de lampe, \u00e9quipement anti-moustiques, 2 poches sur le devant, 1 poche de s\u00e9curit\u00e9 zipp\u00e9e dans la poche droite, 1 poche zipp\u00e9e sur le jambe, 2 poches dorsales, 1 poche dorsale avec zip, ceinture en partie \u00e9lastique<\/em><\/p>","protected":false},"excerpt":{"rendered":"<p>Pantalon zipp\u00e9 pour la randonn\u00e9e #mati\u00e8re \u00e0 s\u00e9chage rapide #repousse les moustiques et les rayons UV #fabrication \u00e9cologique<\/p>","protected":false},"featured_media":20677,"comment_status":"closed","ping_status":"open","template":"","meta":[],"product_brand":[375],"product_cat":[213,574,216],"product_tag":[365,368,422,421],"class_list":["post-12920","product","type-product","status-publish","has-post-thumbnail","product_brand-vaude","product_cat-boutique","product_cat-pantalons","product_cat-vetements","product_tag-boutique","product_tag-vente","product_tag-vente-vetement","product_tag-vetement","pa_couleur-black","pa_couleur-boulder","pa_couleur-khaki","pa_taille-441","pa_taille-46-long","pa_taille-46-short","pa_taille-459","pa_taille-48-long","pa_taille-48-short","pa_taille-469","pa_taille-50-long","pa_taille-50-short","pa_taille-472","pa_taille-52-long","pa_taille-52-short","pa_taille-587","pa_taille-54-long","pa_taille-54-short","pa_taille-543","pa_taille-56-long","pa_taille-56-short","pa_taille-623","pa_taille-58-long","pa_taille-58-short","pa_taille-624","pa_taille-60-long","pa_taille-60-short","pa_taille-625","pa_taille-62-long","pa_taille-62-short","first","instock","purchasable","product-type-variable"],"_links":{"self":[{"href":"https:\/\/www.tracea.ch\/en\/wp-json\/wp\/v2\/product\/12920","targetHints":{"allow":["GET"]}}],"collection":[{"href":"https:\/\/www.tracea.ch\/en\/wp-json\/wp\/v2\/product"}],"about":[{"href":"https:\/\/www.tracea.ch\/en\/wp-json\/wp\/v2\/types\/product"}],"replies":[{"embeddable":true,"href":"https:\/\/www.tracea.ch\/en\/wp-json\/wp\/v2\/comments?post=12920"}],"version-history":[{"count":1,"href":"https:\/\/www.tracea.ch\/en\/wp-json\/wp\/v2\/product\/12920\/revisions"}],"predecessor-version":[{"id":28935,"href":"https:\/\/www.tracea.ch\/en\/wp-json\/wp\/v2\/product\/12920\/revisions\/28935"}],"wp:featuredmedia":[{"embeddable":true,"href":"https:\/\/www.tracea.ch\/en\/wp-json\/wp\/v2\/media\/20677"}],"wp:attachment":[{"href":"https:\/\/www.tracea.ch\/en\/wp-json\/wp\/v2\/media?parent=12920"}],"wp:term":[{"taxonomy":"product_brand","embeddable":true,"href":"https:\/\/www.tracea.ch\/en\/wp-json\/wp\/v2\/product_brand?post=12920"},{"taxonomy":"product_cat","embeddable":true,"href":"https:\/\/www.tracea.ch\/en\/wp-json\/wp\/v2\/product_cat?post=12920"},{"taxonomy":"product_tag","embeddable":true,"href":"https:\/\/www.tracea.ch\/en\/wp-json\/wp\/v2\/product_tag?post=12920"}],"curies":[{"name":"wp","href":"https:\/\/api.w.org\/{rel}","templated":true}]}}