{"id":12978,"date":"2026-06-30T21:34:58","date_gmt":"2026-06-30T21:34:58","guid":{"rendered":"https:\/\/www.tracea.ch\/boutique\/non%20class\u00e9\/mens-farley-capri-pants-ii\/"},"modified":"2026-07-07T19:09:59","modified_gmt":"2026-07-07T19:09:59","slug":"mens-farley-capri-pants-ii","status":"publish","type":"product","link":"https:\/\/www.tracea.ch\/en\/boutique\/mens-farley-capri-pants-ii\/","title":{"rendered":"Men&rsquo;s Farley Capri Pants II"},"content":{"rendered":"<p>Pantalon capri d&rsquo;usage universel pour la randonn\u00e9e ou les trekkings. Il est l\u00e9ger et tr\u00e8s confortable gr\u00e2ce aux empi\u00e8cements \u00e9lastiques \u00e0 la ceinture et aux genoux pr\u00e9form\u00e9s. Il est compos\u00e9 d&rsquo;une mati\u00e8re agr\u00e9able \u00e0 s\u00e9chage rapide et affiche le facteur de protection UV UPF 50+. La nouvelle \u00e9dition du pantalon capri Men&rsquo;s Farley Capri Pants V fait entrer la substance active d&rsquo;origine v\u00e9g\u00e9tale du g\u00e9raniol dans sa composition, qui repousse efficacement les mouches et les moustiques. Robuste et compressible, il est dot\u00e9 de poches au placement pratique pour accueillir les accessoires indispensables, s\u00e8che rapidement et se montre facile d&rsquo;entretien comme tous les pantalons Farley. Un pantalon outdoor aux belles prestations pour de nombreuses belles journ\u00e9es d&rsquo;\u00e9t\u00e9 ! Le label Green Shape de VAUDE garantit un produit \u00e9cologique, fonctionnel et fabriqu\u00e9 dans des mat\u00e9riaux durables certifi\u00e9s bluesign\u00ae.<\/p>\n<p><em>genoux pr\u00e9form\u00e9s, finition en tissu de m\u00e8che de lampe, \u00e9quipement anti-moustiques, 2 poches sur le devant, 1 poche de s\u00e9curit\u00e9 zipp\u00e9e dans la poche droite, 1 poche lat\u00e9rale avec zip et rabat, 2 poches derri\u00e8res, 1 poche dorsale avec zip, ceinture en partie \u00e9lastique<\/em><\/p>","protected":false},"excerpt":{"rendered":"<p>Pantalon capri confortable pour la randonn\u00e9e #facile d&rsquo;entretien et \u00e0 s\u00e9chage rapide #repousse les moustiques et les rayons UV #fabrication \u00e9cologique<\/p>","protected":false},"featured_media":20690,"comment_status":"closed","ping_status":"open","template":"","meta":[],"product_brand":[375],"product_cat":[213,574,216],"product_tag":[365,368,422,421],"class_list":["post-12978","product","type-product","status-publish","has-post-thumbnail","product_brand-vaude","product_cat-boutique","product_cat-pantalons","product_cat-vetements","product_tag-boutique","product_tag-vente","product_tag-vente-vetement","product_tag-vetement","pa_couleur-black-uni","pa_couleur-boulder-uni","pa_couleur-khaki-uni","pa_taille-441","pa_taille-459","pa_taille-469","pa_taille-472","pa_taille-587","pa_taille-543","pa_taille-623","first","instock","purchasable","product-type-variable"],"_links":{"self":[{"href":"https:\/\/www.tracea.ch\/en\/wp-json\/wp\/v2\/product\/12978","targetHints":{"allow":["GET"]}}],"collection":[{"href":"https:\/\/www.tracea.ch\/en\/wp-json\/wp\/v2\/product"}],"about":[{"href":"https:\/\/www.tracea.ch\/en\/wp-json\/wp\/v2\/types\/product"}],"replies":[{"embeddable":true,"href":"https:\/\/www.tracea.ch\/en\/wp-json\/wp\/v2\/comments?post=12978"}],"version-history":[{"count":1,"href":"https:\/\/www.tracea.ch\/en\/wp-json\/wp\/v2\/product\/12978\/revisions"}],"predecessor-version":[{"id":28955,"href":"https:\/\/www.tracea.ch\/en\/wp-json\/wp\/v2\/product\/12978\/revisions\/28955"}],"wp:featuredmedia":[{"embeddable":true,"href":"https:\/\/www.tracea.ch\/en\/wp-json\/wp\/v2\/media\/20690"}],"wp:attachment":[{"href":"https:\/\/www.tracea.ch\/en\/wp-json\/wp\/v2\/media?parent=12978"}],"wp:term":[{"taxonomy":"product_brand","embeddable":true,"href":"https:\/\/www.tracea.ch\/en\/wp-json\/wp\/v2\/product_brand?post=12978"},{"taxonomy":"product_cat","embeddable":true,"href":"https:\/\/www.tracea.ch\/en\/wp-json\/wp\/v2\/product_cat?post=12978"},{"taxonomy":"product_tag","embeddable":true,"href":"https:\/\/www.tracea.ch\/en\/wp-json\/wp\/v2\/product_tag?post=12978"}],"curies":[{"name":"wp","href":"https:\/\/api.w.org\/{rel}","templated":true}]}}