{"id":13000,"date":"2026-06-30T21:35:36","date_gmt":"2026-06-30T21:35:36","guid":{"rendered":"https:\/\/www.tracea.ch\/boutique\/non%20class\u00e9\/mens-farley-bermuda-v\/"},"modified":"2026-07-07T19:11:07","modified_gmt":"2026-07-07T19:11:07","slug":"mens-farley-bermuda-v","status":"publish","type":"product","link":"https:\/\/www.tracea.ch\/en\/boutique\/mens-farley-bermuda-v\/","title":{"rendered":"Men&rsquo;s Farley Bermuda V"},"content":{"rendered":"<p>Le bermuda Men&rsquo;s Farley Bermudas V est un pantalon universel pour le trekking et les voyages, fabriqu\u00e9 dans une mati\u00e8re douce au toucher, \u00e0 s\u00e9chage rapide et pourvue du facteur de protection UV UPF 50+. La nouvelle \u00e9dition fait entrer la substance active d&rsquo;origine v\u00e9g\u00e9tale du g\u00e9raniol dans sa composition, qui repousse efficacement les mouches et les moustiques, se replie de mani\u00e8re tr\u00e8s compacte et s\u00e8che rapidement. Avec son choix de poches complet, il est le compagnon id\u00e9al de tous les voyages et peut se ranger sans difficult\u00e9 m\u00eame dans de tr\u00e8s petits bagages. Le label Green Shape de VAUDE garantit un produit \u00e9cologique, fonctionnel et fabriqu\u00e9 dans des mat\u00e9riaux durables.<\/p>\n<p><em>finition en tissu de m\u00e8che de lampe, \u00e9quipement anti-moustiques, 2 poches sur le devant, 1 poche lat\u00e9rale avec zip et rabat, ceinture en partie \u00e9lastique<\/em><\/p>","protected":false},"excerpt":{"rendered":"<p>Bermuda confortable pour la randonn\u00e9e #facile d&rsquo;entretien et \u00e0 s\u00e9chage rapide #protection solaire UPF 50+ #fabrication \u00e9cologique<\/p>","protected":false},"featured_media":20704,"comment_status":"closed","ping_status":"open","template":"","meta":[],"product_brand":[375],"product_cat":[213,574,216],"product_tag":[365,368,422,421],"class_list":["post-13000","product","type-product","status-publish","has-post-thumbnail","product_brand-vaude","product_cat-boutique","product_cat-pantalons","product_cat-vetements","product_tag-boutique","product_tag-vente","product_tag-vente-vetement","product_tag-vetement","pa_couleur-black-uni","pa_couleur-boulder-uni","pa_couleur-dark-sea-uni","pa_couleur-khaki-uni","pa_taille-441","pa_taille-459","pa_taille-469","pa_taille-472","pa_taille-587","pa_taille-543","pa_taille-623","first","instock","purchasable","product-type-variable"],"_links":{"self":[{"href":"https:\/\/www.tracea.ch\/en\/wp-json\/wp\/v2\/product\/13000","targetHints":{"allow":["GET"]}}],"collection":[{"href":"https:\/\/www.tracea.ch\/en\/wp-json\/wp\/v2\/product"}],"about":[{"href":"https:\/\/www.tracea.ch\/en\/wp-json\/wp\/v2\/types\/product"}],"replies":[{"embeddable":true,"href":"https:\/\/www.tracea.ch\/en\/wp-json\/wp\/v2\/comments?post=13000"}],"version-history":[{"count":1,"href":"https:\/\/www.tracea.ch\/en\/wp-json\/wp\/v2\/product\/13000\/revisions"}],"predecessor-version":[{"id":28963,"href":"https:\/\/www.tracea.ch\/en\/wp-json\/wp\/v2\/product\/13000\/revisions\/28963"}],"wp:featuredmedia":[{"embeddable":true,"href":"https:\/\/www.tracea.ch\/en\/wp-json\/wp\/v2\/media\/20704"}],"wp:attachment":[{"href":"https:\/\/www.tracea.ch\/en\/wp-json\/wp\/v2\/media?parent=13000"}],"wp:term":[{"taxonomy":"product_brand","embeddable":true,"href":"https:\/\/www.tracea.ch\/en\/wp-json\/wp\/v2\/product_brand?post=13000"},{"taxonomy":"product_cat","embeddable":true,"href":"https:\/\/www.tracea.ch\/en\/wp-json\/wp\/v2\/product_cat?post=13000"},{"taxonomy":"product_tag","embeddable":true,"href":"https:\/\/www.tracea.ch\/en\/wp-json\/wp\/v2\/product_tag?post=13000"}],"curies":[{"name":"wp","href":"https:\/\/api.w.org\/{rel}","templated":true}]}}