{"id":13194,"date":"2026-06-30T21:39:13","date_gmt":"2026-06-30T21:39:13","guid":{"rendered":"https:\/\/www.tracea.ch\/boutique\/non%20class\u00e9\/mens-croz-pants-ii\/"},"modified":"2026-07-07T19:15:48","modified_gmt":"2026-07-07T19:15:48","slug":"mens-croz-pants-ii","status":"publish","type":"product","link":"https:\/\/www.tracea.ch\/en\/boutique\/mens-croz-pants-ii\/","title":{"rendered":"Men&rsquo;s Croz Pants II"},"content":{"rendered":"<p>Notre pantalon d&rsquo;alpinisme pour les passionn\u00e9s exigeants de randonn\u00e9e&nbsp;: le pantalon Men&rsquo;s Croz Pants II hautement fonctionnel est compos\u00e9 de mati\u00e8re \u00e9lastique r\u00e9sistante \u00e0 l&rsquo;usure et assure un r\u00e9el confort par son mat\u00e9riau coupe-vent Windproof&nbsp;80. Il est \u00e9quip\u00e9 d&rsquo;une poche suppl\u00e9mentaire sur la cuisse, pour pouvoir acc\u00e9der aux affaires importantes m\u00eame en \u00e9tant harnach\u00e9. La coupe sportive garantit une libert\u00e9 de mouvement optimale sur les parois et ses empi\u00e8cements robustes en Cordura\u00ae au fessier et au bas des jambes le prot\u00e8gent de l&rsquo;abrasion par les ar\u00eates coupantes. Ce produit est appr\u00eat\u00e9 avec la finition Eco Finish d\u00e9perlante et \u00e9cologique.<\/p>\n<p><em>ceinture int\u00e9gr\u00e9e, 2 poches frontales avec fermeture \u00e9clair, 1 poche zipp\u00e9e sur le jambe, zip de ventilation aux cuisses, genoux pr\u00e9form\u00e9s, bas des jambes r\u00e9glables en largeur, empi\u00e8cements Cordura r\u00e9sistant \u00e0 l&rsquo;usure, bas des jambes en Cordura\u00ae anti-frottement<\/em><\/p>","protected":false},"excerpt":{"rendered":"<p>Pantalon softshell sportif et technique pour l&rsquo;alpinisme #\u00e9tanche au vent \u00e0 80&nbsp;%, hautement respirant et d\u00e9perlant #\u00e9lastique et robuste # climatiquement neutre&nbsp;; fabrication principale \u00e9cologique en mat\u00e9riaux recycl\u00e9s<\/p>","protected":false},"featured_media":21071,"comment_status":"closed","ping_status":"open","template":"","meta":[],"product_brand":[375],"product_cat":[213,574,216],"product_tag":[365,368,422,421],"class_list":["post-13194","product","type-product","status-publish","has-post-thumbnail","product_brand-vaude","product_cat-boutique","product_cat-pantalons","product_cat-vetements","product_tag-boutique","product_tag-vente","product_tag-vente-vetement","product_tag-vetement","pa_couleur-black","pa_taille-441","pa_taille-459","pa_taille-469","pa_taille-472","pa_taille-587","pa_taille-543","first","instock","purchasable","product-type-variable"],"_links":{"self":[{"href":"https:\/\/www.tracea.ch\/en\/wp-json\/wp\/v2\/product\/13194","targetHints":{"allow":["GET"]}}],"collection":[{"href":"https:\/\/www.tracea.ch\/en\/wp-json\/wp\/v2\/product"}],"about":[{"href":"https:\/\/www.tracea.ch\/en\/wp-json\/wp\/v2\/types\/product"}],"replies":[{"embeddable":true,"href":"https:\/\/www.tracea.ch\/en\/wp-json\/wp\/v2\/comments?post=13194"}],"version-history":[{"count":1,"href":"https:\/\/www.tracea.ch\/en\/wp-json\/wp\/v2\/product\/13194\/revisions"}],"predecessor-version":[{"id":29016,"href":"https:\/\/www.tracea.ch\/en\/wp-json\/wp\/v2\/product\/13194\/revisions\/29016"}],"wp:featuredmedia":[{"embeddable":true,"href":"https:\/\/www.tracea.ch\/en\/wp-json\/wp\/v2\/media\/21071"}],"wp:attachment":[{"href":"https:\/\/www.tracea.ch\/en\/wp-json\/wp\/v2\/media?parent=13194"}],"wp:term":[{"taxonomy":"product_brand","embeddable":true,"href":"https:\/\/www.tracea.ch\/en\/wp-json\/wp\/v2\/product_brand?post=13194"},{"taxonomy":"product_cat","embeddable":true,"href":"https:\/\/www.tracea.ch\/en\/wp-json\/wp\/v2\/product_cat?post=13194"},{"taxonomy":"product_tag","embeddable":true,"href":"https:\/\/www.tracea.ch\/en\/wp-json\/wp\/v2\/product_tag?post=13194"}],"curies":[{"name":"wp","href":"https:\/\/api.w.org\/{rel}","templated":true}]}}