{"id":13283,"date":"2026-06-30T21:41:28","date_gmt":"2026-06-30T21:41:28","guid":{"rendered":"https:\/\/www.tracea.ch\/boutique\/non%20class\u00e9\/mens-strathcona-pants-ii\/"},"modified":"2026-07-07T19:20:14","modified_gmt":"2026-07-07T19:20:14","slug":"mens-strathcona-pants-ii","status":"publish","type":"product","link":"https:\/\/www.tracea.ch\/en\/boutique\/mens-strathcona-pants-ii\/","title":{"rendered":"Men&rsquo;s Strathcona Pants II"},"content":{"rendered":"<p>Confortable et polyvalent: la nouvelle ex\u00e9cution du pantalon de randonn\u00e9e Strathcona Pants II pr\u00e9sente une coupe revisit\u00e9e. La mati\u00e8re robuste et doublement tiss\u00e9e est pratiquement enti\u00e8rement compos\u00e9e de mat\u00e9riau recycl\u00e9 et tr\u00e8s \u00e9lastique avec sa haute teneur en \u00e9lasthanne. Elle s&rsquo;av\u00e8re pratique sur les parcours d&rsquo;escalade courts en randonn\u00e9e ou lors des s\u00e9jours de trekking. Le pantalon de randonn\u00e9e homme est \u00e9tanche au vent \u00e0 80%, ce qui permet d&rsquo;atteindre une excellente respirabilit\u00e9. Le pantalon similaire \u00e0 la softshell est dot\u00e9 de poches en biais avec zip invisible, d&rsquo;une poche lat\u00e9rale et d&rsquo;une poche arri\u00e8re zipp\u00e9e. Le mat\u00e9riau r\u00e9siste longtemps \u00e0 la pluie et s\u00e8che aussi tr\u00e8s rapidement si l&rsquo;averse finit par avoir raison de lui. Ce produit est imperm\u00e9abilis\u00e9 avec la finition Eco Finish, \u00e9cologique et sans fluorocarbures (PFC). Le label Green Shape de VAUDE garantit un produit \u00e9cologique, fonctionnel et fabriqu\u00e9 dans des mat\u00e9riaux durables certifi\u00e9s bluesign\u00ae.<\/p>\n<p><em>genoux pr\u00e9form\u00e9s, 2 poches frontales avec fermeture \u00e9clair, 1 poche zipp\u00e9e sur le jambe, 1 poche dorsale avec zip<\/em><\/p>","protected":false},"excerpt":{"rendered":"<p>Pantalon de randonn\u00e9e homme ultra \u00e9lastique pour de nombreuses activit\u00e9s outdoor #coupe moderne #coupe-vent \u00e0 80 % #composition en mat\u00e9riau recycl\u00e9 et \u00e9lasthanne<\/p>","protected":false},"featured_media":21363,"comment_status":"closed","ping_status":"open","template":"","meta":[],"product_brand":[375],"product_cat":[213,574,216],"product_tag":[365,368,422,421],"class_list":["post-13283","product","type-product","status-publish","has-post-thumbnail","product_brand-vaude","product_cat-boutique","product_cat-pantalons","product_cat-vetements","product_tag-boutique","product_tag-vente","product_tag-vente-vetement","product_tag-vetement","pa_couleur-black","pa_taille-441","pa_taille-46-long","pa_taille-46-short","pa_taille-459","pa_taille-48-long","pa_taille-48-short","pa_taille-469","pa_taille-50-long","pa_taille-50-short","pa_taille-472","pa_taille-52-long","pa_taille-52-short","pa_taille-587","pa_taille-54-long","pa_taille-54-short","pa_taille-543","pa_taille-56-long","pa_taille-56-short","pa_taille-623","pa_taille-58-long","pa_taille-58-short","pa_taille-624","pa_taille-60-long","pa_taille-60-short","pa_taille-625","pa_taille-62-long","pa_taille-62-short","first","instock","purchasable","product-type-variable"],"_links":{"self":[{"href":"https:\/\/www.tracea.ch\/en\/wp-json\/wp\/v2\/product\/13283","targetHints":{"allow":["GET"]}}],"collection":[{"href":"https:\/\/www.tracea.ch\/en\/wp-json\/wp\/v2\/product"}],"about":[{"href":"https:\/\/www.tracea.ch\/en\/wp-json\/wp\/v2\/types\/product"}],"replies":[{"embeddable":true,"href":"https:\/\/www.tracea.ch\/en\/wp-json\/wp\/v2\/comments?post=13283"}],"version-history":[{"count":1,"href":"https:\/\/www.tracea.ch\/en\/wp-json\/wp\/v2\/product\/13283\/revisions"}],"predecessor-version":[{"id":29054,"href":"https:\/\/www.tracea.ch\/en\/wp-json\/wp\/v2\/product\/13283\/revisions\/29054"}],"wp:featuredmedia":[{"embeddable":true,"href":"https:\/\/www.tracea.ch\/en\/wp-json\/wp\/v2\/media\/21363"}],"wp:attachment":[{"href":"https:\/\/www.tracea.ch\/en\/wp-json\/wp\/v2\/media?parent=13283"}],"wp:term":[{"taxonomy":"product_brand","embeddable":true,"href":"https:\/\/www.tracea.ch\/en\/wp-json\/wp\/v2\/product_brand?post=13283"},{"taxonomy":"product_cat","embeddable":true,"href":"https:\/\/www.tracea.ch\/en\/wp-json\/wp\/v2\/product_cat?post=13283"},{"taxonomy":"product_tag","embeddable":true,"href":"https:\/\/www.tracea.ch\/en\/wp-json\/wp\/v2\/product_tag?post=13283"}],"curies":[{"name":"wp","href":"https:\/\/api.w.org\/{rel}","templated":true}]}}