{"id":14098,"date":"2026-06-30T21:59:51","date_gmt":"2026-06-30T21:59:51","guid":{"rendered":"https:\/\/www.tracea.ch\/boutique\/non%20class\u00e9\/mens-farley-stretch-pants-iii\/"},"modified":"2026-07-07T19:52:42","modified_gmt":"2026-07-07T19:52:42","slug":"mens-farley-stretch-pants-iii","status":"publish","type":"product","link":"https:\/\/www.tracea.ch\/en\/boutique\/mens-farley-stretch-pants-iii\/","title":{"rendered":"Men&rsquo;s Farley Stretch Pants III"},"content":{"rendered":"<p>Il convient \u00e0 toutes les situations: notre pantalon de randonn\u00e9e et de trekking ultra confortable en mati\u00e8re \u00e9cologique certifi\u00e9e bluesign\u00ae. La ceinture confortable avec empi\u00e8cements \u00e9lastiques, la haute teneur en stretch et les genoux pr\u00e9form\u00e9s garantissent une libert\u00e9 de mouvement absolue. La mati\u00e8re facile d&rsquo;entretien et \u00e0 s\u00e9chage rapide r\u00e9siste \u00e0 l&rsquo;usure et \u00e0 un emploi sans m\u00e9nagement. Les poches zipp\u00e9es conservent toutes les affaires pr\u00e9cieuses en toute s\u00e9curit\u00e9. Ce produit est imperm\u00e9abilis\u00e9 avec la finition Eco Finish, \u00e9cologique et sans fluorocarbures (PFC). Le label Green Shape de VAUDE garantit un produit \u00e9cologique, respectueux du climat et fonctionnel fabriqu\u00e9 dans des mat\u00e9riaux durables certifi\u00e9s bluesign\u00ae.<\/p>\n<p><em>mati\u00e8re \u00e9lastique, ceinture en partie \u00e9lastique, boucle de ceinture, 2 poches frontales avec zip invers\u00e9, 1 poche sur la jambe avec zip r\u00e9versible, 1 poche arri\u00e8re avec zip invers\u00e9 , genoux pr\u00e9form\u00e9s<\/em><\/p>","protected":false},"excerpt":{"rendered":"<p>Pantalon outdoor homme \u00e9lastique pour la randonn\u00e9e et le trekking #confort au porter maximal #r\u00e9sistant et \u00e0 s\u00e9chage rapide #fabrication innovante pr\u00e9servant le climat via une m\u00e9thode du bilan massique<\/p>","protected":false},"featured_media":21826,"comment_status":"closed","ping_status":"open","template":"","meta":[],"product_brand":[375],"product_cat":[213,574,216],"product_tag":[365,368,422,421],"class_list":["post-14098","product","type-product","status-publish","has-post-thumbnail","product_brand-vaude","product_cat-boutique","product_cat-pantalons","product_cat-vetements","product_tag-boutique","product_tag-vente","product_tag-vente-vetement","product_tag-vetement","pa_couleur-black","pa_couleur-cedar-wood","pa_couleur-dark-sea","pa_couleur-khaki-uni","pa_couleur-stone-grey","pa_taille-441","pa_taille-46-long","pa_taille-46-short","pa_taille-459","pa_taille-48-long","pa_taille-48-short","pa_taille-469","pa_taille-50-long","pa_taille-50-short","pa_taille-472","pa_taille-52-long","pa_taille-52-short","pa_taille-587","pa_taille-54-long","pa_taille-54-short","pa_taille-543","pa_taille-56-long","pa_taille-56-short","pa_taille-623","pa_taille-58-long","pa_taille-58-short","first","instock","purchasable","product-type-variable"],"_links":{"self":[{"href":"https:\/\/www.tracea.ch\/en\/wp-json\/wp\/v2\/product\/14098","targetHints":{"allow":["GET"]}}],"collection":[{"href":"https:\/\/www.tracea.ch\/en\/wp-json\/wp\/v2\/product"}],"about":[{"href":"https:\/\/www.tracea.ch\/en\/wp-json\/wp\/v2\/types\/product"}],"replies":[{"embeddable":true,"href":"https:\/\/www.tracea.ch\/en\/wp-json\/wp\/v2\/comments?post=14098"}],"version-history":[{"count":1,"href":"https:\/\/www.tracea.ch\/en\/wp-json\/wp\/v2\/product\/14098\/revisions"}],"predecessor-version":[{"id":29313,"href":"https:\/\/www.tracea.ch\/en\/wp-json\/wp\/v2\/product\/14098\/revisions\/29313"}],"wp:featuredmedia":[{"embeddable":true,"href":"https:\/\/www.tracea.ch\/en\/wp-json\/wp\/v2\/media\/21826"}],"wp:attachment":[{"href":"https:\/\/www.tracea.ch\/en\/wp-json\/wp\/v2\/media?parent=14098"}],"wp:term":[{"taxonomy":"product_brand","embeddable":true,"href":"https:\/\/www.tracea.ch\/en\/wp-json\/wp\/v2\/product_brand?post=14098"},{"taxonomy":"product_cat","embeddable":true,"href":"https:\/\/www.tracea.ch\/en\/wp-json\/wp\/v2\/product_cat?post=14098"},{"taxonomy":"product_tag","embeddable":true,"href":"https:\/\/www.tracea.ch\/en\/wp-json\/wp\/v2\/product_tag?post=14098"}],"curies":[{"name":"wp","href":"https:\/\/api.w.org\/{rel}","templated":true}]}}