{"id":14432,"date":"2026-06-30T22:06:07","date_gmt":"2026-06-30T22:06:07","guid":{"rendered":"https:\/\/www.tracea.ch\/boutique\/non%20class\u00e9\/mens-tekoa-shorts-iii\/"},"modified":"2026-07-07T21:30:08","modified_gmt":"2026-07-07T21:30:08","slug":"mens-tekoa-shorts-iii","status":"publish","type":"product","link":"https:\/\/www.tracea.ch\/en\/boutique\/mens-tekoa-shorts-iii\/","title":{"rendered":"Men&rsquo;s Tekoa Shorts III"},"content":{"rendered":"<p>L&rsquo;enfiler, c&rsquo;est se sentir bien pour se lancer \u00e0 l&rsquo;assaut des sommets ! Ce short \u00e0 la coupe d\u00e9contract\u00e9e est ultra polyvalent pour les sports de montagne, et deviendra rapidement le v\u00eatement pr\u00e9f\u00e9r\u00e9 au camp de base ou dans la vie de tous les jours. La mati\u00e8re double tissage est l\u00e9g\u00e8re, tr\u00e8s robuste et conserve durablement son \u00e9lasticit\u00e9. Afin de pr\u00e9server les ressources, cet article est confectionn\u00e9 \u00e0 partir de polyamide recycl\u00e9. La ceinture r\u00e9glable, deux poches en biais et deux poches zipp\u00e9es compl\u00e8tent les prestations du short Tekoa. Le label Green Shape de VAUDE garantit un produit \u00e9cologique, fonctionnel et fabriqu\u00e9 dans des mat\u00e9riaux durables.<\/p>\n<p><em>Ceinture r\u00e9glable en largeur gr\u00e2ce \u00e0 un velcro, 2 poches sur le devant, 2 poches zipp\u00e9es sur les jambes, 1 poche velcro sur la jambe<\/em><\/p>","protected":false},"excerpt":{"rendered":"<p>Short homme l\u00e9ger pour le sport de montagne #mati\u00e8re \u00e9lastique #construction robuste #composition principale en polyamide recycl\u00e9<\/p>","protected":false},"featured_media":22081,"comment_status":"closed","ping_status":"open","template":"","meta":[],"product_brand":[375],"product_cat":[213,574,216],"product_tag":[365,368,422,421],"class_list":["post-14432","product","type-product","status-publish","has-post-thumbnail","product_brand-vaude","product_cat-boutique","product_cat-pantalons","product_cat-vetements","product_tag-boutique","product_tag-vente","product_tag-vente-vetement","product_tag-vetement","pa_couleur-agave","pa_couleur-dark-sea","pa_couleur-heron-uni","pa_couleur-kumquat","pa_taille-441","pa_taille-459","pa_taille-469","pa_taille-472","pa_taille-587","pa_taille-543","first","instock","purchasable","product-type-variable"],"_links":{"self":[{"href":"https:\/\/www.tracea.ch\/en\/wp-json\/wp\/v2\/product\/14432","targetHints":{"allow":["GET"]}}],"collection":[{"href":"https:\/\/www.tracea.ch\/en\/wp-json\/wp\/v2\/product"}],"about":[{"href":"https:\/\/www.tracea.ch\/en\/wp-json\/wp\/v2\/types\/product"}],"replies":[{"embeddable":true,"href":"https:\/\/www.tracea.ch\/en\/wp-json\/wp\/v2\/comments?post=14432"}],"version-history":[{"count":1,"href":"https:\/\/www.tracea.ch\/en\/wp-json\/wp\/v2\/product\/14432\/revisions"}],"predecessor-version":[{"id":29460,"href":"https:\/\/www.tracea.ch\/en\/wp-json\/wp\/v2\/product\/14432\/revisions\/29460"}],"wp:featuredmedia":[{"embeddable":true,"href":"https:\/\/www.tracea.ch\/en\/wp-json\/wp\/v2\/media\/22081"}],"wp:attachment":[{"href":"https:\/\/www.tracea.ch\/en\/wp-json\/wp\/v2\/media?parent=14432"}],"wp:term":[{"taxonomy":"product_brand","embeddable":true,"href":"https:\/\/www.tracea.ch\/en\/wp-json\/wp\/v2\/product_brand?post=14432"},{"taxonomy":"product_cat","embeddable":true,"href":"https:\/\/www.tracea.ch\/en\/wp-json\/wp\/v2\/product_cat?post=14432"},{"taxonomy":"product_tag","embeddable":true,"href":"https:\/\/www.tracea.ch\/en\/wp-json\/wp\/v2\/product_tag?post=14432"}],"curies":[{"name":"wp","href":"https:\/\/api.w.org\/{rel}","templated":true}]}}