{"id":14558,"date":"2026-06-30T22:08:27","date_gmt":"2026-06-30T22:08:27","guid":{"rendered":"https:\/\/www.tracea.ch\/boutique\/non%20class\u00e9\/mens-qimsa-shorty\/"},"modified":"2026-07-07T21:34:04","modified_gmt":"2026-07-07T21:34:04","slug":"mens-qimsa-shorty","status":"publish","type":"product","link":"https:\/\/www.tracea.ch\/en\/boutique\/mens-qimsa-shorty\/","title":{"rendered":"Men&rsquo;s Qimsa Shorty"},"content":{"rendered":"<p>Pour tous ceux qui le pr\u00e9f\u00e8rent court sur les vir\u00e9es tout feu tout flamme, notre short Qimsa \u00e9prouv\u00e9 offre une longueur plus a\u00e9rienne. Le short VTT pour homme ultra confortable offre une libert\u00e9 de mouvement tr\u00e8s g\u00e9n\u00e9reuse gr\u00e2ce \u00e0 ses empi\u00e8cements \u00e9lastiques robustes dans la zone sup\u00e9rieure du fessier et \u00e0 l&rsquo;int\u00e9rieur des jambes. Une poche lat\u00e9rale zipp\u00e9e peut accueillir toutes les affaires importantes en haut de la cuisse gauche, 2&nbsp;poches en biais ainsi qu&rsquo;un cuissard amovible avec fessier Active confortable garantissent un excellent confort aussi sur les parcours prolong\u00e9s. Se combine avec tous les articles de la famille Qimsa. Le mat\u00e9riau fonctionnel agr\u00e9ablement l\u00e9ger, respirant et \u00e0 s\u00e9chage rapide, est recycl\u00e9 en grande partie et fabriqu\u00e9 dans le plus grand respect de l&rsquo;environnement conform\u00e9ment \u00e0 la norme stricte bluesign\u00ae.<\/p>\n<p><em>ceinture \u00e0 la coupe montante \u00e0 l&rsquo;arri\u00e8re, parties en stretch, 1 poche lat\u00e9rale avec zip, poche soufflet sur le c\u00f4t\u00e9, 2 poches dans la d\u00e9coupe \u00e0 l&rsquo;avant, ceinture avec passe-ceinture, ceinture ajustable en largeur, colourblock, avec pantalon int\u00e9rieur avec matelassage du fessier<\/em><\/p>","protected":false},"excerpt":{"rendered":"<p>Short cycliste homme confortable pour le VTT # respirant et \u00e0 s\u00e9chage rapide #cuissard confortable inclus # fabrication respectueuse du climat par recyclage innovant de pneus usag\u00e9s sous utilisation d&rsquo;une m\u00e9thode du bilan massique<\/p>","protected":false},"featured_media":22193,"comment_status":"closed","ping_status":"open","template":"","meta":[],"product_brand":[375],"product_cat":[213,574,216],"product_tag":[365,368,422,421],"class_list":["post-14558","product","type-product","status-publish","has-post-thumbnail","product_brand-vaude","product_cat-boutique","product_cat-pantalons","product_cat-vetements","product_tag-boutique","product_tag-vente","product_tag-vente-vetement","product_tag-vetement","pa_couleur-black-uni","pa_couleur-heron","pa_taille-l","pa_taille-m","pa_taille-s","pa_taille-xl","pa_taille-xxl","first","instock","purchasable","product-type-variable"],"_links":{"self":[{"href":"https:\/\/www.tracea.ch\/en\/wp-json\/wp\/v2\/product\/14558","targetHints":{"allow":["GET"]}}],"collection":[{"href":"https:\/\/www.tracea.ch\/en\/wp-json\/wp\/v2\/product"}],"about":[{"href":"https:\/\/www.tracea.ch\/en\/wp-json\/wp\/v2\/types\/product"}],"replies":[{"embeddable":true,"href":"https:\/\/www.tracea.ch\/en\/wp-json\/wp\/v2\/comments?post=14558"}],"version-history":[{"count":1,"href":"https:\/\/www.tracea.ch\/en\/wp-json\/wp\/v2\/product\/14558\/revisions"}],"predecessor-version":[{"id":29498,"href":"https:\/\/www.tracea.ch\/en\/wp-json\/wp\/v2\/product\/14558\/revisions\/29498"}],"wp:featuredmedia":[{"embeddable":true,"href":"https:\/\/www.tracea.ch\/en\/wp-json\/wp\/v2\/media\/22193"}],"wp:attachment":[{"href":"https:\/\/www.tracea.ch\/en\/wp-json\/wp\/v2\/media?parent=14558"}],"wp:term":[{"taxonomy":"product_brand","embeddable":true,"href":"https:\/\/www.tracea.ch\/en\/wp-json\/wp\/v2\/product_brand?post=14558"},{"taxonomy":"product_cat","embeddable":true,"href":"https:\/\/www.tracea.ch\/en\/wp-json\/wp\/v2\/product_cat?post=14558"},{"taxonomy":"product_tag","embeddable":true,"href":"https:\/\/www.tracea.ch\/en\/wp-json\/wp\/v2\/product_tag?post=14558"}],"curies":[{"name":"wp","href":"https:\/\/api.w.org\/{rel}","templated":true}]}}