{"id":15388,"date":"2026-06-30T22:29:33","date_gmt":"2026-06-30T22:29:33","guid":{"rendered":"https:\/\/www.tracea.ch\/boutique\/non%20class\u00e9\/mens-wintry-pants-v\/"},"modified":"2026-07-07T22:01:07","modified_gmt":"2026-07-07T22:01:07","slug":"mens-wintry-pants-v","status":"publish","type":"product","link":"https:\/\/www.tracea.ch\/en\/boutique\/mens-wintry-pants-v\/","title":{"rendered":"Men&rsquo;s Wintry Pants V"},"content":{"rendered":"<p>Le pantalon Wintry Pants est un v\u00e9ritable multi talent ! Ceux qui s&rsquo;adonnent \u00e0 des pratiques sportives vari\u00e9es aussi en hiver et ne savent pas toujours quel pantalon utiliser seront ici bien conseill\u00e9s. Ce pantalon est muni de diff\u00e9rentes zones mati\u00e8re pour se montrer \u00e0 la hauteur de la polyvalence attendue: Sur la face avabt, il est 100% coupe-vent gr\u00e2ce \u00e0 la softshell utilis\u00e9e, fabriqu\u00e9e principalement \u00e0 partir de mat\u00e9riaux recycl\u00e9s. Le dos est confectionn\u00e9 en mat\u00e9riau extensible chauffant: cette association est garante d&rsquo;un climat corporel optimal et d&rsquo;une grande libert\u00e9 de mouvement. De par ses fermetures lat\u00e9rales au bas des jambes et sa ceinture \u00e0 largeur r\u00e9glable, le pantalon Women&rsquo;s Wintry Pants IV s&rsquo;adapte en outre \u00e0 tous les besoins !Le label VAUDE Green Shape est le garant d&rsquo;une fabrication \u00e9cologique selon la norme stricte bluesign\u00ae. En outre, le pantalon est imperm\u00e9abilis\u00e9 avec la finition Eco Finish, \u00e9cologique et sans fluorocarbures (PFC).<\/p>\n<p><em>genoux pr\u00e9form\u00e9s, parties \u00e9lastiques dans le dos, parties windproof \u00e0 l&rsquo;avant, 1 poche lat\u00e9rale avec fermeture \u00e9clair invisible, ceinture ajustable en largeur, bas des jambes r\u00e9glables en largeur, logo en relief, \u00e9l\u00e9ments r\u00e9fl\u00e9chissants<\/em><\/p>","protected":false},"excerpt":{"rendered":"<p>Pantalon softshell pr\u00e8s du corps pour le cyclisme de performance #coupe-vent et respirant l\u00e0 o\u00f9 il faut gr\u00e2ce \u00e0 des mati\u00e8res diff\u00e9rentes dispos\u00e9es en zones #bonne adaptation aux activit\u00e9s compl\u00e9mentaires #fabrication \u00e9cologique et fabriqu\u00e9 \u00e0 partir de mat\u00e9riaux principalement recycl\u00e9s<\/p>","protected":false},"featured_media":23499,"comment_status":"closed","ping_status":"open","template":"","meta":[],"product_brand":[375],"product_cat":[213,574,216],"product_tag":[365,368,422,421],"class_list":["post-15388","product","type-product","status-publish","has-post-thumbnail","product_brand-vaude","product_cat-boutique","product_cat-pantalons","product_cat-vetements","product_tag-boutique","product_tag-vente","product_tag-vente-vetement","product_tag-vetement","pa_couleur-black-white","pa_taille-l","pa_taille-m","pa_taille-s","pa_taille-xl","pa_taille-xxl","pa_taille-xxxl","first","instock","purchasable","product-type-variable"],"_links":{"self":[{"href":"https:\/\/www.tracea.ch\/en\/wp-json\/wp\/v2\/product\/15388","targetHints":{"allow":["GET"]}}],"collection":[{"href":"https:\/\/www.tracea.ch\/en\/wp-json\/wp\/v2\/product"}],"about":[{"href":"https:\/\/www.tracea.ch\/en\/wp-json\/wp\/v2\/types\/product"}],"replies":[{"embeddable":true,"href":"https:\/\/www.tracea.ch\/en\/wp-json\/wp\/v2\/comments?post=15388"}],"version-history":[{"count":1,"href":"https:\/\/www.tracea.ch\/en\/wp-json\/wp\/v2\/product\/15388\/revisions"}],"predecessor-version":[{"id":29731,"href":"https:\/\/www.tracea.ch\/en\/wp-json\/wp\/v2\/product\/15388\/revisions\/29731"}],"wp:featuredmedia":[{"embeddable":true,"href":"https:\/\/www.tracea.ch\/en\/wp-json\/wp\/v2\/media\/23499"}],"wp:attachment":[{"href":"https:\/\/www.tracea.ch\/en\/wp-json\/wp\/v2\/media?parent=15388"}],"wp:term":[{"taxonomy":"product_brand","embeddable":true,"href":"https:\/\/www.tracea.ch\/en\/wp-json\/wp\/v2\/product_brand?post=15388"},{"taxonomy":"product_cat","embeddable":true,"href":"https:\/\/www.tracea.ch\/en\/wp-json\/wp\/v2\/product_cat?post=15388"},{"taxonomy":"product_tag","embeddable":true,"href":"https:\/\/www.tracea.ch\/en\/wp-json\/wp\/v2\/product_tag?post=15388"}],"curies":[{"name":"wp","href":"https:\/\/api.w.org\/{rel}","templated":true}]}}