{"id":16067,"date":"2026-06-30T22:42:33","date_gmt":"2026-06-30T22:42:33","guid":{"rendered":"https:\/\/www.tracea.ch\/boutique\/non%20class\u00e9\/mens-matera-warm-bib-tights-ii\/"},"modified":"2026-07-07T22:19:27","modified_gmt":"2026-07-07T22:19:27","slug":"mens-matera-warm-bib-tights-ii","status":"publish","type":"product","link":"https:\/\/www.tracea.ch\/en\/boutique\/mens-matera-warm-bib-tights-ii\/","title":{"rendered":"Men&rsquo;s Matera Warm Bib Tights II"},"content":{"rendered":"<p>Pantalon \u00e0 bretelles de cyclisme homme id\u00e9al pour la mi-saison. Le pantalon \u00e0 bretelles cycliste Matera est confectionn\u00e9 dans une mati\u00e8re softshell \u00e9lastique chauffante, offre une respirabilit\u00e9 \u00e9lev\u00e9e et une coupe ergonomique bien ajust\u00e9e. Sur la face int\u00e9rieure, une polaire agr\u00e9ablement chauffante offre une sensation p\u00e9renne de confort au porter, les genoux et l\u2019entrejambe restent bien au chaud gr\u00e2ce \u00e0 la mati\u00e8re softshell 100\u00a0% \u00e9tanche au vent. Le coussinet VAUDE T-Pad est int\u00e9gr\u00e9 au pantalon \u00e0 bretelles cycliste\u00a0: ce rembourrage de fessier est sp\u00e9cialement con\u00e7u pour la position assise redress\u00e9e et les types de terrain les plus vari\u00e9s. Le label Green Shape de VAUDE garantit un produit \u00e9cologique, fonctionnel et fabriqu\u00e9 dans des mat\u00e9riaux durables.<\/p>\n<p><em>stretch quadridirectionnel, coupe ergonomique, doublure en fleece doux, coutures flatlock, bretelles en mesh dans la d\u00e9coupe, genoux pr\u00e9form\u00e9s, parties des genoux en 100% windproof, \u00e9l\u00e9ments r\u00e9fl\u00e9chissants, matelassage hautement respirant, multi \u00e9paisseurs et ergonomique<\/em><\/p>","protected":false},"excerpt":{"rendered":"<p>Pantalon \u00e0 bretelles cycliste chaud pour homme #zones \u00e9tanches au vent et respirantes #tr\u00e8s \u00e9lastique\u00a0; avec rembourrage T-Pad VAUDE #mati\u00e8re principale essentiellement en polyester recycl\u00e9<\/p>","protected":false},"featured_media":24673,"comment_status":"closed","ping_status":"open","template":"","meta":[],"product_brand":[375],"product_cat":[213,574,216],"product_tag":[365,368,422,421],"class_list":["post-16067","product","type-product","status-publish","has-post-thumbnail","product_brand-vaude","product_cat-boutique","product_cat-pantalons","product_cat-vetements","product_tag-boutique","product_tag-vente","product_tag-vente-vetement","product_tag-vetement","pa_couleur-black","pa_taille-l","pa_taille-m","pa_taille-s","pa_taille-xl","pa_taille-xs","pa_taille-xxl","pa_taille-xxxl","first","instock","purchasable","product-type-variable"],"_links":{"self":[{"href":"https:\/\/www.tracea.ch\/en\/wp-json\/wp\/v2\/product\/16067","targetHints":{"allow":["GET"]}}],"collection":[{"href":"https:\/\/www.tracea.ch\/en\/wp-json\/wp\/v2\/product"}],"about":[{"href":"https:\/\/www.tracea.ch\/en\/wp-json\/wp\/v2\/types\/product"}],"replies":[{"embeddable":true,"href":"https:\/\/www.tracea.ch\/en\/wp-json\/wp\/v2\/comments?post=16067"}],"version-history":[{"count":1,"href":"https:\/\/www.tracea.ch\/en\/wp-json\/wp\/v2\/product\/16067\/revisions"}],"predecessor-version":[{"id":29903,"href":"https:\/\/www.tracea.ch\/en\/wp-json\/wp\/v2\/product\/16067\/revisions\/29903"}],"wp:featuredmedia":[{"embeddable":true,"href":"https:\/\/www.tracea.ch\/en\/wp-json\/wp\/v2\/media\/24673"}],"wp:attachment":[{"href":"https:\/\/www.tracea.ch\/en\/wp-json\/wp\/v2\/media?parent=16067"}],"wp:term":[{"taxonomy":"product_brand","embeddable":true,"href":"https:\/\/www.tracea.ch\/en\/wp-json\/wp\/v2\/product_brand?post=16067"},{"taxonomy":"product_cat","embeddable":true,"href":"https:\/\/www.tracea.ch\/en\/wp-json\/wp\/v2\/product_cat?post=16067"},{"taxonomy":"product_tag","embeddable":true,"href":"https:\/\/www.tracea.ch\/en\/wp-json\/wp\/v2\/product_tag?post=16067"}],"curies":[{"name":"wp","href":"https:\/\/api.w.org\/{rel}","templated":true}]}}