{"id":16263,"date":"2026-06-30T22:46:11","date_gmt":"2026-06-30T22:46:11","guid":{"rendered":"https:\/\/www.tracea.ch\/boutique\/non%20class\u00e9\/minaki-shorts-iv\/"},"modified":"2026-07-07T22:23:43","modified_gmt":"2026-07-07T22:23:43","slug":"minaki-shorts-iv","status":"publish","type":"product","link":"https:\/\/www.tracea.ch\/en\/boutique\/minaki-shorts-iv\/","title":{"rendered":"Minaki Shorts IV"},"content":{"rendered":"<p>Nous avons revisit\u00e9 ce classique pour l&rsquo;am\u00e9liorer plus avant. Le pantalon cycliste isolant Minaki Unisexee est le parfait compagnon pour les adeptes du VTT qui aiment se tenir au chaud par temps froid. Ce pantalon l\u00e9ger hybride en mati\u00e8re fabriqu\u00e9e dans le respect de l&rsquo;environnement peut se porter sur le pantalon de cyclisme comme couche chauffante. Sur la face avant, le matelassage PrimaLoft\u00ae offre une excellente isolation au niveau des cuisses. La protection anti-\u00e9claboussures robuste au fessier est enti\u00e8rement \u00e9tanche. Les zips lat\u00e9raux avec doublure filet facilitent l&rsquo;enfilage et servent dans le m\u00eame temps de dispositif de ventilation. Contrairement \u00e0 son pr\u00e9d\u00e9cesseur, ce pantalon isolant Minaki Unisexee dispose d&rsquo;une poche zipp\u00e9e et d&rsquo;un pli \u00e9lastique. Ce dernier aspect augmente le confort sur la p\u00e9dale tout en assurant une ventilation d&rsquo;appoint. Ce produit est appr\u00eat\u00e9 avec la finition Eco Finish, d\u00e9perlante, \u00e9cologique et sans fluorocarbures (PFC). Le label Green Shape de VAUDE garantit en outre un produit \u00e9cologique et fonctionnel fabriqu\u00e9 dans des mat\u00e9riaux durables.<\/p>\n<p><em>genoux pr\u00e9form\u00e9s, ceinture \u00e0 la coupe montante \u00e0 l&rsquo;arri\u00e8re, partiellement matelass\u00e9, parties en stretch, renforcement de l&rsquo;assise en mati\u00e8re triple \u00e9paisseur, 1 poche sur la jambe avec zip r\u00e9versible, largeur r\u00e9glable \u00e0 l&rsquo;aide des \u00e9lastiques ajustables, zip de ventilation dans les coutures lat\u00e9rales, \u00e9l\u00e9ments r\u00e9fl\u00e9chissants<\/em><\/p>","protected":false},"excerpt":{"rendered":"<p>Pantalon isolant court et polyvalent Unisexee #taille ais\u00e9ment ajustable par cordon #avec protection anti-\u00e9claboussures imperm\u00e9able #avec matelassage PrimaLoft\u00ae-Eco<\/p>","protected":false},"featured_media":25122,"comment_status":"closed","ping_status":"open","template":"","meta":[],"product_brand":[375],"product_cat":[213,574,216],"product_tag":[365,368,422,421],"class_list":["post-16263","product","type-product","status-publish","has-post-thumbnail","product_brand-vaude","product_cat-boutique","product_cat-pantalons","product_cat-vetements","product_tag-boutique","product_tag-vente","product_tag-vente-vetement","product_tag-vetement","pa_couleur-black","pa_couleur-neon-yellow","pa_taille-l","pa_taille-m","pa_taille-s","pa_taille-xl","pa_taille-xs","pa_taille-xxl","first","instock","purchasable","product-type-variable"],"_links":{"self":[{"href":"https:\/\/www.tracea.ch\/en\/wp-json\/wp\/v2\/product\/16263","targetHints":{"allow":["GET"]}}],"collection":[{"href":"https:\/\/www.tracea.ch\/en\/wp-json\/wp\/v2\/product"}],"about":[{"href":"https:\/\/www.tracea.ch\/en\/wp-json\/wp\/v2\/types\/product"}],"replies":[{"embeddable":true,"href":"https:\/\/www.tracea.ch\/en\/wp-json\/wp\/v2\/comments?post=16263"}],"version-history":[{"count":1,"href":"https:\/\/www.tracea.ch\/en\/wp-json\/wp\/v2\/product\/16263\/revisions"}],"predecessor-version":[{"id":29944,"href":"https:\/\/www.tracea.ch\/en\/wp-json\/wp\/v2\/product\/16263\/revisions\/29944"}],"wp:featuredmedia":[{"embeddable":true,"href":"https:\/\/www.tracea.ch\/en\/wp-json\/wp\/v2\/media\/25122"}],"wp:attachment":[{"href":"https:\/\/www.tracea.ch\/en\/wp-json\/wp\/v2\/media?parent=16263"}],"wp:term":[{"taxonomy":"product_brand","embeddable":true,"href":"https:\/\/www.tracea.ch\/en\/wp-json\/wp\/v2\/product_brand?post=16263"},{"taxonomy":"product_cat","embeddable":true,"href":"https:\/\/www.tracea.ch\/en\/wp-json\/wp\/v2\/product_cat?post=16263"},{"taxonomy":"product_tag","embeddable":true,"href":"https:\/\/www.tracea.ch\/en\/wp-json\/wp\/v2\/product_tag?post=16263"}],"curies":[{"name":"wp","href":"https:\/\/api.w.org\/{rel}","templated":true}]}}