{"id":30263,"date":"2026-07-07T22:34:14","date_gmt":"2026-07-07T22:34:14","guid":{"rendered":"https:\/\/www.tracea.ch\/boutique\/non%20class\u00e9\/kids-moab-base-shorts\/"},"modified":"2026-07-07T22:34:36","modified_gmt":"2026-07-07T22:34:36","slug":"kids-moab-base-shorts","status":"publish","type":"product","link":"https:\/\/www.tracea.ch\/en\/boutique\/kids-moab-base-shorts\/","title":{"rendered":"Kids Moab Base Shorts"},"content":{"rendered":"<p>Pour tous les enfants qui aiment les journ\u00e9es pleines d&rsquo;action sur le trail : Cool et ultra-confortable, le short de VTT Moab pour enfants n&rsquo;a rien \u00e0 envier au mod\u00e8le \u00e9prouv\u00e9 pour adultes. La ceinture \u00e9lastique souple est coup\u00e9e un peu plus haut \u00e0 l&rsquo;arri\u00e8re et accompagne tous les mouvements ; la largeur des jambes permet une utilisation avec des genouill\u00e8res. Une poche suppl\u00e9mentaire sur la jambe avec fermeture \u00e9clair permet de ranger des petites choses ou m\u00eame le t\u00e9l\u00e9phone portable. Le mat\u00e9riau de ce short de VTT pour enfants est r\u00e9sistant \u00e0 l&rsquo;abrasion, l\u00e9ger et \u00e9lastique, r\u00e9sistant \u00e0 la salet\u00e9 et \u00e0 l&rsquo;eau et, en plus, facile d&rsquo;entretien et \u00e0 s\u00e9chage rapide. Alors, en route sur la selle ! Le label Green Shape de VAUDE garantit un produit \u00e9cologique, fonctionnel et fabriqu\u00e9 dans des mat\u00e9riaux durables.<\/p>\n<p><em>ceinture \u00e0 la coupe montante \u00e0 l&rsquo;arri\u00e8re, 1&#038;nbsp, poche lat\u00e9rale sur la jambe, 2 poches dans la d\u00e9coupe lat\u00e9rales, Ceinture avec parties \u00e9lastiques dans le dos, ceinture ajustable en largeur, avec petite plaque pour y inscrire le nom<\/em><\/p>","protected":false},"excerpt":{"rendered":"<p>Short \u00e9lastique et l\u00e9ger enfant pour le trail et le parc VTT #robuste et facile d\u2019entretien #combinable avec un cuissard #mati\u00e8re principale obtenue par recyclage innovant de pneus usag\u00e9s sous utilisation d\u2019une m\u00e9thode du bilan massique<\/p>","protected":false},"featured_media":0,"comment_status":"closed","ping_status":"open","template":"","meta":[],"product_brand":[375],"product_cat":[213,574,216],"product_tag":[365,368,422,421],"class_list":["post-30263","product","type-product","status-publish","product_brand-vaude","product_cat-boutique","product_cat-pantalons","product_cat-vetements","product_tag-boutique","product_tag-vente","product_tag-vente-vetement","product_tag-vetement","pa_couleur-black","pa_couleur-dark-sea","pa_couleur-oat","pa_taille-110-116","pa_taille-122-128","pa_taille-134-140","pa_taille-146-152","pa_taille-158-164","first","instock","purchasable","product-type-variable"],"_links":{"self":[{"href":"https:\/\/www.tracea.ch\/en\/wp-json\/wp\/v2\/product\/30263","targetHints":{"allow":["GET"]}}],"collection":[{"href":"https:\/\/www.tracea.ch\/en\/wp-json\/wp\/v2\/product"}],"about":[{"href":"https:\/\/www.tracea.ch\/en\/wp-json\/wp\/v2\/types\/product"}],"replies":[{"embeddable":true,"href":"https:\/\/www.tracea.ch\/en\/wp-json\/wp\/v2\/comments?post=30263"}],"version-history":[{"count":1,"href":"https:\/\/www.tracea.ch\/en\/wp-json\/wp\/v2\/product\/30263\/revisions"}],"predecessor-version":[{"id":30264,"href":"https:\/\/www.tracea.ch\/en\/wp-json\/wp\/v2\/product\/30263\/revisions\/30264"}],"wp:attachment":[{"href":"https:\/\/www.tracea.ch\/en\/wp-json\/wp\/v2\/media?parent=30263"}],"wp:term":[{"taxonomy":"product_brand","embeddable":true,"href":"https:\/\/www.tracea.ch\/en\/wp-json\/wp\/v2\/product_brand?post=30263"},{"taxonomy":"product_cat","embeddable":true,"href":"https:\/\/www.tracea.ch\/en\/wp-json\/wp\/v2\/product_cat?post=30263"},{"taxonomy":"product_tag","embeddable":true,"href":"https:\/\/www.tracea.ch\/en\/wp-json\/wp\/v2\/product_tag?post=30263"}],"curies":[{"name":"wp","href":"https:\/\/api.w.org\/{rel}","templated":true}]}}