{"id":30764,"date":"2026-07-07T22:47:58","date_gmt":"2026-07-07T22:47:58","guid":{"rendered":"https:\/\/www.tracea.ch\/boutique\/non%20class\u00e9\/mens-moab-pro-softshell-pants\/"},"modified":"2026-07-07T22:48:20","modified_gmt":"2026-07-07T22:48:20","slug":"mens-moab-pro-softshell-pants","status":"publish","type":"product","link":"https:\/\/www.tracea.ch\/en\/boutique\/mens-moab-pro-softshell-pants\/","title":{"rendered":"Men&rsquo;s Moab Pro Softshell Pants"},"content":{"rendered":"<p>Pantalon cycliste softshell ultratechnique et hybride homme pour les adeptes chevronn\u00e9s de la selle, qui prennent aussi la route des trails difficiles \u00e0 la fin de l\u2019automne et en hiver. Le pantalon cycliste softshell tr\u00e8s confortable et long pour homme est dot\u00e9 d\u2019une ceinture 2 en 1 facile \u00e0 ajuster, qui se passe enti\u00e8rement de zip pour \u00e9viter les pressions et les pincements. La ceinture est taill\u00e9e plus haute \u00e0 l\u2019arri\u00e8re et tr\u00e8s \u00e9lastique. La coupe progressive des genoux pr\u00e9form\u00e9s permet de rouler avec des protecteurs\u00a0; le fessier est renforc\u00e9 avec du mat\u00e9riau 3\u00a0couches pour affronter les trails les plus boueux. Des zones respirantes au bas et \u00e0 l\u2019arri\u00e8re des jambes, deux poches avant zipp\u00e9es ainsi que la coupe plus cintr\u00e9e du bas des jambes avec une fermeture \u00e9lastique viennent compl\u00e9ter les prestations de ce kit technique. Le mat\u00e9riau tr\u00e8s r\u00e9sistant du pantalon cycliste softshell homme prot\u00e8ge efficacement du refroidissement et est dot\u00e9 de la finition sans PFC Eco Finish d\u00e9perlante et antisalissures. Le label Green Shape de VAUDE garantit un produit \u00e9cologique, fonctionnel et fabriqu\u00e9 dans des mat\u00e9riaux durables.<\/p>\n<p><em>bas de jambes \u00e9lastiques, genoux pr\u00e9form\u00e9s, ceinture \u00e0 la coupe montante \u00e0 l&rsquo;arri\u00e8re, peut \u00eatre port\u00e9 avec des protections, parties en stretch, mati\u00e8re \u00e9lastique, renforcement de l&rsquo;assise en mati\u00e8re triple \u00e9paisseur, 2 poches zipp\u00e9es sur les jambes, ceinture avec parties \u00e9lastiques, ceinture ajustable en largeur<\/em><\/p>","protected":false},"excerpt":{"rendered":"<p>Pantalon cycliste homme robuste pour les trails ambitieux #\u00e9lastique, coupe-vent et d\u00e9perlant #peut se porter avec des protecteurs #mati\u00e8re principale partiellement fabriqu\u00e9e en polyester recycl\u00e9<\/p>","protected":false},"featured_media":0,"comment_status":"closed","ping_status":"open","template":"","meta":[],"product_brand":[375],"product_cat":[213,574,216],"product_tag":[365,368,422,421],"class_list":["post-30764","product","type-product","status-publish","product_brand-vaude","product_cat-boutique","product_cat-pantalons","product_cat-vetements","product_tag-boutique","product_tag-vente","product_tag-vente-vetement","product_tag-vetement","pa_couleur-black","pa_couleur-deer-brown","pa_taille-l","pa_taille-m","pa_taille-s","pa_taille-xl","pa_taille-xxl","first","instock","purchasable","product-type-variable"],"_links":{"self":[{"href":"https:\/\/www.tracea.ch\/en\/wp-json\/wp\/v2\/product\/30764","targetHints":{"allow":["GET"]}}],"collection":[{"href":"https:\/\/www.tracea.ch\/en\/wp-json\/wp\/v2\/product"}],"about":[{"href":"https:\/\/www.tracea.ch\/en\/wp-json\/wp\/v2\/types\/product"}],"replies":[{"embeddable":true,"href":"https:\/\/www.tracea.ch\/en\/wp-json\/wp\/v2\/comments?post=30764"}],"version-history":[{"count":1,"href":"https:\/\/www.tracea.ch\/en\/wp-json\/wp\/v2\/product\/30764\/revisions"}],"predecessor-version":[{"id":30765,"href":"https:\/\/www.tracea.ch\/en\/wp-json\/wp\/v2\/product\/30764\/revisions\/30765"}],"wp:attachment":[{"href":"https:\/\/www.tracea.ch\/en\/wp-json\/wp\/v2\/media?parent=30764"}],"wp:term":[{"taxonomy":"product_brand","embeddable":true,"href":"https:\/\/www.tracea.ch\/en\/wp-json\/wp\/v2\/product_brand?post=30764"},{"taxonomy":"product_cat","embeddable":true,"href":"https:\/\/www.tracea.ch\/en\/wp-json\/wp\/v2\/product_cat?post=30764"},{"taxonomy":"product_tag","embeddable":true,"href":"https:\/\/www.tracea.ch\/en\/wp-json\/wp\/v2\/product_tag?post=30764"}],"curies":[{"name":"wp","href":"https:\/\/api.w.org\/{rel}","templated":true}]}}