{"id":31236,"date":"2026-07-07T23:01:14","date_gmt":"2026-07-07T23:01:14","guid":{"rendered":"https:\/\/www.tracea.ch\/boutique\/non%20class\u00e9\/womens-tamaro-shorts-iii\/"},"modified":"2026-07-07T23:02:10","modified_gmt":"2026-07-07T23:02:10","slug":"womens-tamaro-shorts-iii","status":"publish","type":"product","link":"https:\/\/www.tracea.ch\/en\/boutique\/womens-tamaro-shorts-iii\/","title":{"rendered":"Women&rsquo;s Tamaro Shorts III"},"content":{"rendered":"<p>Le short de cyclisme Tamaro pour femmes combine un confort de premi\u00e8re classe avec des d\u00e9tails fonctionnels et est parfait pour les randonn\u00e9es \u00e0 v\u00e9lo estivales. Malgr\u00e9 son design moderne et des mat\u00e9riaux revisit\u00e9s, il reste un classique VAUDE qui a fait ses preuves. Deux poches lat\u00e9rales et une poche sur la cuisse plac\u00e9e sur le c\u00f4t\u00e9 et dot\u00e9e d&rsquo;une fermeture \u00e0 glissi\u00e8re offrent suffisamment d&rsquo;espace de rangement, tandis que les empi\u00e8cements \u00e9lastiques \u00e0 la taille assurent un ajustement optimal. La nouvelle mati\u00e8re \u00e9lastique garantit une libert\u00e9 de mouvement illimit\u00e9e sur le v\u00e9lo. La taille plus haute au niveau du dos convient parfaitement \u00e0 la position assise lors de la pratique du v\u00e9lo. Pour un confort durable, m\u00eame sur les longs trajets, le cuissard amovible est dot\u00e9 d&rsquo;un coussinet VAUDE T-Pad de haute qualit\u00e9. La mati\u00e8re principale respirante, \u00e0 s\u00e9chage rapide et r\u00e9sistante offre une fonctionnalit\u00e9 et une durabilit\u00e9 fiables. Le label Green Shape de VAUDE garantit un produit \u00e9cologique, fonctionnel et fabriqu\u00e9 dans des mat\u00e9riaux durables.<\/p>\n<p><em>mati\u00e8re \u00e9lastique, 1 poche zipp\u00e9e sur le jambe, 2 poches dans la d\u00e9coupe \u00e0 l&rsquo;avant, ceinture avec empi\u00e8cements \u00e9lastiques lat\u00e9raux, boucle de ceinture, fentes lat\u00e9rales, avec pantalon int\u00e9rieur avec matelassage du fessier<\/em><\/p>","protected":false},"excerpt":{"rendered":"<p>Short cycliste sportif femme pour sorties estivales en journ\u00e9e #mati\u00e8re respirante \u00e0 s\u00e9chage rapide avec teneur en stretch #cuissard amovible avec coussinet T-Pad #mati\u00e8re principale essentiellement fabriqu\u00e9e en polyester recycl\u00e9<\/p>","protected":false},"featured_media":0,"comment_status":"closed","ping_status":"open","template":"","meta":[],"product_brand":[375],"product_cat":[213,574,216],"product_tag":[365,368,422,421],"class_list":["post-31236","product","type-product","status-publish","product_brand-vaude","product_cat-boutique","product_cat-pantalons","product_cat-vetements","product_tag-boutique","product_tag-vente","product_tag-vente-vetement","product_tag-vetement","pa_couleur-agave","pa_couleur-black","pa_couleur-magenta","pa_couleur-shore-blue","pa_taille-436","pa_taille-437","pa_taille-438","pa_taille-439","pa_taille-440","pa_taille-441","pa_taille-459","first","instock","purchasable","product-type-variable"],"_links":{"self":[{"href":"https:\/\/www.tracea.ch\/en\/wp-json\/wp\/v2\/product\/31236","targetHints":{"allow":["GET"]}}],"collection":[{"href":"https:\/\/www.tracea.ch\/en\/wp-json\/wp\/v2\/product"}],"about":[{"href":"https:\/\/www.tracea.ch\/en\/wp-json\/wp\/v2\/types\/product"}],"replies":[{"embeddable":true,"href":"https:\/\/www.tracea.ch\/en\/wp-json\/wp\/v2\/comments?post=31236"}],"version-history":[{"count":1,"href":"https:\/\/www.tracea.ch\/en\/wp-json\/wp\/v2\/product\/31236\/revisions"}],"predecessor-version":[{"id":31237,"href":"https:\/\/www.tracea.ch\/en\/wp-json\/wp\/v2\/product\/31236\/revisions\/31237"}],"wp:attachment":[{"href":"https:\/\/www.tracea.ch\/en\/wp-json\/wp\/v2\/media?parent=31236"}],"wp:term":[{"taxonomy":"product_brand","embeddable":true,"href":"https:\/\/www.tracea.ch\/en\/wp-json\/wp\/v2\/product_brand?post=31236"},{"taxonomy":"product_cat","embeddable":true,"href":"https:\/\/www.tracea.ch\/en\/wp-json\/wp\/v2\/product_cat?post=31236"},{"taxonomy":"product_tag","embeddable":true,"href":"https:\/\/www.tracea.ch\/en\/wp-json\/wp\/v2\/product_tag?post=31236"}],"curies":[{"name":"wp","href":"https:\/\/api.w.org\/{rel}","templated":true}]}}