{"id":31284,"date":"2026-07-07T23:02:42","date_gmt":"2026-07-07T23:02:42","guid":{"rendered":"https:\/\/www.tracea.ch\/boutique\/non%20class\u00e9\/mens-tamaro-shorts-iii\/"},"modified":"2026-07-07T23:03:20","modified_gmt":"2026-07-07T23:03:20","slug":"mens-tamaro-shorts-iii","status":"publish","type":"product","link":"https:\/\/www.tracea.ch\/en\/boutique\/mens-tamaro-shorts-iii\/","title":{"rendered":"Men&rsquo;s Tamaro Shorts III"},"content":{"rendered":"<p>Le short de cyclisme Tamaro pour hommes offre un confort maximal et constitue le choix id\u00e9al pour les sorties estivales \u00e0 v\u00e9lo. Avec un design revisit\u00e9, ce short de v\u00e9lo pour hommes r\u00e9unit tout ce qui en fait un classique VAUDE &#8211; et plus encore : L&rsquo;\u00e9quipement bien pens\u00e9 comprend deux poches pratiques, une poche int\u00e9gr\u00e9e sur la cuisse, une taille r\u00e9glable par velcro et des genoux pr\u00e9form\u00e9s qui assurent une libert\u00e9 de mouvement optimale. Les inserts en stretch renforcent la tenue souple et offrent une parfaite alliance de confort et de libert\u00e9 de mouvement \u00e0 chaque sortie en v\u00e9lo. La coupe relev\u00e9e au niveau du dos est adapt\u00e9e \u00e0 la position sur la selle. Le cuissard int\u00e9gr\u00e9 et amovible avec un coussinet VAUDE T-Pad de haute qualit\u00e9 assure un confort agr\u00e9able et durable, m\u00eame lors de longues sorties. Le mat\u00e9riau principal respirant et \u00e0 s\u00e9chage rapide est particuli\u00e8rement r\u00e9sistant et durable. Ainsi, le short de v\u00e9lo Tamaro incarne un choix \u00e9coresponsable, m\u00eame lors d&rsquo;utilisations intensives. Le label Green Shape de VAUDE garantit un produit \u00e9cologique, fonctionnel et fabriqu\u00e9 dans des mat\u00e9riaux durables.<\/p>\n<p><em>mati\u00e8re \u00e9lastique, 1 poche avec rabat ajout\u00e9e sur la jambe, 2 poches dans la d\u00e9coupe \u00e0 l&rsquo;avant, boucle de ceinture, Ceinture r\u00e9glable en largeur gr\u00e2ce \u00e0 un velcro, avec pantalon int\u00e9rieur avec matelassage du fessier<\/em><\/p>","protected":false},"excerpt":{"rendered":"<p>Short cycliste homme sportif pour sorties en journ\u00e9e et cyclotourisme #mati\u00e8re respirante et \u00e0 s\u00e9chage rapide avec haute teneur en stretch #cuissard amovible avec coussinet T-Pad #mati\u00e8re principale essentiellement fabriqu\u00e9e en polyester recycl\u00e9<\/p>","protected":false},"featured_media":0,"comment_status":"closed","ping_status":"open","template":"","meta":[],"product_brand":[375],"product_cat":[213,574,216],"product_tag":[365,368,422,421],"class_list":["post-31284","product","type-product","status-publish","product_brand-vaude","product_cat-boutique","product_cat-pantalons","product_cat-vetements","product_tag-boutique","product_tag-vente","product_tag-vente-vetement","product_tag-vetement","pa_couleur-black","pa_couleur-dark-leaf","pa_couleur-dark-sea","pa_taille-l","pa_taille-m","pa_taille-s","pa_taille-xl","pa_taille-xxl","pa_taille-xxxl","pa_taille-xxxxl","first","instock","purchasable","product-type-variable"],"_links":{"self":[{"href":"https:\/\/www.tracea.ch\/en\/wp-json\/wp\/v2\/product\/31284","targetHints":{"allow":["GET"]}}],"collection":[{"href":"https:\/\/www.tracea.ch\/en\/wp-json\/wp\/v2\/product"}],"about":[{"href":"https:\/\/www.tracea.ch\/en\/wp-json\/wp\/v2\/types\/product"}],"replies":[{"embeddable":true,"href":"https:\/\/www.tracea.ch\/en\/wp-json\/wp\/v2\/comments?post=31284"}],"version-history":[{"count":1,"href":"https:\/\/www.tracea.ch\/en\/wp-json\/wp\/v2\/product\/31284\/revisions"}],"predecessor-version":[{"id":31285,"href":"https:\/\/www.tracea.ch\/en\/wp-json\/wp\/v2\/product\/31284\/revisions\/31285"}],"wp:attachment":[{"href":"https:\/\/www.tracea.ch\/en\/wp-json\/wp\/v2\/media?parent=31284"}],"wp:term":[{"taxonomy":"product_brand","embeddable":true,"href":"https:\/\/www.tracea.ch\/en\/wp-json\/wp\/v2\/product_brand?post=31284"},{"taxonomy":"product_cat","embeddable":true,"href":"https:\/\/www.tracea.ch\/en\/wp-json\/wp\/v2\/product_cat?post=31284"},{"taxonomy":"product_tag","embeddable":true,"href":"https:\/\/www.tracea.ch\/en\/wp-json\/wp\/v2\/product_tag?post=31284"}],"curies":[{"name":"wp","href":"https:\/\/api.w.org\/{rel}","templated":true}]}}