{"id":31435,"date":"2026-07-07T23:06:13","date_gmt":"2026-07-07T23:06:13","guid":{"rendered":"https:\/\/www.tracea.ch\/boutique\/non%20class\u00e9\/womens-loamer-base-cord-shorts\/"},"modified":"2026-07-07T23:06:48","modified_gmt":"2026-07-07T23:06:48","slug":"womens-loamer-base-cord-shorts","status":"publish","type":"product","link":"https:\/\/www.tracea.ch\/en\/boutique\/womens-loamer-base-cord-shorts\/","title":{"rendered":"Women&rsquo;s Loamer Base Cord Shorts"},"content":{"rendered":"<p>De l&rsquo;universit\u00e9 au trail, puis au caf\u00e9 : Le short de VTT Loamer Cord pour femmes fait le grand \u00e9cart entre le v\u00e9lo et le quotidien. Le mat\u00e9riau lui-m\u00eame fait d&rsquo;une pierre deux coups (au minimum) : Le velours c\u00f4tel\u00e9 n&rsquo;a pas seulement un aspect d\u00e9contract\u00e9, il est aussi super r\u00e9sistant. Des inserts en nylon stretch encore plus r\u00e9sistants au niveau de l&rsquo;assise garantissent une libert\u00e9 de mouvement optimale du short de VTT Loamer Cord pour femmes. La taille partiellement \u00e9lastique avec des passants assure un bon maintien. Un espace de rangement suffisant a \u00e9galement \u00e9t\u00e9 pr\u00e9vu : En plus des deux poches ouvertes et de la poche arri\u00e8re, le smartphone, l&rsquo;argent liquide ou la carte EC trouvent leur place dans une poche suppl\u00e9mentaire zipp\u00e9e sur la jambe gauche du pantalon. Le label Green Shape de VAUDE garantit un produit \u00e9cologique, fonctionnel et fabriqu\u00e9 dans des mat\u00e9riaux durables. En tant que membre Leader de l\u2019organisme ind\u00e9pendant Fair Wear, VAUDE s\u2019engage en faveur de conditions de travail et de salaires \u00e9quitables.<\/p>\n<p><em>parties en stretch, 1 poche lat\u00e9rale avec zip, 1 poche arri\u00e8re, 2 poches avec doublure en filet pour une bonne ventilation, ceinture avec passe-ceinture, ceinture en partie \u00e9lastique<\/em><\/p>","protected":false},"excerpt":{"rendered":"<p>Short d\u00e9contract\u00e9 femme Cord MTB pour le trail, les sorties et le quotidien #mati\u00e8re c\u00f4tel\u00e9e robuste #4 poches pour un bel espace de rangement #mati\u00e8re principale essentiellement fabriqu\u00e9e en polyester recycl\u00e9<\/p>","protected":false},"featured_media":0,"comment_status":"closed","ping_status":"open","template":"","meta":[],"product_brand":[375],"product_cat":[213,574,216],"product_tag":[365,368,422,421],"class_list":["post-31435","product","type-product","status-publish","product_brand-vaude","product_cat-boutique","product_cat-pantalons","product_cat-vetements","product_tag-boutique","product_tag-vente","product_tag-vente-vetement","product_tag-vetement","pa_couleur-black","pa_couleur-deep-pond","pa_couleur-raspberry","pa_taille-436","pa_taille-437","pa_taille-438","pa_taille-439","pa_taille-440","pa_taille-441","first","instock","purchasable","product-type-variable"],"_links":{"self":[{"href":"https:\/\/www.tracea.ch\/en\/wp-json\/wp\/v2\/product\/31435","targetHints":{"allow":["GET"]}}],"collection":[{"href":"https:\/\/www.tracea.ch\/en\/wp-json\/wp\/v2\/product"}],"about":[{"href":"https:\/\/www.tracea.ch\/en\/wp-json\/wp\/v2\/types\/product"}],"replies":[{"embeddable":true,"href":"https:\/\/www.tracea.ch\/en\/wp-json\/wp\/v2\/comments?post=31435"}],"version-history":[{"count":1,"href":"https:\/\/www.tracea.ch\/en\/wp-json\/wp\/v2\/product\/31435\/revisions"}],"predecessor-version":[{"id":31436,"href":"https:\/\/www.tracea.ch\/en\/wp-json\/wp\/v2\/product\/31435\/revisions\/31436"}],"wp:attachment":[{"href":"https:\/\/www.tracea.ch\/en\/wp-json\/wp\/v2\/media?parent=31435"}],"wp:term":[{"taxonomy":"product_brand","embeddable":true,"href":"https:\/\/www.tracea.ch\/en\/wp-json\/wp\/v2\/product_brand?post=31435"},{"taxonomy":"product_cat","embeddable":true,"href":"https:\/\/www.tracea.ch\/en\/wp-json\/wp\/v2\/product_cat?post=31435"},{"taxonomy":"product_tag","embeddable":true,"href":"https:\/\/www.tracea.ch\/en\/wp-json\/wp\/v2\/product_tag?post=31435"}],"curies":[{"name":"wp","href":"https:\/\/api.w.org\/{rel}","templated":true}]}}