{"id":31458,"date":"2026-07-07T23:06:48","date_gmt":"2026-07-07T23:06:48","guid":{"rendered":"https:\/\/www.tracea.ch\/boutique\/non%20class\u00e9\/mens-moab-pants\/"},"modified":"2026-07-07T23:07:11","modified_gmt":"2026-07-07T23:07:11","slug":"mens-moab-pants","status":"publish","type":"product","link":"https:\/\/www.tracea.ch\/en\/boutique\/mens-moab-pants\/","title":{"rendered":"Men&rsquo;s Moab Pants"},"content":{"rendered":"<p>Le mat\u00e9riau Rip-Stop extr\u00eamement robuste, d\u00e9perlant et respirant de ce pantalon de VTT pour hommes est enti\u00e8rement con\u00e7u pour une utilisation intensive. Pour une libert\u00e9 de mouvement maximale sur les trails, les jambes du pantalon sont fortement pr\u00e9form\u00e9es et les genoux sont coup\u00e9s de mani\u00e8re \u00e0 ce que les protections puissent \u00eatre port\u00e9es sans probl\u00e8me sous le pantalon de VTT Moab. Le bas serr\u00e9 aux chevilles \u00e9vite que le pantalon ne se prenne dans le plateau. Deux poches zipp\u00e9es lat\u00e9rales permettent de ranger des accessoires de base tels que le smartphone, les cl\u00e9s de voiture et la monnaie pour les cas d&rsquo;urgence. En m\u00eame temps, elles servent d&rsquo;a\u00e9ration lorsque la fermeture \u00e9clair est ouverte. La ceinture avec boutons-pression et zip est relev\u00e9e \u00e0 l&rsquo;arri\u00e8re pour un maintien optimal sur le v\u00e9lo. Le r\u00e9glage de la largeur par velcro peut \u00eatre remplac\u00e9 sans probl\u00e8me si n\u00e9cessaire. Pour tous les cyclistes qui recherchent un pantalon absolument fiable pour la pratique du trail, le pantalon de VTT Moab pour hommes est le choix id\u00e9al. Le label Green Shape de VAUDE garantit un produit \u00e9cologique, fonctionnel et fabriqu\u00e9 dans des mat\u00e9riaux durables. En tant que membre Leader de l\u2019organisme ind\u00e9pendant Fair Wear, VAUDE s\u2019engage en faveur de conditions de travail et de salaires \u00e9quitables.<\/p>\n<p><em>bas de jambes \u00e9lastiques, genoux pr\u00e9form\u00e9s, peut \u00eatre port\u00e9 avec des protections, mati\u00e8re \u00e9lastique, 2 poches zipp\u00e9es sur les jambes, ceinture ajustable en largeur, possibilit\u00e9 de ventilation par les poches frontales, colourblock<\/em><\/p>","protected":false},"excerpt":{"rendered":"<p>Pantalon VTT homme ultrarobuste pour un usage 3 saisons avec une belle aisance de mouvement #genoux ultrapr\u00e9form\u00e9s, compatibles avec des protecteurs #mati\u00e8re obtenue par recyclage innovant de pneus usag\u00e9s sous utilisation d\u2019une m\u00e9thode du bilan massique<\/p>","protected":false},"featured_media":0,"comment_status":"closed","ping_status":"open","template":"","meta":[],"product_brand":[375],"product_cat":[213,574,216],"product_tag":[365,368,422,421],"class_list":["post-31458","product","type-product","status-publish","product_brand-vaude","product_cat-boutique","product_cat-pantalons","product_cat-vetements","product_tag-boutique","product_tag-vente","product_tag-vente-vetement","product_tag-vetement","pa_couleur-black","pa_couleur-coconut","pa_taille-l","pa_taille-m","pa_taille-s","pa_taille-xl","pa_taille-xxl","first","instock","purchasable","product-type-variable"],"_links":{"self":[{"href":"https:\/\/www.tracea.ch\/en\/wp-json\/wp\/v2\/product\/31458","targetHints":{"allow":["GET"]}}],"collection":[{"href":"https:\/\/www.tracea.ch\/en\/wp-json\/wp\/v2\/product"}],"about":[{"href":"https:\/\/www.tracea.ch\/en\/wp-json\/wp\/v2\/types\/product"}],"replies":[{"embeddable":true,"href":"https:\/\/www.tracea.ch\/en\/wp-json\/wp\/v2\/comments?post=31458"}],"version-history":[{"count":1,"href":"https:\/\/www.tracea.ch\/en\/wp-json\/wp\/v2\/product\/31458\/revisions"}],"predecessor-version":[{"id":31459,"href":"https:\/\/www.tracea.ch\/en\/wp-json\/wp\/v2\/product\/31458\/revisions\/31459"}],"wp:attachment":[{"href":"https:\/\/www.tracea.ch\/en\/wp-json\/wp\/v2\/media?parent=31458"}],"wp:term":[{"taxonomy":"product_brand","embeddable":true,"href":"https:\/\/www.tracea.ch\/en\/wp-json\/wp\/v2\/product_brand?post=31458"},{"taxonomy":"product_cat","embeddable":true,"href":"https:\/\/www.tracea.ch\/en\/wp-json\/wp\/v2\/product_cat?post=31458"},{"taxonomy":"product_tag","embeddable":true,"href":"https:\/\/www.tracea.ch\/en\/wp-json\/wp\/v2\/product_tag?post=31458"}],"curies":[{"name":"wp","href":"https:\/\/api.w.org\/{rel}","templated":true}]}}