{"id":31512,"date":"2026-07-07T23:08:05","date_gmt":"2026-07-07T23:08:05","guid":{"rendered":"https:\/\/www.tracea.ch\/boutique\/non%20class\u00e9\/womens-kuro-shorts-iii\/"},"modified":"2026-07-07T23:08:27","modified_gmt":"2026-07-07T23:08:27","slug":"womens-kuro-shorts-iii","status":"publish","type":"product","link":"https:\/\/www.tracea.ch\/en\/boutique\/womens-kuro-shorts-iii\/","title":{"rendered":"Women&rsquo;s Kuro Shorts III"},"content":{"rendered":"<p>Le short Kuro pour femmes allie confort, fonctionnalit\u00e9 et look d\u00e9contract\u00e9 &#8211; parfait pour les aventures sportives en gravel. La coupe pr\u00e9form\u00e9e est sp\u00e9cialement adapt\u00e9e \u00e0 une position assise plus sportive. La taille plus haute avec un insert \u00e9lastique assure un maintien optimal dans le bas du dos, tandis que l&rsquo;absence de coutures g\u00eanantes \u00e9vite les points de pression, m\u00eame lors de longues randonn\u00e9es. Le tissu l\u00e9ger et \u00e9lastique offre une respirabilit\u00e9 maximale, une libert\u00e9 de mouvement illimit\u00e9e gr\u00e2ce aux fentes lat\u00e9rales et s\u00e8che particuli\u00e8rement vite &#8211; id\u00e9al pour les passages qui font transpirer. Une poche lat\u00e9rale zipp\u00e9e permet de ranger l&rsquo;essentiel. Un must pour les adeptes du gravel qui veulent allier aventure et style !<\/p>\n<p><em>coupe ergonomique, parties en stretch, ceinture \u00e9lastique avec impression en silicone int\u00e9rieure, 1&#038;nbsp, poche lat\u00e9rale avec fermeture \u00e9clair, fentes lat\u00e9rales, \u00e9l\u00e9ments r\u00e9fl\u00e9chissants<\/em><\/p>","protected":false},"excerpt":{"rendered":"<p>Short l\u00e9ger femme pour le gravel \u00e0 enfiler par-dessus pour les sorties en \u00e9t\u00e9 #mati\u00e8re l\u00e9g\u00e8re, respirante et \u00e0 s\u00e9chage rapide #coupe pr\u00e9form\u00e9e pour posture sportive sur la selle #fabrication principale en mat\u00e9riaux recycl\u00e9s<\/p>","protected":false},"featured_media":0,"comment_status":"closed","ping_status":"open","template":"","meta":[],"product_brand":[375],"product_cat":[213,574,216],"product_tag":[365,368,422,421],"class_list":["post-31512","product","type-product","status-publish","product_brand-vaude","product_cat-boutique","product_cat-pantalons","product_cat-vetements","product_tag-boutique","product_tag-vente","product_tag-vente-vetement","product_tag-vetement","pa_couleur-black","pa_couleur-deep-pond","pa_taille-436","pa_taille-437","pa_taille-438","pa_taille-439","pa_taille-440","first","instock","purchasable","product-type-variable"],"_links":{"self":[{"href":"https:\/\/www.tracea.ch\/en\/wp-json\/wp\/v2\/product\/31512","targetHints":{"allow":["GET"]}}],"collection":[{"href":"https:\/\/www.tracea.ch\/en\/wp-json\/wp\/v2\/product"}],"about":[{"href":"https:\/\/www.tracea.ch\/en\/wp-json\/wp\/v2\/types\/product"}],"replies":[{"embeddable":true,"href":"https:\/\/www.tracea.ch\/en\/wp-json\/wp\/v2\/comments?post=31512"}],"version-history":[{"count":1,"href":"https:\/\/www.tracea.ch\/en\/wp-json\/wp\/v2\/product\/31512\/revisions"}],"predecessor-version":[{"id":31513,"href":"https:\/\/www.tracea.ch\/en\/wp-json\/wp\/v2\/product\/31512\/revisions\/31513"}],"wp:attachment":[{"href":"https:\/\/www.tracea.ch\/en\/wp-json\/wp\/v2\/media?parent=31512"}],"wp:term":[{"taxonomy":"product_brand","embeddable":true,"href":"https:\/\/www.tracea.ch\/en\/wp-json\/wp\/v2\/product_brand?post=31512"},{"taxonomy":"product_cat","embeddable":true,"href":"https:\/\/www.tracea.ch\/en\/wp-json\/wp\/v2\/product_cat?post=31512"},{"taxonomy":"product_tag","embeddable":true,"href":"https:\/\/www.tracea.ch\/en\/wp-json\/wp\/v2\/product_tag?post=31512"}],"curies":[{"name":"wp","href":"https:\/\/api.w.org\/{rel}","templated":true}]}}