{"id":31604,"date":"2026-07-07T23:10:16","date_gmt":"2026-07-07T23:10:16","guid":{"rendered":"https:\/\/www.tracea.ch\/boutique\/non%20class\u00e9\/kids-inner-pants-tp\/"},"modified":"2026-07-07T23:10:24","modified_gmt":"2026-07-07T23:10:24","slug":"kids-inner-pants-tp","status":"publish","type":"product","link":"https:\/\/www.tracea.ch\/en\/boutique\/kids-inner-pants-tp\/","title":{"rendered":"Kids Inner Pants TP"},"content":{"rendered":"<p>Le compl\u00e9ment id\u00e9al de notre pantalon de cyclisme pour enfants ! Le pantalon int\u00e9rieur de v\u00e9lo l\u00e9ger pour enfants dispose d&rsquo;un coussinet doux avec le T-Pad int\u00e9gr\u00e9, qui offre un grand confort sur la selle lors des trails, des randonn\u00e9es et des voyages \u00e0 v\u00e9lo. Le mat\u00e9riau hautement \u00e9lastique et respirant est ultraconfortable sur la peau sensible des enfants et ne glisse pas sur la jambe gr\u00e2ce \u00e0 la ceinture \u00e9lastique antid\u00e9rapante. Le label Green Shape de VAUDE garantit un produit \u00e9cologique, fonctionnel et fabriqu\u00e9 dans des mat\u00e9riaux durables.<\/p>\n<p><em>coupe ergonomique, coutures enti\u00e8rement \u00e9lastiques, matelassage hautement respirant, multi \u00e9paisseurs et ergonomique, ceinture \u00e9lastique<\/em><\/p>","protected":false},"excerpt":{"rendered":"<p>Cuissard de v\u00e9lo enfant avec VAUDE T-Pad #pour trails, sorties et cyclotourisme #l\u00e9ger et ultra-\u00e9lastique #mati\u00e8re principale essentiellement fabriqu\u00e9e en polyester recycl\u00e9<\/p>","protected":false},"featured_media":0,"comment_status":"closed","ping_status":"open","template":"","meta":[],"product_brand":[375],"product_cat":[213,574,216],"product_tag":[365,368,422,421],"class_list":["post-31604","product","type-product","status-publish","product_brand-vaude","product_cat-boutique","product_cat-pantalons","product_cat-vetements","product_tag-boutique","product_tag-vente","product_tag-vente-vetement","product_tag-vetement","pa_couleur-black","pa_taille-110-116","pa_taille-122-128","pa_taille-134-140","pa_taille-146-152","pa_taille-158-164","first","instock","purchasable","product-type-variable"],"_links":{"self":[{"href":"https:\/\/www.tracea.ch\/en\/wp-json\/wp\/v2\/product\/31604","targetHints":{"allow":["GET"]}}],"collection":[{"href":"https:\/\/www.tracea.ch\/en\/wp-json\/wp\/v2\/product"}],"about":[{"href":"https:\/\/www.tracea.ch\/en\/wp-json\/wp\/v2\/types\/product"}],"replies":[{"embeddable":true,"href":"https:\/\/www.tracea.ch\/en\/wp-json\/wp\/v2\/comments?post=31604"}],"version-history":[{"count":1,"href":"https:\/\/www.tracea.ch\/en\/wp-json\/wp\/v2\/product\/31604\/revisions"}],"predecessor-version":[{"id":31605,"href":"https:\/\/www.tracea.ch\/en\/wp-json\/wp\/v2\/product\/31604\/revisions\/31605"}],"wp:attachment":[{"href":"https:\/\/www.tracea.ch\/en\/wp-json\/wp\/v2\/media?parent=31604"}],"wp:term":[{"taxonomy":"product_brand","embeddable":true,"href":"https:\/\/www.tracea.ch\/en\/wp-json\/wp\/v2\/product_brand?post=31604"},{"taxonomy":"product_cat","embeddable":true,"href":"https:\/\/www.tracea.ch\/en\/wp-json\/wp\/v2\/product_cat?post=31604"},{"taxonomy":"product_tag","embeddable":true,"href":"https:\/\/www.tracea.ch\/en\/wp-json\/wp\/v2\/product_tag?post=31604"}],"curies":[{"name":"wp","href":"https:\/\/api.w.org\/{rel}","templated":true}]}}