{"id":31791,"date":"2026-07-07T23:16:13","date_gmt":"2026-07-07T23:16:13","guid":{"rendered":"https:\/\/www.tracea.ch\/boutique\/non%20class\u00e9\/kids-grody-poncho-ii\/"},"modified":"2026-07-07T23:16:45","modified_gmt":"2026-07-07T23:16:45","slug":"kids-grody-poncho-ii","status":"publish","type":"product","link":"https:\/\/www.tracea.ch\/en\/boutique\/kids-grody-poncho-ii\/","title":{"rendered":"Kids Grody Poncho II"},"content":{"rendered":"<p>\u00c9tanch\u00e9it\u00e9 garantie\u00a0: avec la cape de pluie \u00e9tanche au vent et imperm\u00e9able pour enfant. Polyvalente en v\u00e9lo, sur le chemin de l&rsquo;\u00e9cole ou sur les circuits de randonn\u00e9e. Le poncho enfant \u00e9prouv\u00e9 descend bien au-dessus des jambes et poss\u00e8de deux fentes avec des boucles pour les mains. La cape de pluie peut s&rsquo;enfiler au-dessus d&rsquo;un cartable ou d&rsquo;un sac \u00e0 dos. La capuche bord\u00e9e d&rsquo;un \u00e9lastique \u00e9pouse bien la t\u00eate\u00a0: le casque se pose sur la capuche pour garantir une meilleure libert\u00e9 au niveau de la t\u00eate. La bande d\u00e9corative sur tout le pourtour est r\u00e9fl\u00e9chissante. Le label Green Shape de VAUDE garantit un produit \u00e9cologique, fonctionnel et fabriqu\u00e9 dans des mat\u00e9riaux durables. En tant que membre Leader de l&rsquo;organisme ind\u00e9pendant Fair Wear, VAUDE s&rsquo;engage en faveur de conditions de travail et de salaires \u00e9quitables.<\/p>\n<p><em>2 poches lat\u00e9rales \u00e0 l&rsquo;italienne , peut \u00eatre port\u00e9 par-dessus un sac \u00e0 dos gr\u00e2ce \u00e0 plus de largueur dans la partie dorsale, capuche mont\u00e9e, \u00e9l\u00e9ments r\u00e9fl\u00e9chissants, sangles pour les mains<\/em><\/p>","protected":false},"excerpt":{"rendered":"<p>Cape de pluie enfant polyvalente pour l&rsquo;\u00e9cole et les sorties \u00e0 v\u00e9lo ou rando #\u00e9tanche au vent et imperm\u00e9able, respirante #avec capuche \u00e0 bordure \u00e9lastique pour un bon maintien #mati\u00e8re principale fabriqu\u00e9e en polyester recycl\u00e9<\/p>","protected":false},"featured_media":0,"comment_status":"closed","ping_status":"open","template":"","meta":[],"product_brand":[375],"product_cat":[213,663,216],"product_tag":[365,368,422,421],"class_list":["post-31791","product","type-product","status-publish","product_brand-vaude","product_cat-boutique","product_cat-poncho","product_cat-vetements","product_tag-boutique","product_tag-vente","product_tag-vente-vetement","product_tag-vetement","pa_couleur-dark-sea","pa_couleur-lemon","pa_couleur-neon-yellow","pa_couleur-radiate-blue","pa_couleur-red","pa_taille-l","pa_taille-m","pa_taille-s","first","instock","purchasable","product-type-variable"],"_links":{"self":[{"href":"https:\/\/www.tracea.ch\/en\/wp-json\/wp\/v2\/product\/31791","targetHints":{"allow":["GET"]}}],"collection":[{"href":"https:\/\/www.tracea.ch\/en\/wp-json\/wp\/v2\/product"}],"about":[{"href":"https:\/\/www.tracea.ch\/en\/wp-json\/wp\/v2\/types\/product"}],"replies":[{"embeddable":true,"href":"https:\/\/www.tracea.ch\/en\/wp-json\/wp\/v2\/comments?post=31791"}],"version-history":[{"count":1,"href":"https:\/\/www.tracea.ch\/en\/wp-json\/wp\/v2\/product\/31791\/revisions"}],"predecessor-version":[{"id":31792,"href":"https:\/\/www.tracea.ch\/en\/wp-json\/wp\/v2\/product\/31791\/revisions\/31792"}],"wp:attachment":[{"href":"https:\/\/www.tracea.ch\/en\/wp-json\/wp\/v2\/media?parent=31791"}],"wp:term":[{"taxonomy":"product_brand","embeddable":true,"href":"https:\/\/www.tracea.ch\/en\/wp-json\/wp\/v2\/product_brand?post=31791"},{"taxonomy":"product_cat","embeddable":true,"href":"https:\/\/www.tracea.ch\/en\/wp-json\/wp\/v2\/product_cat?post=31791"},{"taxonomy":"product_tag","embeddable":true,"href":"https:\/\/www.tracea.ch\/en\/wp-json\/wp\/v2\/product_tag?post=31791"}],"curies":[{"name":"wp","href":"https:\/\/api.w.org\/{rel}","templated":true}]}}