{"id":32419,"date":"2026-07-07T23:38:58","date_gmt":"2026-07-07T23:38:58","guid":{"rendered":"https:\/\/www.tracea.ch\/boutique\/non%20class\u00e9\/womens-monviso-hoody\/"},"modified":"2026-07-07T23:39:51","modified_gmt":"2026-07-07T23:39:51","slug":"womens-monviso-hoody","status":"publish","type":"product","link":"https:\/\/www.tracea.ch\/en\/boutique\/womens-monviso-hoody\/","title":{"rendered":"Women&rsquo;s Monviso Hoody"},"content":{"rendered":"<p>Une bonne r\u00e9gulation thermique commence par la premi\u00e8re couche. Le hoodie polaire Monviso pour femme se porte directement sur la peau et laisse l&rsquo;humidit\u00e9 s&rsquo;\u00e9vaporer efficacement. La mati\u00e8re polaire fine est l\u00e9g\u00e8rement gratt\u00e9e sur la face int\u00e9rieure pour un confort au porter \u00e9lev\u00e9 et une meilleure isolation. La face ext\u00e9rieure lisse, la coupe pr\u00e8s du corps et les passe-pouces du hoodie polaire femme permettent d&rsquo;enfiler des couches suppl\u00e9mentaires sans difficult\u00e9. Les coutures aux \u00e9paules d\u00e9cal\u00e9es \u00e9vitent les points de pression lors du port d&rsquo;un sac \u00e0 dos. La t\u00eate et la gorge sont prot\u00e9g\u00e9es efficacement du froid et du vent gr\u00e2ce au col haut et \u00e0 la capuche ajust\u00e9e. Le hoodie polaire Monviso pour femme est la couche de base id\u00e9ale pour les aventures alpines gr\u00e2ce aux possibilit\u00e9s de combinaison variables de l&rsquo;automne au printemps. Le label Green Shape de VAUDE garantit un produit \u00e9cologique, fonctionnel et fabriqu\u00e9 dans des mat\u00e9riaux durables. En tant que membre Leader de l&rsquo;organisme ind\u00e9pendant Fair Wear, VAUDE s&rsquo;engage en faveur de conditions de travail et de salaires \u00e9quitables.<\/p>\n<p><em>mati\u00e8re \u00e9lastique, capuche mont\u00e9e, avec lani\u00e8re pour le pouce<\/em><\/p>","protected":false},"excerpt":{"rendered":"<p>Hoodie polaire femme confortable comme couche de base pour les randonn\u00e9es \u00e0 ski ou les sorties hivernales en montagne #confort au porter gr\u00e2ce \u00e0 la structure gratt\u00e9e sur la face int\u00e9rieure #respirant et \u00e9vacue l&rsquo;humidit\u00e9 #mati\u00e8re principale essentiellement fabriqu\u00e9e en polyester recycl\u00e9<\/p>","protected":false},"featured_media":24988,"comment_status":"closed","ping_status":"open","template":"","meta":[],"product_brand":[375],"product_cat":[213,670,671,216],"product_tag":[365,368,422,421],"class_list":["post-32419","product","type-product","status-publish","has-post-thumbnail","product_brand-vaude","product_cat-boutique","product_cat-hoodies","product_cat-pull-et-sweat","product_cat-vetements","product_tag-boutique","product_tag-vente","product_tag-vente-vetement","product_tag-vetement","pa_couleur-black","pa_couleur-dark-iris","pa_couleur-dusty-fern","pa_couleur-shore-blue","pa_taille-466","pa_taille-436","pa_taille-437","pa_taille-438","pa_taille-439","pa_taille-440","first","instock","purchasable","product-type-variable"],"_links":{"self":[{"href":"https:\/\/www.tracea.ch\/en\/wp-json\/wp\/v2\/product\/32419","targetHints":{"allow":["GET"]}}],"collection":[{"href":"https:\/\/www.tracea.ch\/en\/wp-json\/wp\/v2\/product"}],"about":[{"href":"https:\/\/www.tracea.ch\/en\/wp-json\/wp\/v2\/types\/product"}],"replies":[{"embeddable":true,"href":"https:\/\/www.tracea.ch\/en\/wp-json\/wp\/v2\/comments?post=32419"}],"version-history":[{"count":1,"href":"https:\/\/www.tracea.ch\/en\/wp-json\/wp\/v2\/product\/32419\/revisions"}],"predecessor-version":[{"id":32420,"href":"https:\/\/www.tracea.ch\/en\/wp-json\/wp\/v2\/product\/32419\/revisions\/32420"}],"wp:featuredmedia":[{"embeddable":true,"href":"https:\/\/www.tracea.ch\/en\/wp-json\/wp\/v2\/media\/24988"}],"wp:attachment":[{"href":"https:\/\/www.tracea.ch\/en\/wp-json\/wp\/v2\/media?parent=32419"}],"wp:term":[{"taxonomy":"product_brand","embeddable":true,"href":"https:\/\/www.tracea.ch\/en\/wp-json\/wp\/v2\/product_brand?post=32419"},{"taxonomy":"product_cat","embeddable":true,"href":"https:\/\/www.tracea.ch\/en\/wp-json\/wp\/v2\/product_cat?post=32419"},{"taxonomy":"product_tag","embeddable":true,"href":"https:\/\/www.tracea.ch\/en\/wp-json\/wp\/v2\/product_tag?post=32419"}],"curies":[{"name":"wp","href":"https:\/\/api.w.org\/{rel}","templated":true}]}}