{"id":32452,"date":"2026-07-07T23:39:51","date_gmt":"2026-07-07T23:39:51","guid":{"rendered":"https:\/\/www.tracea.ch\/boutique\/non%20class\u00e9\/mens-monviso-hoody\/"},"modified":"2026-07-07T23:40:24","modified_gmt":"2026-07-07T23:40:24","slug":"mens-monviso-hoody","status":"publish","type":"product","link":"https:\/\/www.tracea.ch\/en\/boutique\/mens-monviso-hoody\/","title":{"rendered":"Men&rsquo;s Monviso Hoody"},"content":{"rendered":"<p>La premi\u00e8re couche de v\u00eatements constitue le pilier d&rsquo;une gestion thermique efficace. Le hoodie polaire Monviso pour homme se porte directement sur la peau et \u00e9vacue efficacement l&rsquo;humidit\u00e9 vers l&rsquo;ext\u00e9rieur. La mati\u00e8re polaire l\u00e9g\u00e8rement gratt\u00e9e sur la face int\u00e9rieure dispense la dose id\u00e9ale de chaleur et de respirabilit\u00e9 lors des randonn\u00e9es (\u00e0 ski) expos\u00e9es en hiver. La coupe pr\u00e8s du corps, la face ext\u00e9rieure lisse et les passe-pouces du hoodie polaire homme permettent d&rsquo;enfiler d&rsquo;autres couches sans difficult\u00e9. La couture aux \u00e9paules d\u00e9cal\u00e9e permet d&rsquo;\u00e9viter les points de pression d\u00e9sagr\u00e9ables qui peuvent se produire lors du port d&rsquo;un sac \u00e0 dos. Quand le vent souffle et que le mercure descend, le col haut et la capuche ajust\u00e9e prot\u00e8gent efficacement la t\u00eate et la gorge du froid. Gr\u00e2ce aux possibilit\u00e9s variables de combinaison, le hoodie polaire Monviso pour homme se porte de l&rsquo;automne au printemps, ce qui fait de ce pull \u00e0 capuche le compagnon id\u00e9al des aventures en milieu alpin. Le label Green Shape de VAUDE garantit un produit \u00e9cologique, fonctionnel et fabriqu\u00e9 dans des mat\u00e9riaux durables. En tant que membre Leader de l&rsquo;organisme ind\u00e9pendant Fair Wear, VAUDE s&rsquo;engage en faveur de conditions de travail et de salaires \u00e9quitables.<\/p>\n<p><em>mati\u00e8re \u00e9lastique, colourblock, capuche mont\u00e9e, avec lani\u00e8re pour le pouce<\/em><\/p>","protected":false},"excerpt":{"rendered":"<p>Hoodie polaire homme confortable comme couche de base pour les randonn\u00e9es \u00e0 ski ou les sorties hivernales en montagne #confort au porter gr\u00e2ce \u00e0 la structure gratt\u00e9e sur la face int\u00e9rieure #respirant et \u00e9vacue l&rsquo;humidit\u00e9 #mati\u00e8re principale essentiellement fabriqu\u00e9e en polyester recycl\u00e9<\/p>","protected":false},"featured_media":25020,"comment_status":"closed","ping_status":"open","template":"","meta":[],"product_brand":[375],"product_cat":[213,670,671,216],"product_tag":[365,368,422,421],"class_list":["post-32452","product","type-product","status-publish","has-post-thumbnail","product_brand-vaude","product_cat-boutique","product_cat-hoodies","product_cat-pull-et-sweat","product_cat-vetements","product_tag-boutique","product_tag-vente","product_tag-vente-vetement","product_tag-vetement","pa_couleur-heron","pa_couleur-khaki","pa_couleur-oat","pa_taille-l","pa_taille-m","pa_taille-s","pa_taille-xl","pa_taille-xxl","first","instock","purchasable","product-type-variable"],"_links":{"self":[{"href":"https:\/\/www.tracea.ch\/en\/wp-json\/wp\/v2\/product\/32452","targetHints":{"allow":["GET"]}}],"collection":[{"href":"https:\/\/www.tracea.ch\/en\/wp-json\/wp\/v2\/product"}],"about":[{"href":"https:\/\/www.tracea.ch\/en\/wp-json\/wp\/v2\/types\/product"}],"replies":[{"embeddable":true,"href":"https:\/\/www.tracea.ch\/en\/wp-json\/wp\/v2\/comments?post=32452"}],"version-history":[{"count":1,"href":"https:\/\/www.tracea.ch\/en\/wp-json\/wp\/v2\/product\/32452\/revisions"}],"predecessor-version":[{"id":32453,"href":"https:\/\/www.tracea.ch\/en\/wp-json\/wp\/v2\/product\/32452\/revisions\/32453"}],"wp:featuredmedia":[{"embeddable":true,"href":"https:\/\/www.tracea.ch\/en\/wp-json\/wp\/v2\/media\/25020"}],"wp:attachment":[{"href":"https:\/\/www.tracea.ch\/en\/wp-json\/wp\/v2\/media?parent=32452"}],"wp:term":[{"taxonomy":"product_brand","embeddable":true,"href":"https:\/\/www.tracea.ch\/en\/wp-json\/wp\/v2\/product_brand?post=32452"},{"taxonomy":"product_cat","embeddable":true,"href":"https:\/\/www.tracea.ch\/en\/wp-json\/wp\/v2\/product_cat?post=32452"},{"taxonomy":"product_tag","embeddable":true,"href":"https:\/\/www.tracea.ch\/en\/wp-json\/wp\/v2\/product_tag?post=32452"}],"curies":[{"name":"wp","href":"https:\/\/api.w.org\/{rel}","templated":true}]}}