{"id":32531,"date":"2026-07-07T23:41:57","date_gmt":"2026-07-07T23:41:57","guid":{"rendered":"https:\/\/www.tracea.ch\/boutique\/non%20class\u00e9\/mens-mineo-ls-hoody\/"},"modified":"2026-07-07T23:42:53","modified_gmt":"2026-07-07T23:42:53","slug":"mens-mineo-ls-hoody","status":"publish","type":"product","link":"https:\/\/www.tracea.ch\/en\/boutique\/mens-mineo-ls-hoody\/","title":{"rendered":"Men&rsquo;s Mineo LS Hoody"},"content":{"rendered":"<p>Hoodie Mineo pour homme d\u00e9contract\u00e9, id\u00e9al pour les soir\u00e9es fraiches en ville. Port\u00e9 en solo ou comme couche interm\u00e9diaire sous une veste fine, il apporte un surcroit de chaleur bienvenu. Sa coupe ample garantit une grande aisance de mouvement tandis que son mix de mati\u00e8res anti-odeurs est doux et facile \u00e0 entretenir. Une tenue sans chichi pour la vie urbaine du printemps \u00e0 l&rsquo;automne. Le label Green Shape de VAUDE garantit un produit \u00e9cologique, fonctionnel et fabriqu\u00e9 dans des mat\u00e9riaux durables. En tant que membre Leader de l&rsquo;organisme ind\u00e9pendant Fair Wear, VAUDE s&rsquo;engage en faveur de conditions de travail et de salaires \u00e9quitables.<\/p>\n<p><em>capuche mont\u00e9e, tricot c\u00f4te aux poignets et \u00e0 la ceinture, coutures flatlock<\/em><\/p>","protected":false},"excerpt":{"rendered":"<p>Hoodie homme l\u00e9ger et urbain pour le quotidien et les loisirs #facile d&rsquo;entretien et \u00e0 s\u00e9chage rapide #coupe d\u00e9contract\u00e9e, manches raglan<\/p>","protected":false},"featured_media":27181,"comment_status":"closed","ping_status":"open","template":"","meta":[],"product_brand":[375],"product_cat":[213,670,671,216],"product_tag":[365,368,422,421],"class_list":["post-32531","product","type-product","status-publish","has-post-thumbnail","product_brand-vaude","product_cat-boutique","product_cat-hoodies","product_cat-pull-et-sweat","product_cat-vetements","product_tag-boutique","product_tag-vente","product_tag-vente-vetement","product_tag-vetement","pa_couleur-agave","pa_couleur-kumquat","pa_couleur-oat","pa_couleur-phantom-black","pa_couleur-pigeon-grey","pa_taille-l","pa_taille-m","pa_taille-s","pa_taille-xl","pa_taille-xxl","first","instock","purchasable","product-type-variable"],"_links":{"self":[{"href":"https:\/\/www.tracea.ch\/en\/wp-json\/wp\/v2\/product\/32531","targetHints":{"allow":["GET"]}}],"collection":[{"href":"https:\/\/www.tracea.ch\/en\/wp-json\/wp\/v2\/product"}],"about":[{"href":"https:\/\/www.tracea.ch\/en\/wp-json\/wp\/v2\/types\/product"}],"replies":[{"embeddable":true,"href":"https:\/\/www.tracea.ch\/en\/wp-json\/wp\/v2\/comments?post=32531"}],"version-history":[{"count":1,"href":"https:\/\/www.tracea.ch\/en\/wp-json\/wp\/v2\/product\/32531\/revisions"}],"predecessor-version":[{"id":32532,"href":"https:\/\/www.tracea.ch\/en\/wp-json\/wp\/v2\/product\/32531\/revisions\/32532"}],"wp:featuredmedia":[{"embeddable":true,"href":"https:\/\/www.tracea.ch\/en\/wp-json\/wp\/v2\/media\/27181"}],"wp:attachment":[{"href":"https:\/\/www.tracea.ch\/en\/wp-json\/wp\/v2\/media?parent=32531"}],"wp:term":[{"taxonomy":"product_brand","embeddable":true,"href":"https:\/\/www.tracea.ch\/en\/wp-json\/wp\/v2\/product_brand?post=32531"},{"taxonomy":"product_cat","embeddable":true,"href":"https:\/\/www.tracea.ch\/en\/wp-json\/wp\/v2\/product_cat?post=32531"},{"taxonomy":"product_tag","embeddable":true,"href":"https:\/\/www.tracea.ch\/en\/wp-json\/wp\/v2\/product_tag?post=32531"}],"curies":[{"name":"wp","href":"https:\/\/api.w.org\/{rel}","templated":true}]}}