{"id":33976,"date":"2026-07-08T00:25:26","date_gmt":"2026-07-08T00:25:26","guid":{"rendered":"https:\/\/www.tracea.ch\/boutique\/non%20class\u00e9\/mens-moab-t-shirt-vi\/"},"modified":"2026-07-08T00:27:43","modified_gmt":"2026-07-08T00:27:43","slug":"mens-moab-t-shirt-vi","status":"publish","type":"product","link":"https:\/\/www.tracea.ch\/en\/boutique\/mens-moab-t-shirt-vi\/","title":{"rendered":"Men&rsquo;s Moab T-Shirt VI"},"content":{"rendered":"<p>Ce haut tr\u00e8s a\u00e9r\u00e9 et respirant te permet de rester cool m\u00eame en pleine canicule&nbsp;! Les bras et le dos de ce maillot color block s\u00e9duisant sont compos\u00e9s de mesh l\u00e9ger. Ce maillot rev\u00eat tout son effet quand il est combin\u00e9 au short Moab Shorts IV et aux autres articles de la s\u00e9rie VAUDE Moab. Le t-shirt est fabriqu\u00e9 en polyester 100&nbsp;% recycl\u00e9 \u00e0 s\u00e9chage rapide et contribue ainsi \u00e0 pr\u00e9server les ressources.<\/p>\n<p><em>parties en mati\u00e8re mesh \u00e0 tissage dense pour un meilleur climat corporel, d\u00e9collet\u00e9 rond, colourblock, avec imprim\u00e9<\/em><\/p>","protected":false},"excerpt":{"rendered":"<p>Maillot pour les adeptes du trail #l\u00e9ger, respirant et \u00e0 s\u00e9chage rapide #\u00e9lastique et en mati\u00e8re r\u00e9sistante #fabrication \u00e9cologique<\/p>","protected":false},"featured_media":21227,"comment_status":"closed","ping_status":"open","template":"","meta":[],"product_brand":[375],"product_cat":[213,677,216],"product_tag":[365,368,422,421],"class_list":["post-33976","product","type-product","status-publish","has-post-thumbnail","product_brand-vaude","product_cat-boutique","product_cat-t-shirt","product_cat-vetements","product_tag-boutique","product_tag-vente","product_tag-vente-vetement","product_tag-vetement","pa_couleur-agave","pa_couleur-black-coconut","pa_couleur-coconut","pa_couleur-dark-leaf","pa_couleur-deep-pond","pa_couleur-eggplant","pa_couleur-glowing-red-black","pa_couleur-heron","pa_couleur-kurkuma","pa_couleur-purple-ash","pa_couleur-redeva","pa_taille-l","pa_taille-m","pa_taille-s","pa_taille-xl","pa_taille-xxl","pa_taille-xxxl","first","instock","purchasable","product-type-variable"],"_links":{"self":[{"href":"https:\/\/www.tracea.ch\/en\/wp-json\/wp\/v2\/product\/33976","targetHints":{"allow":["GET"]}}],"collection":[{"href":"https:\/\/www.tracea.ch\/en\/wp-json\/wp\/v2\/product"}],"about":[{"href":"https:\/\/www.tracea.ch\/en\/wp-json\/wp\/v2\/types\/product"}],"replies":[{"embeddable":true,"href":"https:\/\/www.tracea.ch\/en\/wp-json\/wp\/v2\/comments?post=33976"}],"version-history":[{"count":1,"href":"https:\/\/www.tracea.ch\/en\/wp-json\/wp\/v2\/product\/33976\/revisions"}],"predecessor-version":[{"id":33977,"href":"https:\/\/www.tracea.ch\/en\/wp-json\/wp\/v2\/product\/33976\/revisions\/33977"}],"wp:featuredmedia":[{"embeddable":true,"href":"https:\/\/www.tracea.ch\/en\/wp-json\/wp\/v2\/media\/21227"}],"wp:attachment":[{"href":"https:\/\/www.tracea.ch\/en\/wp-json\/wp\/v2\/media?parent=33976"}],"wp:term":[{"taxonomy":"product_brand","embeddable":true,"href":"https:\/\/www.tracea.ch\/en\/wp-json\/wp\/v2\/product_brand?post=33976"},{"taxonomy":"product_cat","embeddable":true,"href":"https:\/\/www.tracea.ch\/en\/wp-json\/wp\/v2\/product_cat?post=33976"},{"taxonomy":"product_tag","embeddable":true,"href":"https:\/\/www.tracea.ch\/en\/wp-json\/wp\/v2\/product_tag?post=33976"}],"curies":[{"name":"wp","href":"https:\/\/api.w.org\/{rel}","templated":true}]}}