{"id":34985,"date":"2026-07-08T00:54:37","date_gmt":"2026-07-08T00:54:37","guid":{"rendered":"https:\/\/www.tracea.ch\/boutique\/non%20class\u00e9\/womens-kuro-shirt\/"},"modified":"2026-07-08T00:55:13","modified_gmt":"2026-07-08T00:55:13","slug":"womens-kuro-shirt","status":"publish","type":"product","link":"https:\/\/www.tracea.ch\/en\/boutique\/womens-kuro-shirt\/","title":{"rendered":"Women&rsquo;s Kuro Shirt"},"content":{"rendered":"<p>T-shirt \u00e9l\u00e9gant et multifonction pour le gravel au f\u00e9minin. Le maillot cycliste Kuro pour femme se pr\u00e9sente dans une coupe \u00e9troite Slim Fit avec un col rond et offre un excellent confort au porter avec sa construction hybride en 2\u00a0mati\u00e8res diff\u00e9rentes principalement recycl\u00e9es\u00a0: une mati\u00e8re tr\u00e8s l\u00e9g\u00e8re et robuste \u00e0 la fois dot\u00e9e d&rsquo;une l\u00e9g\u00e8re perforation est int\u00e9gr\u00e9e aux \u00e9paules. L&rsquo;avant et le dos allong\u00e9 dans une mati\u00e8re tricot\u00e9e \u00e9lastique offrent un toucher l\u00e9ger et agr\u00e9able sur la peau. 2\u00a0poches ouvertes au dos. Des \u00e9l\u00e9ments d\u00e9coratifs sont \u00e9l\u00e9gamment int\u00e9gr\u00e9s au design du t-shirt cycliste dans le cou ainsi que des ourlets rabattus s\u00e9duisants aux manches. Le maillot Kuro pour femme en mati\u00e8res principalement recycl\u00e9es est un maillot multifonction l\u00e9ger, respirant et \u00e0 s\u00e9chage rapide pour l&rsquo;adepte d\u00e9contract\u00e9e de gravel\u00a0; parfaitement assorti au short Kuro, il garantit une belle amplitude de mouvement gr\u00e2ce \u00e0 sa teneur en stretch. Le label Green Shape de VAUDE garantit un produit \u00e9cologique, fonctionnel et fabriqu\u00e9 dans des mat\u00e9riaux durables certifi\u00e9s bluesign\u00ae. En tant que membre Leader de l&rsquo;organisme ind\u00e9pendant Fair Wear, VAUDE s&rsquo;engage en faveur de conditions de travail et de salaires \u00e9quitables.<\/p>\n<p><em>respirant(e)\/s et fonctionnel(le)\/s, 2 poches dorsales, , d\u00e9collet\u00e9 rond, bande d\u00e9corative pour un design attrayant<\/em><\/p>","protected":false},"excerpt":{"rendered":"<p>Maillot cycliste multifonction pour femme #l\u00e9ger, respirant et \u00e0 s\u00e9chage rapide #poches int\u00e9gr\u00e9es #climatiquement neutre; fabrication \u00e9cologique en mat\u00e9riaux principalement recycl\u00e9s<\/p>","protected":false},"featured_media":23052,"comment_status":"closed","ping_status":"open","template":"","meta":[],"product_brand":[375],"product_cat":[213,677,216],"product_tag":[365,368,422,421],"class_list":["post-34985","product","type-product","status-publish","has-post-thumbnail","product_brand-vaude","product_cat-boutique","product_cat-t-shirt","product_cat-vetements","product_tag-boutique","product_tag-vente","product_tag-vente-vetement","product_tag-vetement","pa_couleur-black","pa_couleur-dusty-fern","pa_couleur-mulberry","pa_taille-436","pa_taille-437","pa_taille-438","pa_taille-439","pa_taille-440","pa_taille-441","first","instock","purchasable","product-type-variable"],"_links":{"self":[{"href":"https:\/\/www.tracea.ch\/en\/wp-json\/wp\/v2\/product\/34985","targetHints":{"allow":["GET"]}}],"collection":[{"href":"https:\/\/www.tracea.ch\/en\/wp-json\/wp\/v2\/product"}],"about":[{"href":"https:\/\/www.tracea.ch\/en\/wp-json\/wp\/v2\/types\/product"}],"replies":[{"embeddable":true,"href":"https:\/\/www.tracea.ch\/en\/wp-json\/wp\/v2\/comments?post=34985"}],"version-history":[{"count":1,"href":"https:\/\/www.tracea.ch\/en\/wp-json\/wp\/v2\/product\/34985\/revisions"}],"predecessor-version":[{"id":34986,"href":"https:\/\/www.tracea.ch\/en\/wp-json\/wp\/v2\/product\/34985\/revisions\/34986"}],"wp:featuredmedia":[{"embeddable":true,"href":"https:\/\/www.tracea.ch\/en\/wp-json\/wp\/v2\/media\/23052"}],"wp:attachment":[{"href":"https:\/\/www.tracea.ch\/en\/wp-json\/wp\/v2\/media?parent=34985"}],"wp:term":[{"taxonomy":"product_brand","embeddable":true,"href":"https:\/\/www.tracea.ch\/en\/wp-json\/wp\/v2\/product_brand?post=34985"},{"taxonomy":"product_cat","embeddable":true,"href":"https:\/\/www.tracea.ch\/en\/wp-json\/wp\/v2\/product_cat?post=34985"},{"taxonomy":"product_tag","embeddable":true,"href":"https:\/\/www.tracea.ch\/en\/wp-json\/wp\/v2\/product_tag?post=34985"}],"curies":[{"name":"wp","href":"https:\/\/api.w.org\/{rel}","templated":true}]}}