{"id":37757,"date":"2026-07-08T02:14:18","date_gmt":"2026-07-08T02:14:18","guid":{"rendered":"https:\/\/www.tracea.ch\/boutique\/non%20class\u00e9\/womens-sveit-top-iii\/"},"modified":"2026-07-08T02:15:31","modified_gmt":"2026-07-08T02:15:31","slug":"womens-sveit-top-iii","status":"publish","type":"product","link":"https:\/\/www.tracea.ch\/en\/boutique\/womens-sveit-top-iii\/","title":{"rendered":"Women&rsquo;s Sveit Top III"},"content":{"rendered":"<p>Sportif, d\u00e9contract\u00e9, fonctionnel: voici le nouveau haut Women&rsquo;s Sveit Top III. Le d\u00e9bardeur agr\u00e9ablement doux avec teneur en laine drirelease\u00ae est un v\u00e9ritable multitalent en montagne, en entra\u00eenement rapide sur son terrain familier ou pour ma\u00eetriser les difficult\u00e9s de sa voie d&rsquo;escalade pr\u00e9f\u00e9r\u00e9e. Le m\u00e9lange de mati\u00e8res en polyester et laine n&rsquo;est pas avare de fonctions: s\u00e9chant rapidement et anti-odeurs, il assure en outre un climat corporel \u00e9quilibr\u00e9. De plus, la laine est une mati\u00e8re renouvelable qui pr\u00e9serve les ressources fossiles.<\/p>\n<p><em>d\u00e9collet\u00e9 rond avec bord \u00e9lastique, imprim\u00e9 d\u00e9coratif<\/em><\/p>","protected":false},"excerpt":{"rendered":"<p>Haut fonctionnel femme s\u00e9chant rapidement pour le sport de montagne # ultraconfortable # anti-odeurs #fabrication \u00e9cologique et fabrication \u00e9cologique<\/p>","protected":false},"featured_media":22062,"comment_status":"closed","ping_status":"open","template":"","meta":[],"product_brand":[375],"product_cat":[213,704,216],"product_tag":[365,368,422,421],"class_list":["post-37757","product","type-product","status-publish","has-post-thumbnail","product_brand-vaude","product_cat-boutique","product_cat-top","product_cat-vetements","product_tag-boutique","product_tag-vente","product_tag-vente-vetement","product_tag-vetement","pa_couleur-agave","pa_couleur-dark-sea","pa_couleur-lavender","pa_couleur-pink-orchid","pa_couleur-white","pa_taille-466","pa_taille-436","pa_taille-437","pa_taille-438","pa_taille-439","pa_taille-440","first","instock","purchasable","product-type-variable"],"_links":{"self":[{"href":"https:\/\/www.tracea.ch\/en\/wp-json\/wp\/v2\/product\/37757","targetHints":{"allow":["GET"]}}],"collection":[{"href":"https:\/\/www.tracea.ch\/en\/wp-json\/wp\/v2\/product"}],"about":[{"href":"https:\/\/www.tracea.ch\/en\/wp-json\/wp\/v2\/types\/product"}],"replies":[{"embeddable":true,"href":"https:\/\/www.tracea.ch\/en\/wp-json\/wp\/v2\/comments?post=37757"}],"version-history":[{"count":1,"href":"https:\/\/www.tracea.ch\/en\/wp-json\/wp\/v2\/product\/37757\/revisions"}],"predecessor-version":[{"id":37758,"href":"https:\/\/www.tracea.ch\/en\/wp-json\/wp\/v2\/product\/37757\/revisions\/37758"}],"wp:featuredmedia":[{"embeddable":true,"href":"https:\/\/www.tracea.ch\/en\/wp-json\/wp\/v2\/media\/22062"}],"wp:attachment":[{"href":"https:\/\/www.tracea.ch\/en\/wp-json\/wp\/v2\/media?parent=37757"}],"wp:term":[{"taxonomy":"product_brand","embeddable":true,"href":"https:\/\/www.tracea.ch\/en\/wp-json\/wp\/v2\/product_brand?post=37757"},{"taxonomy":"product_cat","embeddable":true,"href":"https:\/\/www.tracea.ch\/en\/wp-json\/wp\/v2\/product_cat?post=37757"},{"taxonomy":"product_tag","embeddable":true,"href":"https:\/\/www.tracea.ch\/en\/wp-json\/wp\/v2\/product_tag?post=37757"}],"curies":[{"name":"wp","href":"https:\/\/api.w.org\/{rel}","templated":true}]}}