{"id":39928,"date":"2026-07-08T03:20:15","date_gmt":"2026-07-08T03:20:15","guid":{"rendered":"https:\/\/www.tracea.ch\/boutique\/non%20class\u00e9\/kids-snow-cup-jacket\/"},"modified":"2026-07-08T03:21:00","modified_gmt":"2026-07-08T03:21:00","slug":"kids-snow-cup-jacket","status":"publish","type":"product","link":"https:\/\/www.tracea.ch\/en\/boutique\/kids-snow-cup-jacket\/","title":{"rendered":"Kids Snow Cup Jacket"},"content":{"rendered":"<p>La veste Kids Snow Cup Jacket avec capuche compatible avec un casque est d&rsquo;une simplicit\u00e9 enfantine \u00e0 l&rsquo;usage. Elle est d\u00e9di\u00e9e aux filles et aux gar\u00e7ons qui veulent se fier \u00e0 leur \u00e9quipement sur la piste. Cette veste d&rsquo;hiver est dot\u00e9e d&rsquo;une membrane Ceplex Active \u00e9tanche \u00e0 l&rsquo;eau et respirante, et promet ainsi du plaisir sans limite en montagne et dans la poudreuse. Gr\u00e2ce \u00e0 son pare-neige amovible, ses imprim\u00e9s d\u00e9coratifs r\u00e9fl\u00e9chissants et les poignets r\u00e9glables en largeur, cette veste outdoor se pr\u00eate aussi parfaitement \u00e0 un usage de tous les jours. Le rembourrage de la veste est enti\u00e8rement confectionn\u00e9 en polyester recycl\u00e9. Le label Green Shape de VAUDE garantit un produit \u00e9cologique, fonctionnel et fabriqu\u00e9 dans des mat\u00e9riaux durables certifi\u00e9s bluesign\u00ae.<\/p>\n<p><em>mati\u00e8re double \u00e9paisseur, ouatinage 200g\/m\u00b2 partout, 1 poche poitrine avec zipp\u00e9e, 2 poches frontales dissimul\u00e9es avec zip, 1 poche pour le forfait de ski sur la manche gauche, zip hydrophobe sur le devant avec rabat int\u00e9rieur , poignets \u00e9lastiques, cordon plus s\u00fbr enti\u00e8rement cach\u00e9 dans la ceinture, r\u00e9glables par les poches, poignets r\u00e9glables en largeur gr\u00e2ce \u00e0 un velcro, capuche amovible et r\u00e9glable en largeur avec parties \u00e9lastiques, par-neige \u00e0 l&rsquo;int\u00e9rieur, imprim\u00e9 r\u00e9fl\u00e9chissant, \u00e9tiquette pour le nom jusqu&rsquo;\u00e0 la taille 122\/128<\/em><\/p>","protected":false},"excerpt":{"rendered":"<p>Veste de ski et d&rsquo;hiver fonctionnelle et doubl\u00e9e #\u00e9tanche \u00e0 l&rsquo;eau et respirante #capuche amovible #fabrication \u00e9cologique<\/p>","protected":false},"featured_media":20548,"comment_status":"closed","ping_status":"open","template":"","meta":[],"product_brand":[375],"product_cat":[213,709,216],"product_tag":[365,368,422,421],"class_list":["post-39928","product","type-product","status-publish","has-post-thumbnail","product_brand-vaude","product_cat-boutique","product_cat-veste","product_cat-vetements","product_tag-boutique","product_tag-vente","product_tag-vente-vetement","product_tag-vetement","pa_couleur-dark-sea-desert","pa_couleur-deep-pond","pa_couleur-redeva","pa_couleur-willow-green","pa_taille-424","pa_taille-110-116","pa_taille-122-128","pa_taille-134-140","pa_taille-146-152","pa_taille-158-164","pa_taille-418","pa_taille-423","first","instock","purchasable","product-type-variable"],"_links":{"self":[{"href":"https:\/\/www.tracea.ch\/en\/wp-json\/wp\/v2\/product\/39928","targetHints":{"allow":["GET"]}}],"collection":[{"href":"https:\/\/www.tracea.ch\/en\/wp-json\/wp\/v2\/product"}],"about":[{"href":"https:\/\/www.tracea.ch\/en\/wp-json\/wp\/v2\/types\/product"}],"replies":[{"embeddable":true,"href":"https:\/\/www.tracea.ch\/en\/wp-json\/wp\/v2\/comments?post=39928"}],"version-history":[{"count":1,"href":"https:\/\/www.tracea.ch\/en\/wp-json\/wp\/v2\/product\/39928\/revisions"}],"predecessor-version":[{"id":39929,"href":"https:\/\/www.tracea.ch\/en\/wp-json\/wp\/v2\/product\/39928\/revisions\/39929"}],"wp:featuredmedia":[{"embeddable":true,"href":"https:\/\/www.tracea.ch\/en\/wp-json\/wp\/v2\/media\/20548"}],"wp:attachment":[{"href":"https:\/\/www.tracea.ch\/en\/wp-json\/wp\/v2\/media?parent=39928"}],"wp:term":[{"taxonomy":"product_brand","embeddable":true,"href":"https:\/\/www.tracea.ch\/en\/wp-json\/wp\/v2\/product_brand?post=39928"},{"taxonomy":"product_cat","embeddable":true,"href":"https:\/\/www.tracea.ch\/en\/wp-json\/wp\/v2\/product_cat?post=39928"},{"taxonomy":"product_tag","embeddable":true,"href":"https:\/\/www.tracea.ch\/en\/wp-json\/wp\/v2\/product_tag?post=39928"}],"curies":[{"name":"wp","href":"https:\/\/api.w.org\/{rel}","templated":true}]}}