{"id":40028,"date":"2026-07-08T03:22:41","date_gmt":"2026-07-08T03:22:41","guid":{"rendered":"https:\/\/www.tracea.ch\/boutique\/non%20class\u00e9\/mens-qimsa-softshell-jacket\/"},"modified":"2026-07-08T03:24:02","modified_gmt":"2026-07-08T03:24:02","slug":"mens-qimsa-softshell-jacket","status":"publish","type":"product","link":"https:\/\/www.tracea.ch\/en\/boutique\/mens-qimsa-softshell-jacket\/","title":{"rendered":"Men&rsquo;s Qimsa Softshell Jacket"},"content":{"rendered":"<p>Si elle a \u00e9t\u00e9t con\u00e7ue au d\u00e9part pour \u00eatre utilis\u00e9e sur un v\u00e9lo, la veste softshell Men&rsquo;s Qimsa Softshell Jacket est des plus polyvalentes et convient parfaitement aux activit\u00e9s outdoor. Sa mati\u00e8re coupe-vent et imperm\u00e9able, prot\u00e8ge contre les rafales de vent glac\u00e9es et les pluies fines tout en prot\u00e9geant le corps contre l&rsquo;hypothermie. La coupe sp\u00e9cialement con\u00e7ue pour r\u00e9pondre aux exigences du cyclisme, la capuche et les \u00e9l\u00e9ments r\u00e9fl\u00e9chissants font de cette veste de cyclisme homme une des tenues pr\u00e9f\u00e9r\u00e9es pour la mi-saison. Combin\u00e9e \u00e0 une couche de base et \u00e0 une couche interm\u00e9diaire, cette veste de cyclisme se pr\u00eate au v\u00e9lo m\u00eame en plein hiver. Le label Green Shape de VAUDE garantit un produit \u00e9cologique, fonctionnel et fabriqu\u00e9 dans des mat\u00e9riaux durables certifi\u00e9s bluesign\u00ae.<\/p>\n<p><em>manches pr\u00e9form\u00e9es, 2 poches frontales avec fermeture \u00e9clair, zip frontal avec fold over, poignets \u00e9lastiques, cordon \u00e0 la ceinture r\u00e9glable par les poches, capuche mont\u00e9e, possibilit\u00e9 de ventilation par les poches avant, colourblock, \u00e9l\u00e9ments r\u00e9fl\u00e9chissants<\/em><\/p>","protected":false},"excerpt":{"rendered":"<p>Veste softshell pour le cyclisme #mati\u00e8re coupe-vent et imperm\u00e9able #coupe fonctionnelle #fabrication \u00e9cologique<\/p>","protected":false},"featured_media":20665,"comment_status":"closed","ping_status":"open","template":"","meta":[],"product_brand":[375],"product_cat":[213,709,216],"product_tag":[365,368,422,421],"class_list":["post-40028","product","type-product","status-publish","has-post-thumbnail","product_brand-vaude","product_cat-boutique","product_cat-veste","product_cat-vetements","product_tag-boutique","product_tag-vente","product_tag-vente-vetement","product_tag-vetement","pa_couleur-coconut-dark-sea","pa_couleur-heron","pa_couleur-khaki","pa_couleur-neon-yellow","pa_couleur-redeva","pa_couleur-savanna","pa_taille-l","pa_taille-m","pa_taille-s","pa_taille-xl","pa_taille-xxl","pa_taille-xxxl","first","instock","purchasable","product-type-variable"],"_links":{"self":[{"href":"https:\/\/www.tracea.ch\/en\/wp-json\/wp\/v2\/product\/40028","targetHints":{"allow":["GET"]}}],"collection":[{"href":"https:\/\/www.tracea.ch\/en\/wp-json\/wp\/v2\/product"}],"about":[{"href":"https:\/\/www.tracea.ch\/en\/wp-json\/wp\/v2\/types\/product"}],"replies":[{"embeddable":true,"href":"https:\/\/www.tracea.ch\/en\/wp-json\/wp\/v2\/comments?post=40028"}],"version-history":[{"count":1,"href":"https:\/\/www.tracea.ch\/en\/wp-json\/wp\/v2\/product\/40028\/revisions"}],"predecessor-version":[{"id":40029,"href":"https:\/\/www.tracea.ch\/en\/wp-json\/wp\/v2\/product\/40028\/revisions\/40029"}],"wp:featuredmedia":[{"embeddable":true,"href":"https:\/\/www.tracea.ch\/en\/wp-json\/wp\/v2\/media\/20665"}],"wp:attachment":[{"href":"https:\/\/www.tracea.ch\/en\/wp-json\/wp\/v2\/media?parent=40028"}],"wp:term":[{"taxonomy":"product_brand","embeddable":true,"href":"https:\/\/www.tracea.ch\/en\/wp-json\/wp\/v2\/product_brand?post=40028"},{"taxonomy":"product_cat","embeddable":true,"href":"https:\/\/www.tracea.ch\/en\/wp-json\/wp\/v2\/product_cat?post=40028"},{"taxonomy":"product_tag","embeddable":true,"href":"https:\/\/www.tracea.ch\/en\/wp-json\/wp\/v2\/product_tag?post=40028"}],"curies":[{"name":"wp","href":"https:\/\/api.w.org\/{rel}","templated":true}]}}