{"id":43816,"date":"2026-07-08T11:25:03","date_gmt":"2026-07-08T11:25:03","guid":{"rendered":"https:\/\/www.tracea.ch\/boutique\/non%20class\u00e9\/kids-rondane-jacket-iv\/"},"modified":"2026-07-08T11:27:03","modified_gmt":"2026-07-08T11:27:03","slug":"kids-rondane-jacket-iv","status":"publish","type":"product","link":"https:\/\/www.tracea.ch\/en\/boutique\/kids-rondane-jacket-iv\/","title":{"rendered":"Kids Rondane Jacket IV"},"content":{"rendered":"<p>Ultra confortable et \u00e9tanche au vent \u00e0 100%: la capuche sportive en softshell Rondane avec face int\u00e9rieure en polaire douce et chaude. Un super compagnon en mati\u00e8re recycl\u00e9e certifi\u00e9e bluesign\u00ae pour faire du cerf-volant, les escapades en for\u00eat, l&rsquo;\u00e9cole et les randonn\u00e9es allong\u00e9es. Le confortable mat\u00e9riau softshell avec membrane est coupe-vent, d\u00e9perlant, respirant, et prot\u00e8ge efficacement en cas d&rsquo;averses. Les poches frontales sont zipp\u00e9es pour \u00e9viter toute perte d&rsquo;objet. Id\u00e9ale comme veste demi-saison au printemps ou \u00e0 l&rsquo;automne ou comme protection l\u00e9g\u00e8re lors des circuits sportifs en hiver. Les v\u00eatements pour enfants fonctionnels VAUDE ont plus d&rsquo;un atout : mat\u00e9riaux de qualit\u00e9, formes et couleurs adapt\u00e9es aux enfants et fabrication \u00e9cologique. Nous concevons des \u00e9quipements outdoor pour enfants hautement r\u00e9sistants qui peuvent ainsi \u00eatre pass\u00e9s d&rsquo;un enfant \u00e0 un autre. Ce produit est imperm\u00e9abilis\u00e9 avec la finition Eco Finish, \u00e9cologique et sans fluorocarbures (PFC). Le label Green Shape de VAUDE garantit un produit \u00e9cologique, fonctionnel et fabriqu\u00e9 dans des mat\u00e9riaux durables.<\/p>\n<p><em>manches pr\u00e9form\u00e9es, 2 poches frontales avec fermeture \u00e9clair, zip frontal avec rabat int\u00e9rieur, prot\u00e8ge-menton avec Foldover, bord de la capuche en Lycra, capuche mont\u00e9e, \u00e9tiquette pour le nom jusqu&rsquo;\u00e0 la taille 122\/128<\/em><\/p>","protected":false},"excerpt":{"rendered":"<p>Veste softshell enfant \u00e9tanche au vent et d\u00e9perlante avec capuche #avec poches en biais zipp\u00e9es #\u00e9l\u00e9ments r\u00e9fl\u00e9chissants #fabrication en mat\u00e9riau recycl\u00e9<\/p>","protected":false},"featured_media":21290,"comment_status":"closed","ping_status":"open","template":"","meta":[],"product_brand":[375],"product_cat":[213,709,216],"product_tag":[365,368,422,421],"class_list":["post-43816","product","type-product","status-publish","has-post-thumbnail","product_brand-vaude","product_cat-boutique","product_cat-veste","product_cat-vetements","product_tag-boutique","product_tag-vente","product_tag-vente-vetement","product_tag-vetement","pa_couleur-bramble","pa_couleur-dark-sea-green","pa_couleur-dark-sea-rose","pa_couleur-hokkaido","pa_couleur-redeva","pa_couleur-shore-blue","pa_couleur-ultramarine","pa_couleur-willow-green-dark-sea","pa_taille-424","pa_taille-110-116","pa_taille-122-128","pa_taille-134-140","pa_taille-146-152","pa_taille-158-164","pa_taille-418","pa_taille-423","first","instock","purchasable","product-type-variable"],"_links":{"self":[{"href":"https:\/\/www.tracea.ch\/en\/wp-json\/wp\/v2\/product\/43816","targetHints":{"allow":["GET"]}}],"collection":[{"href":"https:\/\/www.tracea.ch\/en\/wp-json\/wp\/v2\/product"}],"about":[{"href":"https:\/\/www.tracea.ch\/en\/wp-json\/wp\/v2\/types\/product"}],"replies":[{"embeddable":true,"href":"https:\/\/www.tracea.ch\/en\/wp-json\/wp\/v2\/comments?post=43816"}],"version-history":[{"count":1,"href":"https:\/\/www.tracea.ch\/en\/wp-json\/wp\/v2\/product\/43816\/revisions"}],"predecessor-version":[{"id":43817,"href":"https:\/\/www.tracea.ch\/en\/wp-json\/wp\/v2\/product\/43816\/revisions\/43817"}],"wp:featuredmedia":[{"embeddable":true,"href":"https:\/\/www.tracea.ch\/en\/wp-json\/wp\/v2\/media\/21290"}],"wp:attachment":[{"href":"https:\/\/www.tracea.ch\/en\/wp-json\/wp\/v2\/media?parent=43816"}],"wp:term":[{"taxonomy":"product_brand","embeddable":true,"href":"https:\/\/www.tracea.ch\/en\/wp-json\/wp\/v2\/product_brand?post=43816"},{"taxonomy":"product_cat","embeddable":true,"href":"https:\/\/www.tracea.ch\/en\/wp-json\/wp\/v2\/product_cat?post=43816"},{"taxonomy":"product_tag","embeddable":true,"href":"https:\/\/www.tracea.ch\/en\/wp-json\/wp\/v2\/product_tag?post=43816"}],"curies":[{"name":"wp","href":"https:\/\/api.w.org\/{rel}","templated":true}]}}