{"id":44271,"date":"2026-07-08T11:38:12","date_gmt":"2026-07-08T11:38:12","guid":{"rendered":"https:\/\/www.tracea.ch\/boutique\/non%20class\u00e9\/womens-neyland-2-5l-jacket\/"},"modified":"2026-07-08T11:39:46","modified_gmt":"2026-07-08T11:39:46","slug":"womens-neyland-2-5l-jacket","status":"publish","type":"product","link":"https:\/\/www.tracea.ch\/en\/boutique\/womens-neyland-2-5l-jacket\/","title":{"rendered":"Women&rsquo;s Neyland 2.5L Jacket"},"content":{"rendered":"<p>Une veste multitalent ultrafonctionnelle et moderne pour tous les temps: cette veste 2,5couches offre une protection contre les intemp\u00e9ries optimale en randonn\u00e9e et en voyage. Le vent et la pluie restent dehors et la temp\u00e9rature corporelle bien \u00e9quilibr\u00e9e. La veste est rapidement compressible pour couronner le tout. Que l&rsquo;aventure prenne la forme d&rsquo;une longue randonn\u00e9e ou d&rsquo;un voyage en sac \u00e0 dos: La veste 2,5couches garantit une r\u00e9gulation thermique agr\u00e9able du corps m\u00eame lors d&rsquo;entreprises physiques gr\u00e2ce \u00e0 la ventilation sous les aisselles. Le mat\u00e9riau recycl\u00e9 stable au toucher doux et naturel offre un confort au porter \u00e9lev\u00e9. Les poches zipp\u00e9es avant permettent de conserver de l&rsquo;argent, un mobile et des mouchoirs en toute s\u00e9curit\u00e9. Gr\u00e2ce \u00e0 la fermeture \u00e0 glissi\u00e8re bidirectionnelle, la veste 2,5couches peut s&rsquo;ouvrir du haut et du bas afin d&rsquo;acc\u00e9der facilement aux poches du pantalon et autres. La capuche peut se r\u00e9gler facilement d&rsquo;une main et offre \u00e0 la t\u00eate une libert\u00e9 de mouvement suffisante. Sa particularit\u00e9: le ruban \u00e9lastique cousu permet d&rsquo;enrouler la capuche en peu de gestes pour obtenir un col montant d&rsquo;une part, et de replier toute la veste de mani\u00e8re peu encombrante d&rsquo;autre part: gain de place garanti! La veste 2,5couches trouve ainsi de la place dans chaque sac ou sac \u00e0 dos. Le label Green Shape de VAUDE garantit un produit \u00e9cologique, fonctionnel et fabriqu\u00e9 dans des mat\u00e9riaux durables certifi\u00e9s bluesign\u00ae.<\/p>\n<p><em>mati\u00e8re 2,5 \u00e9paisseurs, manches pr\u00e9form\u00e9es, capuche mont\u00e9e et r\u00e9glable en largeur, 2 zip double-sens avec double rabat, capuche enroulable, 2 poches frontales dissimul\u00e9es avec zip, ventilation avec zip sous les bras, poignets r\u00e9glables en largeur gr\u00e2ce \u00e0 un velcro, facilement compressible avec bande \u00e9lastique, cordon \u00e0 la ceinture r\u00e9glable par les poches<\/em><\/p>","protected":false},"excerpt":{"rendered":"<p>Veste de protection contre les intemp\u00e9ries femme l\u00e9g\u00e8re et fonctionnelle pour la randonn\u00e9e, le voyage et le quotidien #\u00e9tanche au vent, imperm\u00e9able, respirante #compacte #composition en 100 % polyester recycl\u00e9<\/p>","protected":false},"featured_media":21495,"comment_status":"closed","ping_status":"open","template":"","meta":[],"product_brand":[375],"product_cat":[213,709,216],"product_tag":[365,368,422,421],"class_list":["post-44271","product","type-product","status-publish","has-post-thumbnail","product_brand-vaude","product_cat-boutique","product_cat-veste","product_cat-vetements","product_tag-boutique","product_tag-vente","product_tag-vente-vetement","product_tag-vetement","pa_couleur-dark-sea","pa_couleur-dusty-fern","pa_couleur-nordic-blue","pa_couleur-redeva","pa_taille-466","pa_taille-436","pa_taille-437","pa_taille-438","pa_taille-439","pa_taille-440","pa_taille-441","pa_taille-459","first","instock","purchasable","product-type-variable"],"_links":{"self":[{"href":"https:\/\/www.tracea.ch\/en\/wp-json\/wp\/v2\/product\/44271","targetHints":{"allow":["GET"]}}],"collection":[{"href":"https:\/\/www.tracea.ch\/en\/wp-json\/wp\/v2\/product"}],"about":[{"href":"https:\/\/www.tracea.ch\/en\/wp-json\/wp\/v2\/types\/product"}],"replies":[{"embeddable":true,"href":"https:\/\/www.tracea.ch\/en\/wp-json\/wp\/v2\/comments?post=44271"}],"version-history":[{"count":1,"href":"https:\/\/www.tracea.ch\/en\/wp-json\/wp\/v2\/product\/44271\/revisions"}],"predecessor-version":[{"id":44272,"href":"https:\/\/www.tracea.ch\/en\/wp-json\/wp\/v2\/product\/44271\/revisions\/44272"}],"wp:featuredmedia":[{"embeddable":true,"href":"https:\/\/www.tracea.ch\/en\/wp-json\/wp\/v2\/media\/21495"}],"wp:attachment":[{"href":"https:\/\/www.tracea.ch\/en\/wp-json\/wp\/v2\/media?parent=44271"}],"wp:term":[{"taxonomy":"product_brand","embeddable":true,"href":"https:\/\/www.tracea.ch\/en\/wp-json\/wp\/v2\/product_brand?post=44271"},{"taxonomy":"product_cat","embeddable":true,"href":"https:\/\/www.tracea.ch\/en\/wp-json\/wp\/v2\/product_cat?post=44271"},{"taxonomy":"product_tag","embeddable":true,"href":"https:\/\/www.tracea.ch\/en\/wp-json\/wp\/v2\/product_tag?post=44271"}],"curies":[{"name":"wp","href":"https:\/\/api.w.org\/{rel}","templated":true}]}}