{"id":44856,"date":"2026-07-08T11:56:45","date_gmt":"2026-07-08T11:56:45","guid":{"rendered":"https:\/\/www.tracea.ch\/boutique\/non%20class\u00e9\/womens-sesvenna-jacket-iv\/"},"modified":"2026-07-08T11:59:02","modified_gmt":"2026-07-08T11:59:02","slug":"womens-sesvenna-jacket-iv","status":"publish","type":"product","link":"https:\/\/www.tracea.ch\/en\/boutique\/womens-sesvenna-jacket-iv\/","title":{"rendered":"Women&rsquo;s Sesvenna Jacket IV"},"content":{"rendered":"<p>Sesvenna Jacket pour femme est une couche chauffante \u00e9cologique pour la rando \u00e0 ski sportive. La veste isolante femme l\u00e9g\u00e8re, doubl\u00e9e en PrimaLoft\u00ae Silver Insulation Eco et munie d&#8217;empi\u00e8cements \u00e9lastiques, offre aussi une excellente performance quand il s&rsquo;agit de se d\u00e9penser sans limite dans la neige. Les zones lat\u00e9rales en stretch performance sont hautement respirantes et contribuent en outre \u00e0 am\u00e9liorer la libert\u00e9 de mouvement. Cette veste isolante pour femme \u00e0 la coupe ajust\u00e9e est tr\u00e8s compacte et se glisse facilement dans son \u00e9quipement. Les deux poches doubl\u00e9es douces sont aussi bien accessibles en portant un sac \u00e0 dos. Pour pr\u00e9server les ressources fossiles \u2013 et le climat aussi \u2013 la veste isolante est principalement compos\u00e9e de mat\u00e9riaux recycl\u00e9s qui sont certifi\u00e9s selon le syst\u00e8me bluesign\u00ae. La veste est appr\u00eat\u00e9e avec la finition Eco Finish, d\u00e9perlante, \u00e9cologique et sans fluorocarbures (PFC).<\/p>\n<p><em>ouat\u00e9, capuche mont\u00e9e, capuche, poignets et ceinture avec bord en lycra , zip frontal double-sens invers\u00e9 avec rabat int\u00e9rieur, parties en stretch, 2 poches frontales avec fermeture \u00e9clair, manches pr\u00e9form\u00e9es, avec ouverture pour le pouce<\/em><\/p>","protected":false},"excerpt":{"rendered":"<p>Veste isolante sportive femme pour la randonn\u00e9e \u00e0 ski #chaude et d\u00e9perlante avec l&rsquo;isolation PrimaLoft\u00ae #empi\u00e8cements \u00e9lastiques, ultra respirants#fabrication \u00e9cologique avec des mat\u00e9riaux principalement recycl\u00e9s<\/p>","protected":false},"featured_media":22476,"comment_status":"closed","ping_status":"open","template":"","meta":[],"product_brand":[375],"product_cat":[213,709,216],"product_tag":[365,368,422,421],"class_list":["post-44856","product","type-product","status-publish","has-post-thumbnail","product_brand-vaude","product_cat-boutique","product_cat-veste","product_cat-vetements","product_tag-boutique","product_tag-vente","product_tag-vente-vetement","product_tag-vetement","pa_couleur-black-black","pa_couleur-buckeye","pa_couleur-dark-sea-uni","pa_couleur-dusty-fern","pa_couleur-iris","pa_couleur-savanna","pa_couleur-shore-blue","pa_taille-466","pa_taille-436","pa_taille-437","pa_taille-438","pa_taille-439","pa_taille-440","pa_taille-441","pa_taille-459","first","instock","purchasable","product-type-variable"],"_links":{"self":[{"href":"https:\/\/www.tracea.ch\/en\/wp-json\/wp\/v2\/product\/44856","targetHints":{"allow":["GET"]}}],"collection":[{"href":"https:\/\/www.tracea.ch\/en\/wp-json\/wp\/v2\/product"}],"about":[{"href":"https:\/\/www.tracea.ch\/en\/wp-json\/wp\/v2\/types\/product"}],"replies":[{"embeddable":true,"href":"https:\/\/www.tracea.ch\/en\/wp-json\/wp\/v2\/comments?post=44856"}],"version-history":[{"count":1,"href":"https:\/\/www.tracea.ch\/en\/wp-json\/wp\/v2\/product\/44856\/revisions"}],"predecessor-version":[{"id":44857,"href":"https:\/\/www.tracea.ch\/en\/wp-json\/wp\/v2\/product\/44856\/revisions\/44857"}],"wp:featuredmedia":[{"embeddable":true,"href":"https:\/\/www.tracea.ch\/en\/wp-json\/wp\/v2\/media\/22476"}],"wp:attachment":[{"href":"https:\/\/www.tracea.ch\/en\/wp-json\/wp\/v2\/media?parent=44856"}],"wp:term":[{"taxonomy":"product_brand","embeddable":true,"href":"https:\/\/www.tracea.ch\/en\/wp-json\/wp\/v2\/product_brand?post=44856"},{"taxonomy":"product_cat","embeddable":true,"href":"https:\/\/www.tracea.ch\/en\/wp-json\/wp\/v2\/product_cat?post=44856"},{"taxonomy":"product_tag","embeddable":true,"href":"https:\/\/www.tracea.ch\/en\/wp-json\/wp\/v2\/product_tag?post=44856"}],"curies":[{"name":"wp","href":"https:\/\/api.w.org\/{rel}","templated":true}]}}