{"id":45330,"date":"2026-07-08T12:12:05","date_gmt":"2026-07-08T12:12:05","guid":{"rendered":"https:\/\/www.tracea.ch\/boutique\/non%20class\u00e9\/womens-sesvenna-pro-jacket-ii\/"},"modified":"2026-07-08T12:13:16","modified_gmt":"2026-07-08T12:13:16","slug":"womens-sesvenna-pro-jacket-ii","status":"publish","type":"product","link":"https:\/\/www.tracea.ch\/en\/boutique\/womens-sesvenna-pro-jacket-ii\/","title":{"rendered":"Women&rsquo;s Sesvenna Pro Jacket II"},"content":{"rendered":"<p>La veste Sesvenna Pro Jacket l\u00e9g\u00e8re allie le meilleur des softshells et des isolations, et a \u00e9t\u00e9 con\u00e7ue pour les randos sportives \u00e0 ski et en montagne sous les basses temp\u00e9ratures. Le garnissage enti\u00e8rement nouveau de cette veste isolante femme est le r\u00e9sultat d&rsquo;un bond de g\u00e9ant dans la technologie d&rsquo;isolation: le mat\u00e9riau de garnissage bouffant produit un effet similaire au duvet \u2013 l\u00e9ger et accumulant la chaleur \u2013 tout en \u00e9tant enti\u00e8rement tir\u00e9 du recyclage. Le duvet synth\u00e9tique pr\u00e9sente l&rsquo;avantage d&rsquo;exercer une action chauffante m\u00eame \u00e0 l&rsquo;\u00e9tat humide tout en \u00e9tant facile d&rsquo;entretien! Dans la veste isolante femme, ces flocons isolants sont cousus dans des chambres de mani\u00e8re analogue au duvet ordinaire afin d&rsquo;obtenir les meilleurs effets thermiques. La polaire coupe-vent, d\u00e9perlante et hautement respirante Storm Fleece en mati\u00e8re softshell aux manches et aux c\u00f4t\u00e9s garantit une excellente respirabilit\u00e9 et un confort au porter sensationnel. Sa coupe pr\u00e8s du corps se moule parfaitement sous la hardshell et prot\u00e8ge aussi efficacement des courants d&rsquo;air avec son col montant et sa capuche ajust\u00e9e. Le zip bidirectionnel permet de porter la veste isolante confortablement sur le harnais lors de l&rsquo;assurage ou des randonn\u00e9es \u00e0 ski en haute montagne. Les poches sont aussi dispos\u00e9es de mani\u00e8re pouvoir y acc\u00e9der facilement en portant un harnais et le sac \u00e0 dos. La veste isolante femme est compressible dans sa propre poche. Cette veste hiver sportive est certifi\u00e9e selon la norme environnementale la plus stricte bluesign\u00ae et se porte tout l&rsquo;hiver en montagne.<\/p>\n<p><em>parties en stretch, capuche mont\u00e9e, zip frontal double-sens invers\u00e9 avec rabat int\u00e9rieur, 2 poches frontales avec fermeture \u00e9clair, 1 poche \u00e0 l\u2019avant pour ranger, manches pr\u00e9form\u00e9es, avec ouverture pour le pouce<\/em><\/p>","protected":false},"excerpt":{"rendered":"<p>Veste isolante l\u00e9g\u00e8re et chaude femme pour les parcours sportifs \u00e0 ski et d&rsquo;escalade #chaude et d\u00e9perlante #empi\u00e8cements \u00e9lastiques, ultra respirants et coupe-vent #fabrication respectueuse du climat avec des bouteilles PET recycl\u00e9es<\/p>","protected":false},"featured_media":22729,"comment_status":"closed","ping_status":"open","template":"","meta":[],"product_brand":[375],"product_cat":[213,709,216],"product_tag":[365,368,422,421],"class_list":["post-45330","product","type-product","status-publish","has-post-thumbnail","product_brand-vaude","product_cat-boutique","product_cat-veste","product_cat-vetements","product_tag-boutique","product_tag-vente","product_tag-vente-vetement","product_tag-vetement","pa_couleur-black","pa_couleur-buckeye","pa_couleur-dusty-fern","pa_couleur-shore-blue","pa_taille-466","pa_taille-436","pa_taille-437","pa_taille-438","pa_taille-439","pa_taille-440","pa_taille-441","first","instock","purchasable","product-type-variable"],"_links":{"self":[{"href":"https:\/\/www.tracea.ch\/en\/wp-json\/wp\/v2\/product\/45330","targetHints":{"allow":["GET"]}}],"collection":[{"href":"https:\/\/www.tracea.ch\/en\/wp-json\/wp\/v2\/product"}],"about":[{"href":"https:\/\/www.tracea.ch\/en\/wp-json\/wp\/v2\/types\/product"}],"replies":[{"embeddable":true,"href":"https:\/\/www.tracea.ch\/en\/wp-json\/wp\/v2\/comments?post=45330"}],"version-history":[{"count":1,"href":"https:\/\/www.tracea.ch\/en\/wp-json\/wp\/v2\/product\/45330\/revisions"}],"predecessor-version":[{"id":45331,"href":"https:\/\/www.tracea.ch\/en\/wp-json\/wp\/v2\/product\/45330\/revisions\/45331"}],"wp:featuredmedia":[{"embeddable":true,"href":"https:\/\/www.tracea.ch\/en\/wp-json\/wp\/v2\/media\/22729"}],"wp:attachment":[{"href":"https:\/\/www.tracea.ch\/en\/wp-json\/wp\/v2\/media?parent=45330"}],"wp:term":[{"taxonomy":"product_brand","embeddable":true,"href":"https:\/\/www.tracea.ch\/en\/wp-json\/wp\/v2\/product_brand?post=45330"},{"taxonomy":"product_cat","embeddable":true,"href":"https:\/\/www.tracea.ch\/en\/wp-json\/wp\/v2\/product_cat?post=45330"},{"taxonomy":"product_tag","embeddable":true,"href":"https:\/\/www.tracea.ch\/en\/wp-json\/wp\/v2\/product_tag?post=45330"}],"curies":[{"name":"wp","href":"https:\/\/api.w.org\/{rel}","templated":true}]}}