{"id":46017,"date":"2026-07-08T12:34:30","date_gmt":"2026-07-08T12:34:30","guid":{"rendered":"https:\/\/www.tracea.ch\/boutique\/non%20class\u00e9\/mens-yaras-rain-jacket-ii\/"},"modified":"2026-07-08T12:34:55","modified_gmt":"2026-07-08T12:34:55","slug":"mens-yaras-rain-jacket-ii","status":"publish","type":"product","link":"https:\/\/www.tracea.ch\/en\/boutique\/mens-yaras-rain-jacket-ii\/","title":{"rendered":"Men&rsquo;s Yaras Rain Jacket II"},"content":{"rendered":"<p>Agr\u00e9mente les jours de mauvais temps par un bel aspect chin\u00e9. La veste de pluie \u00e9lastique 2,5couches est indispensable dans chaque bagage de v\u00e9lo. La veste Yaras Jacket V s\u00e9duit par des fonctionnalit\u00e9s discr\u00e8tement int\u00e9gr\u00e9es. La coupe allong\u00e9e au niveau du fessier prot\u00e8ge contre les \u00e9claboussures au niveau de la roue arri\u00e8re. La capuche de la veste de pluie homme peut se porter sur un casque et s&rsquo;ajuste parfaitement sur le casque ou la t\u00eate \u00e0 l&rsquo;aide d&rsquo;un dispositif de blocage de cordon. Son \u00e9quipement confortable englobe un zip bidirectionnel couvert, une a\u00e9ration sous les aisselles, des manches pr\u00e9form\u00e9es, des poignets r\u00e9glables en largeur et des \u00e9l\u00e9ments r\u00e9fl\u00e9chissants au bas du dos. Les 2poches avant sont ferm\u00e9es par un zip d\u00e9perlant; la taille s&rsquo;ajuste par un cordon dans les poches. Le pantalon Yaras Rain Pants compl\u00e8te la tenue de pluie \u00e0 merveille. La veste de pluie Yaras pour homme est appr\u00eat\u00e9e avec la finition Eco Finish, d\u00e9perlante, \u00e9cologique et sans fluorocarbures (PFC). Le label Green Shape de VAUDE garantit un produit \u00e9cologique, fonctionnel et fabriqu\u00e9 dans des mat\u00e9riaux durables certifi\u00e9s bluesign\u00ae. En tant que membre Leader de l&rsquo;organisme ind\u00e9pendant Fair Wear, VAUDE s&rsquo;engage en faveur de conditions de travail et de salaires \u00e9quitables.<\/p>\n<p><em>mati\u00e8re 2,5 \u00e9paisseurs, manches pr\u00e9form\u00e9es, poches de devant avec zip \u00e9tanche, coupe rallong\u00e9e dans le dos, 2 zips \u00e0 double-sens avec rabat sur le devant, poignets avec \u00e9lastique et velcro pour adapter la largeur, ceinture avec cordon, capuche mont\u00e9e, enroulable et ajustable en largeur, Capuche compatible avec un casque, capuche ajustable en hauteur et en largeur, ventilation avec zip sous les bras, \u00e9l\u00e9ments r\u00e9fl\u00e9chissants<\/em><\/p>","protected":false},"excerpt":{"rendered":"<p>Veste de pluie homme pour le cyclotourisme #imperm\u00e9able et \u00e9tanche au vent #\u00e9lastique et respirante ; avec ventilation sous les aisselles #fabrication \u00e9cologique en mat\u00e9riaux principalement recycl\u00e9s<\/p>","protected":false},"featured_media":23322,"comment_status":"closed","ping_status":"open","template":"","meta":[],"product_brand":[375],"product_cat":[213,709,216],"product_tag":[365,368,422,421],"class_list":["post-46017","product","type-product","status-publish","has-post-thumbnail","product_brand-vaude","product_cat-boutique","product_cat-veste","product_cat-vetements","product_tag-boutique","product_tag-vente","product_tag-vente-vetement","product_tag-vetement","pa_couleur-dark-sea","pa_couleur-linen","pa_taille-l","pa_taille-m","pa_taille-s","pa_taille-xl","pa_taille-xxl","first","instock","purchasable","product-type-variable"],"_links":{"self":[{"href":"https:\/\/www.tracea.ch\/en\/wp-json\/wp\/v2\/product\/46017","targetHints":{"allow":["GET"]}}],"collection":[{"href":"https:\/\/www.tracea.ch\/en\/wp-json\/wp\/v2\/product"}],"about":[{"href":"https:\/\/www.tracea.ch\/en\/wp-json\/wp\/v2\/types\/product"}],"replies":[{"embeddable":true,"href":"https:\/\/www.tracea.ch\/en\/wp-json\/wp\/v2\/comments?post=46017"}],"version-history":[{"count":1,"href":"https:\/\/www.tracea.ch\/en\/wp-json\/wp\/v2\/product\/46017\/revisions"}],"predecessor-version":[{"id":46018,"href":"https:\/\/www.tracea.ch\/en\/wp-json\/wp\/v2\/product\/46017\/revisions\/46018"}],"wp:featuredmedia":[{"embeddable":true,"href":"https:\/\/www.tracea.ch\/en\/wp-json\/wp\/v2\/media\/23322"}],"wp:attachment":[{"href":"https:\/\/www.tracea.ch\/en\/wp-json\/wp\/v2\/media?parent=46017"}],"wp:term":[{"taxonomy":"product_brand","embeddable":true,"href":"https:\/\/www.tracea.ch\/en\/wp-json\/wp\/v2\/product_brand?post=46017"},{"taxonomy":"product_cat","embeddable":true,"href":"https:\/\/www.tracea.ch\/en\/wp-json\/wp\/v2\/product_cat?post=46017"},{"taxonomy":"product_tag","embeddable":true,"href":"https:\/\/www.tracea.ch\/en\/wp-json\/wp\/v2\/product_tag?post=46017"}],"curies":[{"name":"wp","href":"https:\/\/api.w.org\/{rel}","templated":true}]}}