{"id":46063,"date":"2026-07-08T12:35:48","date_gmt":"2026-07-08T12:35:48","guid":{"rendered":"https:\/\/www.tracea.ch\/boutique\/non%20class\u00e9\/mens-idris-wool-parka-ii\/"},"modified":"2026-07-08T12:36:14","modified_gmt":"2026-07-08T12:36:14","slug":"mens-idris-wool-parka-ii","status":"publish","type":"product","link":"https:\/\/www.tracea.ch\/en\/boutique\/mens-idris-wool-parka-ii\/","title":{"rendered":"Men&rsquo;s Idris Wool Parka II"},"content":{"rendered":"<p>Chaude et d\u00e9contract\u00e9e. l&rsquo;isolation en laine lavalan\u00ae de la parka Idris pour homme est compos\u00e9e de laine issue de l&rsquo;\u00e9levage biologique contr\u00f4l\u00e9 du lac de Constance et de fibres \u00e0 base de ma\u00efs. L&rsquo;isolation en laine lavalan\u00ae est lavable, thermor\u00e9gulatrice et respirante. Le zip bidirectionnel facilement r\u00e9parable permet d&rsquo;ouvrir la parka pour homme imperm\u00e9able du haut et du bas. La capuche et les manches ne sont pas non plus d\u00e9pourvues de fonctionnalit\u00e9s: la capuche r\u00e9glable est amovible; les manches sont pr\u00e9form\u00e9es et se terminent par des bords en Lycra. Deux poches frontales zipp\u00e9es ainsi qu&rsquo;une poche poitrine zipp\u00e9e offrent de la place. La parka homme est fabriqu\u00e9e via une m\u00e9thode du bilan massique certifi\u00e9e \u00e0 partir entre autres de pneus usag\u00e9s recycl\u00e9s, et est dot\u00e9e de plus de la finition d\u00e9perlante et antisalissures Eco Finish sans PFC. Le label Green Shape de VAUDE garantit un produit \u00e9cologique, fonctionnel et fabriqu\u00e9 dans des mat\u00e9riaux durables certifi\u00e9s bluesign\u00ae.<\/p>\n<p><em>mati\u00e8re double \u00e9paisseur, 2 zips \u00e0 double-sens avec rabat sur le devant, 1 poche poitrine avec zipp\u00e9e, 2 poches frontales dissimul\u00e9es avec zip, 1 poche int\u00e9rieure zipp\u00e9e, capuche amovible et largeur ajustable, poignets r\u00e9glables en largeur gr\u00e2ce \u00e0 un velcro<\/em><\/p>","protected":false},"excerpt":{"rendered":"<p>Parka homme chaude, rembourr\u00e9e avec de la laine du lac de Constance #zip bidirectionnel facilement r\u00e9parable #capuche ajustable et amovible #fabrication respectueuse du climat par recyclage innovant de pneus usag\u00e9s sous utilisation d&rsquo;une m\u00e9thode de bilan massique<\/p>","protected":false},"featured_media":23524,"comment_status":"closed","ping_status":"open","template":"","meta":[],"product_brand":[375],"product_cat":[213,709,216],"product_tag":[365,368,422,421],"class_list":["post-46063","product","type-product","status-publish","has-post-thumbnail","product_brand-vaude","product_cat-boutique","product_cat-veste","product_cat-vetements","product_tag-boutique","product_tag-vente","product_tag-vente-vetement","product_tag-vetement","pa_couleur-black-uni","pa_couleur-khaki","pa_taille-l","pa_taille-m","pa_taille-s","pa_taille-xl","pa_taille-xxl","first","instock","purchasable","product-type-variable"],"_links":{"self":[{"href":"https:\/\/www.tracea.ch\/en\/wp-json\/wp\/v2\/product\/46063","targetHints":{"allow":["GET"]}}],"collection":[{"href":"https:\/\/www.tracea.ch\/en\/wp-json\/wp\/v2\/product"}],"about":[{"href":"https:\/\/www.tracea.ch\/en\/wp-json\/wp\/v2\/types\/product"}],"replies":[{"embeddable":true,"href":"https:\/\/www.tracea.ch\/en\/wp-json\/wp\/v2\/comments?post=46063"}],"version-history":[{"count":1,"href":"https:\/\/www.tracea.ch\/en\/wp-json\/wp\/v2\/product\/46063\/revisions"}],"predecessor-version":[{"id":46064,"href":"https:\/\/www.tracea.ch\/en\/wp-json\/wp\/v2\/product\/46063\/revisions\/46064"}],"wp:featuredmedia":[{"embeddable":true,"href":"https:\/\/www.tracea.ch\/en\/wp-json\/wp\/v2\/media\/23524"}],"wp:attachment":[{"href":"https:\/\/www.tracea.ch\/en\/wp-json\/wp\/v2\/media?parent=46063"}],"wp:term":[{"taxonomy":"product_brand","embeddable":true,"href":"https:\/\/www.tracea.ch\/en\/wp-json\/wp\/v2\/product_brand?post=46063"},{"taxonomy":"product_cat","embeddable":true,"href":"https:\/\/www.tracea.ch\/en\/wp-json\/wp\/v2\/product_cat?post=46063"},{"taxonomy":"product_tag","embeddable":true,"href":"https:\/\/www.tracea.ch\/en\/wp-json\/wp\/v2\/product_tag?post=46063"}],"curies":[{"name":"wp","href":"https:\/\/api.w.org\/{rel}","templated":true}]}}